{"id":437,"date":"2017-04-21T13:26:28","date_gmt":"2017-04-21T16:26:28","guid":{"rendered":"http:\/\/www.sabra.org.br\/site\/?page_id=437"},"modified":"2026-04-27T11:39:54","modified_gmt":"2026-04-27T14:39:54","slug":"agenda","status":"publish","type":"page","link":"https:\/\/www.sabra.org.br\/site\/acoes\/agenda\/","title":{"rendered":"Agenda"},"content":{"rendered":"\t\t<div data-elementor-type=\"wp-page\" data-elementor-id=\"437\" class=\"elementor elementor-437\">\n\t\t\t\t<div class=\"elementor-element elementor-element-643a3eae e-flex e-con-boxed e-con e-parent\" data-id=\"643a3eae\" data-element_type=\"container\" data-e-type=\"container\">\n\t\t\t\t\t<div class=\"e-con-inner\">\n\t\t\t\t<div class=\"elementor-element elementor-element-311b9dc9 elementor-widget elementor-widget-text-editor\" data-id=\"311b9dc9\" data-element_type=\"widget\" data-e-type=\"widget\" data-widget_type=\"text-editor.default\">\n\t\t\t\t\t\t\t\t\t\n<div class=\"wp-block-columns is-layout-flex wp-container-core-columns-is-layout-9d6595d7 wp-block-columns-is-layout-flex\">\n<div class=\"wp-block-column is-layout-flow wp-block-column-is-layout-flow\" style=\"flex-basis: 100%;\">\n<div class=\"wp-block-columns is-layout-flex wp-container-core-columns-is-layout-9d6595d7 wp-block-columns-is-layout-flex\">\n<div class=\"wp-block-column is-layout-flow wp-block-column-is-layout-flow\" style=\"flex-basis: 100%;\">\n<h2 class=\"ai-optimize-19\">Agenda Cultural SABRA 2026<\/h2>\n<p>Atualiza\u00e7\u00e3o mensal dispon\u00edvel at\u00e9 o dia 15 do m\u00eas anterior \u00e0 programa\u00e7\u00e3o.<br \/>Todas as atividades s\u00e3o gratuitas, com entrada sujeita \u00e0 lota\u00e7\u00e3o dos espa\u00e7os. Classifica\u00e7\u00e3o indicativa: Livre.<\/p>\n<p><strong>MAR\u00c7O<\/strong><br \/>20 \u2013 M\u00fasica Viva \u2013 Orquestra Jovem Sabra\/Betim \u2013 CRAS Alterosas II \u2013 Rua Jamour, 81, Jardim Alterosas, Betim &#8211; MG \u2013 15:00 horas<\/p>\n<p><strong>ABRIL<\/strong><br \/>10 e 11 \u2013 Festival Jazz Session \u2013 Orquestra Jovem Sabra &#8211; Audit\u00f3rio do Clube Atl\u00e9tico Rodovi\u00e1rio &#8211; Pra\u00e7a Geni Nair, 40 &#8211; Centro, Betim &#8211; MG &#8211; 20:00 horas<br \/>11 \u2013 Coral Infantil na Escola \u2013 Festa da Fam\u00edlia &#8211; Coral Infantil Unimed-MG \u2013 Rua Barrinha, 171 &#8211; Liberdade, Belo Horizonte &#8211; MG \u2013 08:30 horas<br \/>14 &#8211; Ensaio Aberto &#8211; Orquestra Jovem Sabra &#8211; Teatro Municipal Newton Amaral Franco &#8211; Av. Padre Os\u00f3rio Braga, 149 &#8211; Betim &#8211; MG &#8211; 19:00 horas<br \/>25 &#8211; M\u00fasica na Pra\u00e7a &#8211; Coral Unimed-BH &#8211; Pra\u00e7a Floriano Peixoto, Belo Horizonte &#8211; MG &#8211; 17:30 hs<br \/>28 \u2013 M\u00fasica no Teatro \u2013 Comemora\u00e7\u00e3o do anivers\u00e1rio do Instituto Unimed-BH &#8211; Quarteto Elo Sabra, Coral Infantil Inclusivo Sabra, Orquestra Juvenil e Orquestra Jovem \u2013 Teatro Municipal Newton Amaral Franco &#8211; Av. Padre Os\u00f3rio Braga, 149 &#8211; Betim &#8211; MG &#8211; 19:00 horas<\/p>\n<p><strong>MAIO<\/strong><br \/>05 &#8211; Concerto Did\u00e1tico &#8211; Orquestra Jovem Sabra &#8211; Teatro Municipal Newton Amaral Franco &#8211; Av. Padre Os\u00f3rio Braga, 149 &#8211; Betim &#8211; MG &#8211; 19:00 horas<br \/>12 &#8211; Concerto Did\u00e1tico &#8211; Orquestra Jovem Sabra &#8211; Teatro Municipal Newton Amaral Franco &#8211; Av. Padre Os\u00f3rio Braga, 149 &#8211; Betim &#8211; MG &#8211; 19:00 horas<br \/>19 &#8211; Concerto Did\u00e1tico &#8211; Orquestra Jovem Sabra &#8211; Teatro Municipal Newton Amaral Franco &#8211; Av. Padre Os\u00f3rio Braga, 149 &#8211; Betim &#8211; MG &#8211; 19:00 horas<br \/>26 &#8211; Concerto Did\u00e1tico &#8211; Orquestra Jovem Sabra &#8211; Teatro Municipal Newton Amaral Franco &#8211; Av. Padre Os\u00f3rio Braga, 149 &#8211; Betim &#8211; MG &#8211; 19:00 horas<br \/>27 &#8211; Coral Unimed-BH Convida \u2013 Encontro de Corais \u2013 Audit\u00f3rio da Academia Mineira de Letras \u2013 Rua da Bahia, 1499 \u2013 Centro \u2013 Belo Horizonte \u2013 19:00 horas \u2013 Participa\u00e7\u00e3o: Coral Unimed-BH, Coral Quatro Cantos e Coral do Izabela Hendrix<\/p>\n<p><strong>JUNHO<\/strong><br \/>02 &#8211; Concerto Did\u00e1tico &#8211; Orquestra Jovem Sabra &#8211; Teatro Municipal Newton Amaral Franco &#8211; Av. Padre Os\u00f3rio Braga, 149 &#8211; Betim &#8211; MG &#8211; 19:00 horas<br \/>09 &#8211; Concerto Did\u00e1tico &#8211; Orquestra Jovem Sabra &#8211; Teatro Municipal Newton Amaral Franco &#8211; Av. Padre Os\u00f3rio Braga, 149 &#8211; Betim &#8211; MG &#8211; 19:00 horas<br \/>16 &#8211; Concerto Did\u00e1tico &#8211; Orquestra Jovem Sabra &#8211; Teatro Municipal Newton Amaral Franco &#8211; Av. Padre Os\u00f3rio Braga, 149 &#8211; Betim &#8211; MG &#8211; 19:00 horas<br \/>23 &#8211; Concerto Did\u00e1tico &#8211; Orquestra Jovem Sabra &#8211; Teatro Municipal Newton Amaral Franco &#8211; Av. Padre Os\u00f3rio Braga, 149 &#8211; Betim &#8211; MG &#8211; 19:00 horas<br \/>24 &#8211; Coral Unimed-BH Convida \u2013 Encontro de Corais \u2013 Audit\u00f3rio da Academia Mineira de Letras \u2013 Rua da Bahia, 1499 \u2013 Centro \u2013 Belo Horizonte \u2013 19:00 horas \u2013 Participa\u00e7\u00e3o: Coral Unimed-BH, Octopus Coro de C\u00e2mara e Algum Coral<br \/>30 &#8211; Concerto Did\u00e1tico &#8211; Orquestra Jovem Sabra &#8211; Teatro Municipal Newton Amaral Franco &#8211; Av. Padre Os\u00f3rio Braga, 149 &#8211; Betim &#8211; MG &#8211; 19:00 horas<\/p>\n<p><strong>JULHO<\/strong><br \/>07 &#8211; Concerto Did\u00e1tico &#8211; Orquestra Jovem Sabra &#8211; Teatro Municipal Newton Amaral Franco &#8211; Av. Padre Os\u00f3rio Braga, 149 &#8211; Betim &#8211; MG &#8211; 19:00 horas<br \/>14 &#8211; Concerto Did\u00e1tico &#8211; Orquestra Jovem Sabra &#8211; Teatro Municipal Newton Amaral Franco &#8211; Av. Padre Os\u00f3rio Braga, 149 &#8211; Betim &#8211; MG &#8211; 19:00 horas<br \/>16 &#8211; M\u00fasica Viva &#8211; Alunos da Escola de M\u00fasica Sabra em forma\u00e7\u00f5es diversas &#8211; Tenda da Prefeitura de Contagem &#8211; Pra\u00e7a Presidente Tancredo Neves, 200 &#8211; Camilo Alves, Contagem &#8211; MG &#8211; 19:00 horas<\/p>\n<p><strong>AGOSTO<\/strong><br \/>04 &#8211; Concerto Did\u00e1tico &#8211; Orquestra Jovem Sabra &#8211; Teatro Municipal Newton Amaral Franco &#8211; Av. Padre Os\u00f3rio Braga, 149 &#8211; Betim &#8211; MG &#8211; 19:00 horas<br \/>11 &#8211; Concerto Did\u00e1tico &#8211; Orquestra Jovem Sabra &#8211; Teatro Municipal Newton Amaral Franco &#8211; Av. Padre Os\u00f3rio Braga, 149 &#8211; Betim &#8211; MG &#8211; 19:00 horas<br \/>18 &#8211; Concerto Did\u00e1tico &#8211; Orquestra Jovem Sabra &#8211; Teatro Municipal Newton Amaral Franco &#8211; Av. Padre Os\u00f3rio Braga, 149 &#8211; Betim &#8211; MG &#8211; 19:00 horas<br \/>25 &#8211; Concerto Did\u00e1tico &#8211; Orquestra Jovem Sabra &#8211; Teatro Municipal Newton Amaral Franco &#8211; Av. Padre Os\u00f3rio Braga, 149 &#8211; Betim &#8211; MG &#8211; 19:00 horas<br \/>26 &#8211; Coral Unimed-BH Convida \u2013 Encontro de Corais \u2013 Audit\u00f3rio da Academia Mineira de Letras \u2013 Rua da Bahia, 1499 \u2013 Centro \u2013 Belo Horizonte \u2013 19:00 horas \u2013 Participa\u00e7\u00e3o: Coral Unimed-BH, Coro Masculino da UEMG e Grupo Vocal da UEMG<\/p>\n<p><strong>SETEMBRO<\/strong><br \/>01 &#8211; Concerto Did\u00e1tico &#8211; Orquestra Jovem Sabra &#8211; Teatro Municipal Newton Amaral Franco &#8211; Av. Padre Os\u00f3rio Braga, 149 &#8211; Betim &#8211; MG &#8211; 19:00 horas<br \/>08 &#8211; Concerto Did\u00e1tico &#8211; Orquestra Jovem Sabra &#8211; Teatro Municipal Newton Amaral Franco &#8211; Av. Padre Os\u00f3rio Braga, 149 &#8211; Betim &#8211; MG &#8211; 19:00 horas<br \/>15 &#8211; Concerto Did\u00e1tico &#8211; Orquestra Jovem Sabra &#8211; Teatro Municipal Newton Amaral Franco &#8211; Av. Padre Os\u00f3rio Braga, 149 &#8211; Betim &#8211; MG &#8211; 19:00 horas<br \/>22 &#8211; Concerto Did\u00e1tico &#8211; Orquestra Jovem Sabra &#8211; Teatro Municipal Newton Amaral Franco &#8211; Av. Padre Os\u00f3rio Braga, 149 &#8211; Betim &#8211; MG &#8211; 19:00 horas<br \/>29 &#8211; Concerto Did\u00e1tico &#8211; Orquestra Jovem Sabra &#8211; Teatro Municipal Newton Amaral Franco &#8211; Av. Padre Os\u00f3rio Braga, 149 &#8211; Betim &#8211; MG &#8211; 19:00 horas<br \/>30 &#8211; Coral Unimed-BH Convida \u2013 Encontro de Corais \u2013 Audit\u00f3rio da Academia Mineira de Letras \u2013 Rua da Bahia, 1499 \u2013 Centro \u2013 Belo Horizonte \u2013 19:00 horas \u2013 Participa\u00e7\u00e3o: Coral Unimed-BH,<\/p>\n<p><strong>OUTUBRO<\/strong><br \/>06 &#8211; Concerto Did\u00e1tico &#8211; Orquestra Jovem Sabra &#8211; Teatro Municipal Newton Amaral Franco &#8211; Av. Padre Os\u00f3rio Braga, 149 &#8211; Betim &#8211; MG &#8211; 19:00 horas<br \/>20 &#8211; Concerto Did\u00e1tico &#8211; Orquestra Jovem Sabra &#8211; Teatro Municipal Newton Amaral Franco &#8211; Av. Padre Os\u00f3rio Braga, 149 &#8211; Betim &#8211; MG &#8211; 19:00 horas<br \/>27 &#8211; Concerto Did\u00e1tico &#8211; Orquestra Jovem Sabra &#8211; Teatro Municipal Newton Amaral Franco &#8211; Av. Padre Os\u00f3rio Braga, 149 &#8211; Betim &#8211; MG &#8211; 19:00 horas<br \/>28 &#8211; Coral Unimed-BH Convida \u2013 Encontro de Corais \u2013 Audit\u00f3rio da Academia Mineira de Letras \u2013 Rua da Bahia, 1499 \u2013 Centro \u2013 Belo Horizonte \u2013 19:00 horas \u2013 Participa\u00e7\u00e3o: Coral Unimed-BH,<\/p>\n<p><strong>NOVEMBRO<\/strong><br \/>03 &#8211; Concerto Did\u00e1tico &#8211; Orquestra Jovem Sabra &#8211; Teatro Municipal Newton Amaral Franco &#8211; Av. Padre Os\u00f3rio Braga, 149 &#8211; Betim &#8211; MG &#8211; 19:00 horas<br \/>10 &#8211; Concerto Did\u00e1tico &#8211; Orquestra Jovem Sabra &#8211; Teatro Municipal Newton Amaral Franco &#8211; Av. Padre Os\u00f3rio Braga, 149 &#8211; Betim &#8211; MG &#8211; 19:00 horas<br \/>17 &#8211; Concerto Did\u00e1tico &#8211; Orquestra Jovem Sabra &#8211; Teatro Municipal Newton Amaral Franco &#8211; Av. Padre Os\u00f3rio Braga, 149 &#8211; Betim &#8211; MG &#8211; 19:00 horas<br \/>24 &#8211; Concerto Did\u00e1tico &#8211; Orquestra Jovem Sabra &#8211; Teatro Municipal Newton Amaral Franco &#8211; Av. Padre Os\u00f3rio Braga, 149 &#8211; Betim &#8211; MG &#8211; 19:00 horas<br \/>25 &#8211; Coral Unimed-BH Convida \u2013 Encontro de Corais \u2013 Audit\u00f3rio da Academia Mineira de Letras \u2013 Rua da Bahia, 1499 \u2013 Centro \u2013 Belo Horizonte \u2013 19:00 horas \u2013 Participa\u00e7\u00e3o: Coral Unimed-BH,<\/p>\n<p><strong>DEZEMBRO<\/strong><br \/>01 &#8211; Concerto Did\u00e1tico &#8211; Orquestra Jovem Sabra &#8211; Teatro Municipal Newton Amaral Franco &#8211; Av. Padre Os\u00f3rio Braga, 149 &#8211; Betim &#8211; MG &#8211; 19:00 horas<br \/>08 &#8211; Concerto Did\u00e1tico &#8211; Orquestra Jovem Sabra &#8211; Teatro Municipal Newton Amaral Franco &#8211; Av. Padre Os\u00f3rio Braga, 149 &#8211; Betim &#8211; MG &#8211; 19:00 horas<br \/>15 &#8211; Concerto Did\u00e1tico &#8211; Orquestra Jovem Sabra &#8211; Teatro Municipal Newton Amaral Franco &#8211; Av. Padre Os\u00f3rio Braga, 149 &#8211; Betim &#8211; MG &#8211; 19:00 horas<\/p>\n<h2 class=\"ai-optimize-18\">&#8211; &#8211; &#8211; &#8211; &#8211; &#8211; &#8211; &#8211; &#8211; &#8211; &#8211; &#8211; &#8211; &#8211; &#8211; &#8211; &#8211; &#8211; &#8211; &#8211; &#8211; &#8211; &#8211; &#8211; &#8211;<\/h2>\n<h2 class=\"ai-optimize-6\">Agenda Cultural SABRA 2025<\/h2>\n<p class=\"ai-optimize-7 ai-optimize-introduction\">A agenda \u00e9 atualizada at\u00e9 o dia 15 do m\u00eas anterior.<br \/>Entrada franca para todas as atividades programadas.<\/p>\n<p class=\"ai-optimize-8\"><strong>MAR\u00c7O<\/strong><br \/>20 \u2013 C\u00e2mara em Cena \u2013 Grupo de alunos de violinos e violoncelos da Orquestra Juvenil Sabra\/Betim \u2013 UPA Norte \u2013 Av. Cel. Ab\u00edlio Rodrigues Pereira, 697 &#8211; Bom Retiro, Betim \u2013 MG \u2013 14:00 horas<\/p>\n<p class=\"ai-optimize-9\"><strong>ABRIL<\/strong><br \/>12 &#8211; Coral na Pra\u00e7a &#8211; Coral Unimed-BH Comemora\u00e7\u00e3o anivers\u00e1rio ado\u00e7\u00e3o Pra\u00e7a Floriano Peixoto &#8211; Pra\u00e7a Floriano Peixoto, s\/n &#8211; Belo Horizonte &#8211; MG &#8211; 10:00 horas<br \/>12 &#8211; Coral Infantil na Pra\u00e7a &#8211; Coral Infantil Unimed-BH &#8211; Comemora\u00e7\u00e3o anivers\u00e1rio ado\u00e7\u00e3o Pra\u00e7a Floriano Peixoto &#8211; Pra\u00e7a Floriano Peixoto, s\/n &#8211; Belo Horizonte &#8211; MG &#8211; 10:30 horas<br \/>30 \u2013 Coral Unimed-BH Convida \u2013 Encontro de Corais \u2013 Audit\u00f3rio da Academia Mineira de Letras \u2013 Rua da Bahia, 1499 \u2013 Centro \u2013 Belo Horizonte \u2013 19:00 horas \u2013 Participa\u00e7\u00e3o: Coral Unimed-BH, Coral Ansed e Coral Luis de Cam\u00f5es<\/p>\n<p class=\"ai-optimize-10\"><strong>MAIO<\/strong><br \/>20 &#8211; Concerto de C\u00e2mara Unimed-BH &#8211; Grupo de C\u00e2mara Escola de M\u00fasica Sabra &#8211; Naept Lar de Idosos &#8211; Rua Dona Am\u00e9lia Afeitos, 806 Guaruj\u00e1, Betim &#8211; MG &#8211; 14:00 horas<br \/>23 &#8211; Concerto de C\u00e2mara Unimed-BH &#8211; Grupo de C\u00e2mara Escola de M\u00fasica Sabra &#8211; APAE Betim (Sindicado dos Aposentados) &#8211; Rua Santos Dumont, 171 Horto, Betim &#8211; MG &#8211; 14:00 horas<br \/>25 \u2013 Coral na Pra\u00e7a \u2013 Coral Unimed-BH na Festa de Israel \u2013 Pra\u00e7a Estado de Israel \u2013 Mangabeiras \u2013 Belo Horizonte \u2013 MG \u2013 13:00 horas<br \/>28 &#8211; Concerto de C\u00e2mara Unimed-BH &#8211; Grupo de C\u00e2mara Escola de M\u00fasica Sabra &#8211; Casa Repouso do Bem &#8211; Rua Hacket, 29 Centro, Betim &#8211; MG &#8211; 16:00 horas<br \/>28 \u2013 Coral Unimed-BH Convida \u2013 Encontro de Corais \u2013 Audit\u00f3rio do Museu de Ci\u00eancias Naturais PUC Minas \u2013 R. Dom Jos\u00e9 Gaspar, 290 \u2013 Cora\u00e7\u00e3o Eucar\u00edstico, Belo Horizonte \u2013 MG \u2013 19:00 horas \u2013 Participa\u00e7\u00e3o: Coral Unimed-BH, Coral da FALE e Coral da PUC<br \/>30 &#8211; Concerto de C\u00e2mara Unimed-BH &#8211; Grupo de C\u00e2mara Escola de M\u00fasica Sabra &#8211; Casa de Repouso Maria Clara &#8211; Av. das Ac\u00e1cias, 401 S\u00e3o Luiz Betim, Betim &#8211; MG &#8211; 14:00 horas<\/p>\n<p class=\"ai-optimize-11\"><strong>JUNHO<\/strong><br \/>01 \u2013 Encontro de Corais \u2013 Sal\u00e3o Paroquial S\u00e3o Tiago Maior \u2013 Rua Flor de Morango, 45, Bairro Jardim S\u00e3o Jos\u00e9 \u2013 Belo Horizonte \u2013 19:30 horas \u2013 Participa\u00e7\u00e3o: Coral Unimed-BH, Coral S\u00e3o Tiago, Coral Camerata Lux e Coral S\u00e3o Jos\u00e9 Vaz<br \/>02 &#8211; Concerto Did\u00e1tico Unimed-BH &#8211; Grupo de C\u00e2mara Sabra &#8211; Escola Municipal Doutor Sabino Barroso &#8211; Pra\u00e7a Silviano Brand\u00e3o, S\/N\u00ba &#8211; Centro &#8211; Contagem &#8211; 14:30 horas<br \/>02 &#8211; Concerto Did\u00e1tico Unimed-BH &#8211; Grupo de C\u00e2mara Sabra &#8211; CEMEI Central Park (Cemei Vereador Ailton Diniz) &#8211; Rua Concei\u00e7\u00e3o Maria Diniz, 335 &#8211; Central Park &#8211; Contagem &#8211; 16:00 horas<br \/>03 &#8211; Concerto de C\u00e2mara Unimed-BH &#8211; Grupo de C\u00e2mara Escola de M\u00fasica Sabra &#8211; Lar Vicentino Divino Ferreira Braga &#8211; Rua do Ros\u00e1rio, 1075 Angola, Betim \u2013 MG \u2013 14:00 horas<br \/>03 \u2013 Aula\/ensaio inicial do Curso Orquestra Jovem em Betim \u2013 Escola de M\u00fasica Sabra \u2013 Rua Pedro da Silva Fortes, 179 \u2013 Horto, Betim \u2013 MG \u2013 18:30 horas \u2013 Ensaio aberto<br \/>05 &#8211; Concerto Did\u00e1tico Unimed-BH &#8211; Grupo de C\u00e2mara Sabra &#8211; Escola Municipal Dona Babita Camargos &#8211; Avenida Jo\u00e3o de Deus Costa, 47 &#8211; Centro &#8211; Contagem &#8211; 14:30 horas<br \/>05 &#8211; Concerto Did\u00e1tico Unimed-BH &#8211; Grupo de C\u00e2mara Sabra &#8211; Escola Municipal Otacir Nunes dos Santos &#8211; Rua D\u00edlson de Oliveira, 1221 &#8211; Funcion\u00e1rios &#8211; Contagem &#8211; 16:00 horas<br \/>06 &#8211; Concerto Did\u00e1tico Unimed-BH &#8211; Grupo de C\u00e2mara Sabra &#8211; Escola Municipal S\u00f3crates Mariani Bittencourt &#8211; Pra\u00e7a Nossa Senhora da Concei\u00e7\u00e3o, 335 &#8211; Novo Eldorado &#8211; Contagem &#8211; 14:30 horas<br \/>06 &#8211; Concerto Did\u00e1tico Unimed-BH &#8211; Grupo de C\u00e2mara Sabra &#8211; Escola Municipal Randolfo Jos\u00e9 da Rocha &#8211; Pra\u00e7a Nossa Senhora da Concei\u00e7\u00e3o, 645 &#8211; Novo Eldorado &#8211; Contagem &#8211; 16:00 horas<br \/>07 \u2013 Aula\/ensaio inicial do Curso Orquestra Jovem em Contagem \u2013 Escola de M\u00fasica Sabra \u2013 Rua Dr. Cassiano, 122 \u2013 Centro, Contagem \u2013 MG \u2013 08:00 horas \u2013 Ensaio aberto<br \/>12 &#8211; Concerto Did\u00e1tico Unimed-BH &#8211; Grupo de C\u00e2mara Sabra &#8211; Escola Municipal Prefeito Luiz da Cunha &#8211; Rua Maria Olinda, 75 &#8211; Linda Vista &#8211; Contagem &#8211; 14:30 horas<br \/>12 &#8211; Concerto Did\u00e1tico Unimed-BH &#8211; Grupo de C\u00e2mara Sabra &#8211; Escola Municipal Walter Lopes &#8211; Rua Padre Demerval Gomes, 380 &#8211; Alvorada &#8211; 16:00 horas<br \/>14 \u2013 Coral Infantil Unimed-BH \u2013 Apresenta\u00e7\u00e3o Musical na Festa Junina da Escola Municipal Francisca Alves \u2013 Av. Santa Terezinha, S\/N \u2013 Santa Terezinha, Belo Horizonte \u2013 MG \u2013 13:00 horas<br \/>16 &#8211; Concerto Did\u00e1tico Unimed-BH &#8211; Grupo de C\u00e2mara Sabra &#8211; Escola Municipal Jos\u00e9 Ov\u00eddio Guerra &#8211; Rua Bouganville, 392 &#8211; Eldorado &#8211; Contagem &#8211; 14:30 horas<br \/>16 &#8211; Concerto Did\u00e1tico Unimed-BH &#8211; Grupo de C\u00e2mara Sabra &#8211; Escola Municipal Vasco Pinto da Fonseca &#8211; Rua das Paineiras, 1500 &#8211; Eldorado &#8211; Contagem &#8211; 16:00 horas<br \/>23 &#8211; Concerto Did\u00e1tico Unimed-BH &#8211; Grupo de C\u00e2mara Sabra &#8211; Escola Municipal Sandra Rocha &#8211; Rua Hum, 05 &#8211; Vale das Perobas &#8211; Contagem &#8211; 14:30 horas<br \/>23 &#8211; Concerto Did\u00e1tico Unimed-BH &#8211; Grupo de C\u00e2mara Sabra &#8211; CEMEI Mira Pereira &#8211; Rua Tr\u00eas, 314 &#8211; Parque S\u00e3o Jo\u00e3o &#8211; Contagem &#8211; 16:00 horas<br \/>25 \u2013 Coral Unimed-BH Convida \u2013 Encontro de Corais \u2013 Audit\u00f3rio da Academia Mineira de Letras \u2013 Rua da Bahia, 1499 \u2013 Centro \u2013 Belo Horizonte \u2013 19:00 horas \u2013 Participa\u00e7\u00e3o: Coral Unimed-BH, Coral Diadorim e Coral Vozes da Sa\u00fade (Medicina \u2013 UFMG)<br \/>26 &#8211; Concerto Did\u00e1tico Unimed-BH &#8211; Grupo de C\u00e2mara Sabra &#8211; Escola Municipal Vereador Benedito Batista &#8211; Rua Ant\u00f4nio Soares, 100 &#8211; Pra\u00e7a Belarm\u00ednio de Souza &#8211; Bairro Xangril\u00e1 &#8211; Contagem &#8211; 14:30 horas<br \/>26 &#8211; Concerto Did\u00e1tico Unimed-BH &#8211; Grupo de C\u00e2mara Sabra &#8211; Escola Municipal Walter Fausto do Amaral &#8211; Rua M\u00e1rmore, 140 &#8211; Conjunto Caraj\u00e1s &#8211; Pedra Azul &#8211; Contagem &#8211; 16:00 horas<br \/>30 &#8211; Concerto Did\u00e1tico Unimed-BH &#8211; Grupo de C\u00e2mara Sabra &#8211; Escola Municipal S\u00f4nia Braga da Cruz Ribeiro Silva &#8211; Rua P, 245 &#8211; Bairro Confisco &#8211; Contagem &#8211; 14:30 horas<br \/>30 &#8211; Concerto Did\u00e1tico Unimed-BH &#8211; Grupo de C\u00e2mara Sabra &#8211; CEMEI Arvoredo &#8211; Rua Quatro, 40 &#8211; Bairro Arvoredo &#8211; Contagem &#8211; 16:00 horas<\/p>\n<p class=\"ai-optimize-12\"><strong>JULHO<\/strong><br \/>13 &#8211; Concerto na Pra\u00e7a &#8211; Orquestra Jovem Sabra, Coral Inclusivo e alunos da Escola de M\u00fasica Sabra &#8211; Pra\u00e7a da Jaboticaba &#8211; Centro &#8211; Contagem &#8211; 15:30 horas<br \/>17 &#8211; Concerto no Teatro &#8211; Orquestra Jovem Sabra, Coral Inclusivo e alunos da Escola de M\u00fasica Sabra &#8211; Teatro Municipal Newton Amaral Franco &#8211; Rua Padre Os\u00f3rio, 149 &#8211; Centro &#8211; Betim &#8211; 19:00 horas<\/p>\n<p class=\"ai-optimize-13\"><strong>AGOSTO<\/strong><br \/>11 &#8211; Concerto Did\u00e1tico Unimed-BH &#8211; Grupo de C\u00e2mara Sabra &#8211; Escola Municipal Maria do Carmo Orechio &#8211; Rua H\u00e9rcules S\/ \u2013 Nova Contagem &#8211; Contagem &#8211; 14:30 horas<br \/>11 &#8211; Concerto Did\u00e1tico Unimed-BH &#8211; Grupo de C\u00e2mara Sabra &#8211; Escola Municipal \u00c1pio Cardoso &#8211; Rua VL-30, 1.600 &#8211; Nova Contagem &#8211; Contagem &#8211; 16:00 horas<br \/>14 &#8211; Concerto Did\u00e1tico Unimed-BH &#8211; Grupo de C\u00e2mara Sabra &#8211; Escola Municipal Nossa Senhora Aparecida &#8211; Rua Uruguai, 259 &#8211; Industrial &#8211; Contagem &#8211; 14:30 horas<br \/>14 &#8211; Concerto Did\u00e1tico Unimed-BH &#8211; Grupo de C\u00e2mara Sabra &#8211; Escola Municipal Machado de Assis &#8211; Rua Japur\u00e1, 449 &#8211; Amazonas &#8211; Contagem &#8211; 16:00 horas<br \/>18 &#8211; Concerto Did\u00e1tico Unimed-BH &#8211; Grupo de C\u00e2mara Sabra &#8211; Escola Municipal Professora Ana Guedes Vieira &#8211; Rua VC-4, n\u00ba 777 &#8211; Nova Contagem &#8211; Contagem &#8211; 14:30 horas<br \/>18 &#8211; Concerto Did\u00e1tico Unimed-BH &#8211; Grupo de C\u00e2mara Sabra &#8211; Escola Municipal Estudante Nathalia Teixeira &#8211; Rua Nossa Senhora da Concei\u00e7\u00e3o, 500 &#8211; Retiro &#8211; Contagem &#8211; 16:00 horas<br \/>20 \u2013 Coral Unimed-BH Convida \u2013 Encontro de Corais \u2013 Audit\u00f3rio da Academia Mineira de Letras \u2013 Rua da Bahia, 1499 \u2013 Centro \u2013 Belo Horizonte \u2013 19:00 horas \u2013 Participa\u00e7\u00e3o: Coral Unimed-BH, Coral Magis e Camerata Lux<br \/>21 &#8211; Concerto Did\u00e1tico Unimed-BH &#8211; Grupo de C\u00e2mara Sabra &#8211; Escola Municipal Francisco Borges da Fonseca &#8211; Rua Sevilha, 455 &#8211; Santa Cruz Industrial &#8211; Contagem &#8211; 14:30 horas<br \/>21 &#8211; Concerto Did\u00e1tico Unimed-BH &#8211; Grupo de C\u00e2mara Sabra &#8211; CEMEI Jardim Eldorado &#8211; Rua Canaf\u00edstula, 102 &#8211; Eldorado &#8211; Contagem &#8211; 16:00 horas<br \/>25 &#8211; Concerto Did\u00e1tico Unimed-BH &#8211; Grupo de C\u00e2mara Sabra &#8211; Escola Municipal Paulo Cezar Cunha &#8211; Rua das Violetas, 239 \u2013 Sapucaias &#8211; Contagem &#8211; 14:30 horas<br \/>25 &#8211; Concerto Did\u00e1tico Unimed-BH &#8211; Grupo de C\u00e2mara Sabra &#8211; Escola Municipal Eduarda Pereira de Oliveira &#8211; Rua N. 200, Sapucaia &#8211; Regi\u00e3o do Campo Alto &#8211; Contagem &#8211; 16:00 horas<br \/>28 &#8211; Concerto Did\u00e1tico Unimed-BH &#8211; Grupo de C\u00e2mara Sabra &#8211; Escola Municipal Professora Audrei Consola\u00e7\u00e3o Ferreira de Freitas Costa &#8211; Rua C\u00e1ssia, 97 &#8211; S\u00e3o Joaquim &#8211; Contagem &#8211; 14:30 horas<br \/>28 &#8211; Concerto Did\u00e1tico Unimed-BH &#8211; Grupo de C\u00e2mara Sabra &#8211; Escola Municipal Rita Carmelinda Rocha &#8211; Rua Rubi, 850 &#8211; S\u00e3o Joaquim &#8211; Contagem &#8211; 16:00 horas<\/p>\n<p class=\"ai-optimize-14\"><strong>SETEMBRO<\/strong><br \/>01 &#8211; Concerto Did\u00e1tico Unimed-BH &#8211; Grupo de C\u00e2mara Sabra &#8211; Escola Municipal Senador Jos\u00e9 de Alencar &#8211; R. Vinte e Tr\u00eas (R. Crisopacio), n\u00ba 27 &#8211; B. Sapucaias II &#8211; Contagem &#8211; 14:30 horas<br \/>01 &#8211; Concerto Did\u00e1tico Unimed-BH &#8211; Grupo de C\u00e2mara Sabra &#8211; CEMEI Sapucaias &#8211; Rua Vinte e Tr\u00eas, 25 B: Sapucaias &#8211; Contagem &#8211; 16:00 horas<br \/>04 &#8211; Concerto Did\u00e1tico Unimed-BH &#8211; Grupo de C\u00e2mara Sabra &#8211; CEMEI Bel\u00e9m Professora Marinalva Rocha Trindade &#8211; Rua Santa S\u00e9, 140 &#8211; Bairro Vila Bel\u00e9m &#8211; Contagem &#8211; 14:30 horas<br \/>04 &#8211; Concerto Did\u00e1tico Unimed-BH &#8211; Grupo de C\u00e2mara Sabra &#8211; Escola Municipal Jos\u00e9 Diniz Costa Bel\u00e9m &#8211; Rua Maria Augusta Bel\u00e9m, 212 &#8211; Bel\u00e9m &#8211; Contagem &#8211; 16:00 horas<br \/>09 &#8211; Concerto Did\u00e1tico Unimed-BH &#8211; Grupo de C\u00e2mara Sabra &#8211; CEMEI Retiro &#8211; Rua Barragem do Retiro, S\/n &#8211; Bairro Retiro &#8211; Contagem &#8211; 14:30 horas<br \/>09 &#8211; Concerto Did\u00e1tico Unimed-BH &#8211; Grupo de C\u00e2mara Sabra &#8211; Casa de Apoio &#8211; Rua VP-1, 1886 &#8211; Nova Contagem &#8211; Contagem &#8211; 16:00 horas<br \/>11 &#8211; Concerto Did\u00e1tico Unimed-BH &#8211; Grupo de C\u00e2mara Sabra &#8211; E. M . Giovanini Chiodi &#8211; Rua das Pitangueiras, 02 &#8211; Ip\u00ea Amarelo &#8211; Contagem &#8211; 14:30 horas<br \/>11 &#8211; Concerto Did\u00e1tico Unimed-BH &#8211; Grupo de C\u00e2mara Sabra &#8211; CEMEI Ip\u00ea Amarelo &#8211; Dona Gertrude Keet &#8211; Rua Dos Ip\u00eas, 16 &#8211; Ip\u00ea Amarelo &#8211; Contagem &#8211; 16:00 horas<br \/>15 &#8211; Concerto Did\u00e1tico Unimed-BH &#8211; Grupo de C\u00e2mara Sabra &#8211; Escola Municipal Domingos Diniz Moreira &#8211; Rua Itapemirim, 336 &#8211; Monte Castelo &#8211; Contagem &#8211; 14:30 horas<br \/>15 &#8211; Concerto Did\u00e1tico Unimed-BH &#8211; Grupo de C\u00e2mara Sabra &#8211; Escola Municipal Josefina de Souza Lima &#8211; Rua Dez, 170 &#8211; Bela Vista &#8211; Contagem &#8211; 16:00 horas<br \/>18 &#8211; Concerto Did\u00e1tico Unimed-BH &#8211; Grupo de C\u00e2mara Sabra &#8211; CEMEI Parque Riacho das Pedras &#8211; R. Rio Sena, 28 &#8211; Riacho das Pedras &#8211; Contagem &#8211; 14:30 horas<br \/>18 &#8211; Concerto Did\u00e1tico Unimed-BH &#8211; Grupo de C\u00e2mara Sabra &#8211; Escola Municipal Carlos Drummond de Andrade &#8211; Caic Riacho &#8211; Rua Rio Negro, 1136 &#8211; Riacho das Pedras &#8211; Contagem &#8211; 16:00 horas<br \/>22 &#8211; Concerto Did\u00e1tico Unimed-BH &#8211; Grupo de C\u00e2mara Sabra &#8211; CEMEI Bom Jesus &#8211; Professora Rosa Maria Junqueira Campos Teobaldo &#8211; Rua Mel\u00e3o n\u00ba 33 &#8211; Bairro Bom Jesus &#8211; Contagem &#8211; 14:30 horas<br \/>22 &#8211; Concerto Did\u00e1tico Unimed-BH &#8211; Grupo de C\u00e2mara Sabra &#8211; Escola Municipal Gl\u00f3ria Marques Diniz &#8211; Rua Goiab\u00e3o, 50 &#8211; Bom Jesus &#8211; Regi\u00e3o Nacional &#8211; Contagem &#8211; 16:00 horas<br \/>24 \u2013 Coral Unimed-BH Convida \u2013 Encontro de Corais \u2013 Audit\u00f3rio da Academia Mineira de Letras \u2013 Rua da Bahia, 1499 \u2013 Centro \u2013 Belo Horizonte \u2013 19:00 horas \u2013 Participa\u00e7\u00e3o: Coral Unimed-BH, Octopus Coro de C\u00e2mara e Coral Colorau<br \/>25 &#8211; Concerto Did\u00e1tico Unimed-BH &#8211; Grupo de C\u00e2mara Sabra &#8211; CEMEI Inova Parque &#8211; Rua Reginaldo de Souza Lima, 536 &#8211; Centro &#8211; Contagem &#8211; 14:30 horas<br \/>25 &#8211; Concerto Did\u00e1tico Unimed-BH &#8211; Grupo de C\u00e2mara Sabra &#8211; CEMEI Carmem do Ros\u00e1rio Rocha &#8211; Rua Zaqueu, s\/n &#8211; Bairro Tr\u00eas Barras &#8211; Contagem &#8211; 16:00 horas<br \/>26 &#8211; M\u00fasica pela Cidade &#8211; Grupo de C\u00e2mara Sabra &#8211; UBS Cruzeiro do Sul &#8211; R. Jeova Jire, 85 &#8211; Cruzeiro do Sul, Betim &#8211; 9:00 horas<\/p>\n<p class=\"ai-optimize-14\">29 &#8211; Concerto Did\u00e1tico Unimed-BH &#8211; Grupo de C\u00e2mara Sabra &#8211; Escola Municipal Professor Hilton Rocha &#8211; Rua Ing\u00e1, 1138 &#8211; S\u00e3o Luiz &#8211; Contagem &#8211; 14:30 horas<br \/>29 &#8211; Concerto Did\u00e1tico Unimed-BH &#8211; Grupo de C\u00e2mara Sabra &#8211; CEMEI Campo Alto &#8211; Rua B, 181 Campo Alto &#8211; Contagem &#8211; 16:00 horas<\/p>\n<p class=\"ai-optimize-15\"><strong>OUTUBRO<\/strong><br \/>02 &#8211; Concerto Did\u00e1tico Unimed-BH &#8211; Grupo de C\u00e2mara Sabra &#8211; Anexo Monteiro Lobato &#8211; Rua Bernardo Monteiro, 248 &#8211; Santa Edwirges &#8211; Contegem &#8211; 14:30 horas<br \/>02 &#8211; Concerto Did\u00e1tico Unimed-BH &#8211; Grupo de C\u00e2mara Sabra &#8211; Anexo P\u00e9s no Ch\u00e3o &#8211; Rua Par\u00e1 de Minas, 840 &#8211; Santa Edwirges &#8211; Contagem &#8211; 16:00 horas<br \/>23 &#8211; Concerto Did\u00e1tico Unimed-BH &#8211; Grupo de C\u00e2mara Sabra &#8211; CEMEI Perobas &#8211; Rua Perimetral, 250 Perobas &#8211; Contagem &#8211; 14:30 horas<br \/>23 &#8211; Concerto Did\u00e1tico Unimed-BH &#8211; Grupo de C\u00e2mara Sabra &#8211; CEI Bem Te Vi &#8211; Rua Sara Kubistchek, 350 &#8211; Darcy Vargas &#8211; Contagem &#8211; 16:00 horas<br \/>27 &#8211; Concerto Did\u00e1tico Unimed-BH &#8211; Grupo de C\u00e2mara Sabra &#8211; Escola Municipal Hilda Nunes dos Santos &#8211; Rua N, 157 &#8211; Tup\u00e3 &#8211; Contagem &#8211; 14:30 horas<br \/>27 &#8211; Concerto Did\u00e1tico Unimed-BH &#8211; Grupo de C\u00e2mara Sabra &#8211; Anexo Ant\u00f4nio Olinto Ferreira Pinto &#8211; Alameda Campo Alegre, bairro San Remo &#8211; Contagem &#8211; 16:00 horas<br \/>29 \u2013 Coral Unimed-BH Convida \u2013 Encontro de Corais \u2013 Audit\u00f3rio da Academia Mineira de Letras \u2013 Rua da Bahia, 1499 \u2013 Centro \u2013 Belo Horizonte \u2013 19:00 horas \u2013 Participa\u00e7\u00e3o: Coral Unimed-BH,<br \/>30 &#8211; Concerto Did\u00e1tico Unimed-BH &#8211; Grupo de C\u00e2mara Sabra &#8211; Anexo &#8211; Mari\u00e2ngela Bonfim Frederico &#8211; Rua Cara\u00e7a, 329 &#8211; Monte Castelo &#8211; Contagem &#8211; 14:30 horas<br \/>30 &#8211; Concerto Did\u00e1tico Unimed-BH &#8211; Grupo de C\u00e2mara Sabra &#8211; Anexo Jos\u00e9 dos Mares Guia &#8211; Rua Rio Negro, 1136, Riacho das Pedras &#8211; Contagem &#8211; 16:00 horas<\/p>\n<p class=\"ai-optimize-16\"><strong>NOVEMBRO<\/strong><br \/>03 &#8211; Concerto Did\u00e1tico Unimed-BH &#8211; Grupo de C\u00e2mara Sabra &#8211; Escola Municipal C\u00e2ndida Rosa do Esp\u00edrito Santo &#8211; Rua Rio S\u00e3o Jo\u00e3o, 212 &#8211; Riacho das Pedras &#8211; Contagem &#8211; 14:30 horas<br \/>03 &#8211; Concerto Did\u00e1tico Unimed-BH &#8211; Grupo de C\u00e2mara Sabra &#8211; Escola Municipal Heitor Villa Lobos &#8211; Pra\u00e7a Mar\u00edlia de Dirceu, 20 &#8211; Inconfidentes &#8211; Contagem-16:00 horas<br \/>11 &#8211; Concerto Did\u00e1tico Unimed-BH &#8211; Grupo de C\u00e2mara Sabra &#8211; Escola Municipal Gabriela Leite &#8211; Rua Bento Gon\u00e7alves Filho, 200 &#8211; Industrial &#8211; Contagem &#8211; 14:30 horas<br \/>11 &#8211; Concerto Did\u00e1tico Unimed-BH &#8211; Grupo de C\u00e2mara Sabra &#8211; SEDUC &#8211; Rua Coimbra, 100 &#8211; Santa Cruz Industrial, Contagem &#8211; 16:00 horas<br \/>10 &#8211; Concerto Did\u00e1tico Unimed-BH &#8211; Grupo de C\u00e2mara Sabra &#8211; Escola Municipal Professora L\u00edgia Magalh\u00e3es &#8211; Rua Oz\u00f3rio de Morais 957 &#8211; Inconfidentes &#8211; Contagem &#8211; 14:30 horas<br \/>10 &#8211; Concerto Did\u00e1tico Unimed-BH &#8211; Grupo de C\u00e2mara Sabra &#8211; Escola Municipal Pedro de Alc\u00e2ntara J\u00fanior &#8211; R Padre Ant\u00f4nio Vieira,463 &#8211; Jardim Industrial &#8211; Contagem &#8211; 16:00 horas<br \/>13 &#8211; Concerto Did\u00e1tico Unimed-BH &#8211; Grupo de C\u00e2mara Sabra &#8211; Escola Municipal Albertina Alves do Nascimento &#8211; Rua Cinco A n\u00ba 20 &#8211; Bairro Oitis &#8211; Contagem &#8211; 14:30 horas<br \/>13 &#8211; Concerto Did\u00e1tico Unimed-BH &#8211; Grupo de C\u00e2mara Sabra &#8211; Escola Municipal Padre Joaquim de Souza Silva &#8211; Rua Doze, 130 &#8211; Morada Nova &#8211; Contagem &#8211; 16:00 horas<\/p>\n<p class=\"ai-optimize-16\">13 &#8211; Audi\u00e7\u00e3o de Alunos &#8211; Grupos de C\u00e2mara Sabra &#8211; Casa Amarela &#8211; Centro &#8211; Contagem &#8211; MG &#8211; 09:30 horas<\/p>\n<p class=\"ai-optimize-16\">17 &#8211; Concerto Did\u00e1tico Unimed-BH &#8211; Grupo de C\u00e2mara Sabra &#8211; Escola Municipal Vereador Jos\u00e9 Ferreira de Aguiar &#8211; Rua Picasso, 275 &#8211; Icaivera Contagem &#8211; 14:30 horas<\/p>\n<p class=\"ai-optimize-16\">17 &#8211; Concerto Did\u00e1tico Unimed-BH &#8211; Grupo de C\u00e2mara Sabra &#8211; CEI Bounganville &#8211; Rua Girassol, 60 &#8211; Bouganville &#8211; Contagem &#8211; 16:00 horas<\/p>\n<p class=\"ai-optimize-16\">23 &#8211; Audi\u00e7\u00e3o de Alunos &#8211; Grupos de C\u00e2mara Sabra, Orquestra Jovem Sabra, Orquestra Juvenil Sabra, Coral Inclusivo Sabra, Coral Unimed-BH &#8211; Teatro Municipal Newton Amaral Franco &#8211; Rua Padre Os\u00f3rio, 149 &#8211; Centro &#8211; Betim &#8211; MG &#8211; 15:00 horas<br \/>23 &#8211; Audi\u00e7\u00e3o de Alunos &#8211; Grupos de C\u00e2mara Sabra, Orquestra Jovem Sabra, Orquestra Juvenil Sabra, Coral Inclusivo Sabra, Coral Unimed-BH &#8211; Teatro Municipal Newton Amaral Franco &#8211; Rua Padre Os\u00f3rio, 149 &#8211; Centro &#8211; Betim &#8211; MG &#8211; 16:30 horas<br \/>23 &#8211; Audi\u00e7\u00e3o de Alunos &#8211; Grupos de C\u00e2mara Sabra, Orquestra Jovem Sabra, Orquestra Juvenil Sabra, Coral Inclusivo Sabra, Coral Unimed-BH &#8211; Teatro Municipal Newton Amaral Franco &#8211; Rua Padre Os\u00f3rio, 149 &#8211; Centro &#8211; Betim &#8211; MG &#8211; 18:00 horas<\/p>\n<p class=\"ai-optimize-16\">24 &#8211; Concerto Did\u00e1tico Unimed-BH &#8211; Grupo de C\u00e2mara Sabra &#8211; Escola Municipal Professor Geraldo Bas\u00edlio Ramos &#8211; Rua Jacarand\u00e1, 822 &#8211; Colonial &#8211; Contagem &#8211; 14:30 horas<br \/>24 &#8211; Concerto Did\u00e1tico Unimed-BH &#8211; Grupo de C\u00e2mara Sabra &#8211; CEMEI Colonial &#8211; Rua Sequ\u00f3ia, 867 &#8211; Colonial &#8211; Contagem &#8211; 16:00 horas<br \/>24 &#8211; Audi\u00e7\u00e3o de Alunos &#8211; Grupos de C\u00e2mara Sabra &#8211; Casa Amarela &#8211; Centro &#8211; Contagem &#8211; MG &#8211; 09:30 horas<br \/>24 &#8211; Audi\u00e7\u00e3o de Alunos &#8211; Grupos de C\u00e2mara Sabra &#8211; Casa Amarela &#8211; Centro &#8211; Contagem &#8211; MG &#8211; 14:30 horas<br \/>24 &#8211; Audi\u00e7\u00e3o de Alunos &#8211; Grupos de C\u00e2mara Sabra &#8211; Casa Amarela &#8211; Centro &#8211; Contagem &#8211; MG &#8211; 20:30 horas<br \/>25 &#8211; Audi\u00e7\u00e3o de Alunos &#8211; Grupos de C\u00e2mara Sabra &#8211; Casa Amarela &#8211; Centro &#8211; Contagem &#8211; MG &#8211; 09:30 horas<br \/>25 &#8211; Audi\u00e7\u00e3o de Alunos &#8211; Grupos de C\u00e2mara Sabra &#8211; Casa Amarela &#8211; Centro &#8211; Contagem &#8211; MG &#8211; 14:30 horas<br \/>25 &#8211; Audi\u00e7\u00e3o de Alunos &#8211; Grupos de C\u00e2mara Sabra &#8211; Casa Amarela &#8211; Centro &#8211; Contagem &#8211; MG &#8211; 20:30 horas<\/p>\n<p>26 \u2013 Coral Unimed-BH Convida \u2013 Encontro de Corais \u2013 Audit\u00f3rio da Academia Mineira de Letras \u2013 Rua da Bahia, 1499 \u2013 Centro \u2013 Belo Horizonte \u2013 19:00 horas \u2013 Participa\u00e7\u00e3o: Coral Unimed-BH,<br \/>27 &#8211; Concerto Did\u00e1tico Unimed-BH &#8211; Grupo de C\u00e2mara Sabra &#8211; CEI Dona Belinha &#8211; Rua Libra, 593 &#8211; jardim Riacho das Pedras &#8211; Contagem &#8211; 14:30 horas<br \/>27 &#8211; Concerto Did\u00e1tico Unimed-BH &#8211; Grupo de C\u00e2mara Sabra &#8211; CEI Pequeno Pr\u00edncipe &#8211; Av. Dr. Ant\u00f4nio Chagas Diniz, 107 &#8211; Cidade Industrial &#8211; 16:00 horas<\/p>\n<p>28 &#8211; Concerto Inaugura\u00e7\u00e3o Natal Contagem &#8211; Pra\u00e7a da Jaboticaba &#8211; Centro &#8211; Contagem &#8211; MG &#8211; 19:00 horas<br \/>28 &#8211; Concerto Confer\u00eancia Municipal de Cultura &#8211; Orquestra Sabra Contagem &#8211; Prefeitura Municipal &#8211; Pra\u00e7a Pres Tancredo Neves, 200 &#8211; Camilo Alves, Contagem &#8211; MG &#8211; 20:30 horas<\/p>\n<p class=\"ai-optimize-17\"><strong>DEZEMBRO<\/strong><\/p>\n<p>02 &#8211; Cantata de Natal &#8211; Orquestra Jovem Sabra &#8211; Pra\u00e7a Milton Campos &#8211; Betim &#8211; MG &#8211; 20 horas<br \/>09 &#8211; Encerramento do Projeto Longevidade &#8211; Coral Unimed-BH &#8211; Espa\u00e7o 356 &#8211; Rua Adriano Chaves e Matos, 100 &#8211; Bairro Olhos D\u00b4\u00c1gua &#8211; Belo Horizonte &#8211; MG &#8211; 17:30 horas<br \/>09 &#8211; Cantata de Natal &#8211; Orquestra Jovem Sabra &#8211; Pra\u00e7a Milton Campos &#8211; Betim &#8211; MG &#8211; 20 horas<br \/>11 &#8211; Cantata de Natal\u00a0na EMAP (1o turno) &#8211; Coral Infantil EMAP &#8211; Escola Municipal Aur\u00e9lio Pires &#8211; Rua Barrinha, 171 \u2013 Liberdade, Belo Horizonte \u2013 MG \u2013 09:00 horas<br \/>11 &#8211; Cantata de Natal\u00a0na EMAP (2o turno) &#8211; Coral Infantil EMAP &#8211; Escola Municipal Aur\u00e9lio Pires &#8211; Rua Barrinha, 171 \u2013 Liberdade, Belo Horizonte \u2013 MG \u2013 15:00 horas<br \/>12 &#8211; Comemora\u00e7\u00e3o 80 anos da Escola &#8211; Coral Infantil EMMN &#8211; E. E. Augusto de Lima &#8211; Av. do Contorno, 4947 &#8211; Funcion\u00e1rios, Belo Horizonte &#8211; MG &#8211; 09:00 horas<br \/>12 &#8211; Cantada de BH &#8211; Coral Infantil EMAP &#8211; nas escadarias da Prefeitura Municipal de Belo Horizonte &#8211; Av. Afonso Pena, 1212 &#8211; Centro, Belo Horizonte &#8211; MG &#8211; 09:30 horas <br \/>16 &#8211; Cantada de Natal\u00a0&#8211; Coral Infantil EMMN &#8211; Audit\u00f3rio\u00a0Credicom \u2013 Av. do Contorno, 4265 \u2013 Funcion\u00e1rios, Belo Horizonte \u2013 MG \u2013 15:00 horas<br \/>16 &#8211; Cantata de Natal &#8211; Coral Infantil EMMN &#8211; Escola Municipal Maria das Neves \u2013 R. Piranga, 39 \u2013 S\u00e3o Lucas, Belo Horizonte \u2013 MG \u2013 18:00 horas<br \/>16 &#8211; Cantata de Natal &#8211; Orquestra Jovem Sabra &#8211; Pra\u00e7a Milton Campos &#8211; Betim &#8211; MG &#8211; 20 horas<br \/>20 &#8211; Cantata de Natal &#8211; Coral Inclusivo AEAV-SABRA &#8211; Associa\u00e7\u00e3o Eldorado de Apoio \u00e0 Vida &#8211; Rua Riso do Prado, 99 &#8211; Eldorado &#8211; Contagem &#8211; MG &#8211; 13:00 horas<\/p>\n<h2 class=\"ai-optimize-18\">&#8211; &#8211; &#8211; &#8211; &#8211; &#8211; &#8211; &#8211; &#8211; &#8211; &#8211; &#8211; &#8211; &#8211; &#8211; &#8211; &#8211; &#8211; &#8211; &#8211; &#8211; &#8211; &#8211; &#8211; &#8211;<\/h2>\n<h2 class=\"ai-optimize-19\">Agenda Cultural SABRA 2024<\/h2>\n<p class=\"ai-optimize-20\">A agenda \u00e9 atualizada at\u00e9 o dia 15 do m\u00eas anterior.<br \/>Entrada franca para todas as atividades programadas.<\/p>\n<p class=\"ai-optimize-21\"><strong>MAR\u00c7O<\/strong><br \/>\u2013 Agendamento dos Concertos Did\u00e1ticos de Grupos de C\u00e2mara da Escola de M\u00fasica Sabra.<br \/>09 &#8211; Orquestra em Cena &#8211; Orquestra Amas\/Sabra &#8211; AMAS &#8211; Rua Gon\u00e7alves Dias 205, Ibirit\u00e9, MG &#8211; 11:00 horas<\/p>\n<p class=\"ai-optimize-22\"><strong>ABRIL<\/strong><br \/>01 &#8211; C\u00e2mara em Cena \u2013 Grupo de violinos da Escola de M\u00fasica Sabra\/Betim &#8211; Centro de Nefrologia do Hospital Evang\u00e9lico &#8211; Av. Edmeia Matos Lazzarotti, 1655 &#8211; Jardim Brasilia, Betim &#8211; MG &#8211; 09:30 horas<br \/>02 &#8211; Coral em Cena &#8211; Coral Inclusivo Aeav\/Sabra &#8211; Associa\u00e7\u00e3o Eldorado de Apoio a Vida &#8211; Rua Riso do Prado, 99 &#8211; Eldorado, Contagem &#8211; MG &#8211; 13:30 horas<br \/>02 &#8211; C\u00e2mara em Cena \u2013 Grupo de cordas da Escola de M\u00fasica Sabra\/Betim &#8211; Centro de Nefrologia do Hospital Evang\u00e9lico &#8211; Av. Edmeia Matos Lazzarotti, 1655 &#8211; Jardim Brasilia, Betim &#8211; MG &#8211; 09:30 horas<br \/>04 &#8211; Coral em Cena &#8211; Coral Inclusivo Aeav\/Sabra &#8211; Pra\u00e7a da Gl\u00f3ria, Contagem &#8211; MG &#8211; 18:00 horas<br \/>05 &#8211; Orquestra em Cena &#8211; Orquestra Jovem da Escola de M\u00fasica Sabra\/Betim &#8211; Centro de Nefrologia do Hospital Evang\u00e9lico &#8211; Av. Edmeia Matos Lazzarotti, 1655 &#8211; Jardim Brasilia, Betim &#8211; MG &#8211; 09:30 horas<br \/>08 &#8211; C\u00e2mara em Cena \u2013 Grupo de violinos da Escola de M\u00fasica Sabra\/Betim &#8211; Centro de Nefrologia do Hospital Evang\u00e9lico &#8211; Av. Edmeia Matos Lazzarotti, 1655 &#8211; Jardim Brasilia, Betim &#8211; MG &#8211; 09:30 horas<br \/>15 &#8211; C\u00e2mara em Cena \u2013 Grupo de cordas da Escola de M\u00fasica Sabra Betim &#8211; Asilo L\u00edrios de Paula &#8211; R. Joaquim Ven\u00e2ncio, 318 &#8211; Ch\u00e1caras, Betim &#8211; MG &#8211;<br \/>28 &#8211; Coral em Cena &#8211; Coral Unimed-BH &#8211; Pra\u00e7a Floriano Peixoto, Belo Horizonte &#8211; MG &#8211; 09:00 horas<br \/>28 &#8211; Coral em Cena &#8211; Coral Inclusivo Adefib\/Sabra e Coral de Libras Sabra Betim &#8211; Pra\u00e7a Floriano Peixoto, Belo Horizonte &#8211; MG &#8211; 09:50 horas<\/p>\n<p class=\"ai-optimize-23\"><strong>MAIO<\/strong><br \/>07 &#8211; C\u00e2mara em Cena \u2013 Alunos de viola da Escola de M\u00fasica Sabra\/Betim &#8211; Escola Estadual Carlos Drumond de Andrade &#8211; R. Patroc\u00ednio, 630 &#8211; Vila Cristina, Betim &#8211; MG &#8211; 10:00 horas<br \/>09 &#8211; C\u00e2mara em Cena \u2013 Alunos de violino da Escola de M\u00fasica Sabra\/Betim &#8211; R. Santos Dumont, 159 &#8211; Horto, Betim &#8211; MG &#8211; 14:00 horas<br \/>09 &#8211; Coral Infantil em Cena &#8211; Coral Infantil Sicoob\/Credicom &#8211; Escola Municipal Maria das Neves &#8211; R. Piranga, 39 &#8211; S\u00e3o Lucas, Belo Horizonte &#8211; MG &#8211; 12:30 horas<br \/>09 \u2013 Coral Infantil em Cena \u2013 Coral Infantil Sicoob\/Credicom \u2013 Audit\u00f3rio Credicom &#8211; Av. do Contorno, 4265 &#8211; Funcion\u00e1rios, Belo Horizonte &#8211; MG \u2013 15:00 horas<br \/>10 &#8211; C\u00e2mara em Cena \u2013 Orquestra Juvenil da Escola de M\u00fasica Sabra\/Betim &#8211; Escola Estadual Carlos Drumond de Andrade &#8211; R. Patroc\u00ednio, 630 &#8211; Vila Cristina, Betim &#8211; MG &#8211; 15:00 horas<br \/>11 &#8211; Coral em Cena &#8211; Coral Inclusivo Aeav\/Sabra &#8211; Associa\u00e7\u00e3o Eldorado de Apoio a Vida &#8211; Rua Riso do Prado, 99 &#8211; Eldorado, Contagem &#8211; MG &#8211; 12:00 horas<br \/>11 &#8211; Orquestra em Cena &#8211; Orquestra Amas\/Sabra &#8211; AMAS &#8211; Rua Gon\u00e7alves Dias 205, Ibirit\u00e9, MG &#8211; 10:30 horas<br \/>14 \u2013 Coral Infantil em Cena \u2013 Coral Infantil Sicoob\/Credicom \u2013 Centro Internacional de Conven\u00e7\u00f5es do Brasil &#8211; St. de Clubes Esportivos Sul Trecho 2 Conjunto 63, Lote 50 &#8211; Asa Sul, Bras\u00edlia &#8211; DF &#8211; 19:00 horas<br \/>24 &#8211; Orquestra em Cena &#8211; Orquestra Juvenil da Escola de M\u00fasica Sabra\/Betim &#8211; Escola Estadual Carlos L\u00facio de Assis &#8211; R. Valpara\u00edso, 50 &#8211; Jardim Petropolis, Betim &#8211; MG &#8211; 15:30 horas<br \/>25 &#8211; Coral Infantil em Cena &#8211; Coral Infantil IUMG\/E.M. Aur\u00e9lio Pires &#8211; Escola Municipal Aur\u00e9lio Pires &#8211; Rua Barrinha, 171 &#8211; Liberdade, Belo Horizonte &#8211; MG &#8211; 08:00 horas<br \/>29 &#8211; Coral Unimed-BH Convida \u2013 Encontro de Corais \u2013 Audit\u00f3rio da Academia Mineira de Letras \u2013 Rua da Bahia, 1499 \u2013 Centro \u2013 Belo Horizonte \u2013 19:00 horas \u2013 Participa\u00e7\u00e3o: Coral Unimed-BH, Coral Infantil H\u00e1gios (Igarap\u00e9-MG) e Coral Usicanto<\/p>\n<p class=\"ai-optimize-24\"><strong>JUNHO<\/strong><br \/>13 \u2013 Coral Infantil em Cena \u2013 Coral Infantil Sicoob\/Credicom \u2013 Escola Municipal Maria das Neves \u2013 R. Piranga, 39 \u2013 S\u00e3o Lucas, Belo Horizonte \u2013 MG \u2013 13:00 horas<br \/>20 \u2013 Coral Infantil em Cena \u2013 Coral Infantil Instituto Unimed-MG &#8211; Escola Municipal Aur\u00e9lio Pires &#8211; Rua Barrinha, 171 &#8211; Liberdade, Belo Horizonte &#8211; MG &#8211; 10:30 horas<br \/>20 \u2013 Coral Infantil em Cena \u2013 Coral Infantil Instituto Unimed-MG &#8211; Escola Municipal Aur\u00e9lio Pires &#8211; Rua Barrinha, 171 &#8211; Liberdade, Belo Horizonte &#8211; MG &#8211; 14:00 horas<br \/>25 &#8211; Concerto Did\u00e1tico Unimed-BH \u2013 Orquestra Sinf\u00f4nica SABRA \u2013 Escola Estadual Sarah Kubitschek &#8211; R. Ant\u00f4nio Pio Cardoso, 375 &#8211; Novo Horizonte, Betim &#8211; 15:00 horas<br \/>26 \u2013 Coral Unimed-BH Convida \u2013 Encontro de Corais \u2013 Audit\u00f3rio da Academia Mineira de Letras \u2013 Rua da Bahia, 1499 \u2013 Centro \u2013 Belo Horizonte \u2013 19:00 horas \u2013 Participa\u00e7\u00e3o: Coral Unimed-BH, Coral Litterarum (Letras &#8211; UFMG) e Coral FioCantos de Minas<br \/>26 \u2013 Coral Infantil em Cena \u2013 Coral Infantil Sicoob\/Credicom &#8211; Museu de Artes e Of\u00edcios &#8211; Pra\u00e7a Rui Barbosa, 600 &#8211; Centro, Belo Horizonte &#8211; MG &#8211; 15:15 horas<br \/>27 \u2013 Coral Infantil em Cena \u2013 Coral Infantil Unimed-BH &#8211; Escola Municipal Francisca Alves &#8211; Av. Santa Terezinha, S\/N &#8211; Santa Terezinha, Belo Horizonte &#8211; MG &#8211; 8:30 horas<br \/>27 &#8211; Concerto Did\u00e1tico Unimed-BH \u2013 Orquestra Sinf\u00f4nica SABRA \u2013 Escola Estadual Carlos L\u00facio de Assis &#8211; R. Valpara\u00edso, 50 &#8211; Jardim Petropolis, Betim &#8211; 15:00 horas<\/p>\n<p class=\"ai-optimize-25\"><strong>JULHO<\/strong><br \/>02 &#8211; Concerto Did\u00e1tico Unimed-BH \u2013 Orquestra Sinf\u00f4nica SABRA \u2013 Escola Estadual Carlos Drumond de Andrade &#8211; R. Patroc\u00ednio, 630 &#8211; Vila Cristina, Betim &#8211; 15:00 horas<br \/>04 \u2013 Coral Infantil em Cena \u2013 Coral Infantil Instituto Unimed-MG &#8211; Escola Municipal Aur\u00e9lio Pires &#8211; Rua Barrinha, 171 &#8211; Liberdade, Belo Horizonte &#8211; MG &#8211; 10:30 horas<br \/>04 \u2013 Coral Infantil em Cena \u2013 Coral Infantil Instituto Unimed-MG &#8211; Escola Municipal Aur\u00e9lio Pires &#8211; Rua Barrinha, 171 &#8211; Liberdade, Belo Horizonte &#8211; MG &#8211; 14:00 horas<br \/>04 &#8211; Concerto Did\u00e1tico Unimed-BH \u2013 Orquestra Sinf\u00f4nica SABRA \u2013 Escola Estadual E.E.Candido Portinari &#8211; Av. Tapaj\u00f3s, 4590 &#8211; Amarante, Betim &#8211; 15:00 horas<br \/>06 \u2013 Coral Infantil em Cena \u2013 Coral Infantil Sicoob\/Credicom \u2013 Pra\u00e7a Carlos Chagas (Pra\u00e7a da Assembleia) \u2013 Santo Agostinho, Belo Horizonte \u2013 MG \u2013 09:00 horas<br \/>06 \u2013 Coral Infantil em Cena \u2013 Coral Infantil Unimed-BH &#8211; Escola Municipal Francisca Alves &#8211; Av. Santa Terezinha, S\/N &#8211; Santa Terezinha, Belo Horizonte &#8211; MG &#8211; 13:00 horas<br \/>09 &#8211; Concerto Did\u00e1tico Unimed-BH \u2013 Orquestra Sinf\u00f4nica SABRA \u2013 Escola Estadual Renato Azeredo &#8211; Av. Contagem, 579 &#8211; Betim Industrial, Betim &#8211; 15:00 horas<br \/>11 \u2013 Coral Infantil em Cena \u2013 Coral Infantil Sicoob\/Credicom \u2013 Escola Municipal Maria das Neves \u2013 R. Piranga, 39 \u2013 S\u00e3o Lucas, Belo Horizonte \u2013 MG \u2013 12:30 horas<br \/>17 \u2013 Coral Unimed-BH Convida \u2013 Encontro de Corais \u2013 Audit\u00f3rio da Academia Mineira de Letras \u2013 Rua da Bahia, 1499 \u2013 Centro \u2013 Belo Horizonte \u2013 19:00 horas \u2013 Participa\u00e7\u00e3o: Coral Unimed-BH, Coral Sicoob Credicom, Turn\u00ea Coral Canto &amp; Vida e Coral BDMG<\/p>\n<p class=\"ai-optimize-26\"><strong>AGOSTO<\/strong><br \/>20 &#8211; Concerto Did\u00e1tico Unimed-BH \u2013 Orquestra Sinf\u00f4nica SABRA \u2013 Escola Municipal Professora Ana Guedes Vieira \u2013 R. VC-4, 777 &#8211; Nova Contagem, Contagem &#8211; MG &#8211; 16 horas<br \/>22 &#8211; Concerto Did\u00e1tico Unimed-BH \u2013 Orquestra Sinf\u00f4nica SABRA \u2013 Escola Municipal Isabel Nascimento \u2013 R. Refin\u00e1ria Uni\u00e3o, 194 &#8211; Petrol\u00e2ndia, Contagem &#8211; MG &#8211; 16 horas<br \/>27 &#8211; Concerto Did\u00e1tico Unimed-BH \u2013 Orquestra Sinf\u00f4nica SABRA \u2013 Escola Municipal Nossa Senhora Aparecida \u2013 R. Uruguai, 259 &#8211; Industrial, Contagem &#8211; MG &#8211; 15 horas<br \/>28 \u2013 Coral Unimed-BH Convida \u2013 Encontro de Corais \u2013 Audit\u00f3rio da Academia Mineira de Letras \u2013 Rua da Bahia, 1499 \u2013 Centro \u2013 Belo Horizonte \u2013 19:00 horas \u2013 Participa\u00e7\u00e3o: Coral Unimed-BH, Coral ANSEF PF\/MG e Coral Vozes da Liberdade<br \/>31 \u2013 Coral Infantil em Cena \u2013 Coral Infantil Unimed-BH &#8211; Escola Municipal Francisca Alves &#8211; Av. Santa Terezinha, S\/N &#8211; Santa Terezinha, Belo Horizonte &#8211; MG &#8211; 8:00 horas<\/p>\n<p class=\"ai-optimize-27\"><strong>SETEMBRO<\/strong><br \/>03 &#8211; Concerto Did\u00e1tico Unimed-BH \u2013 Orquestra Sinf\u00f4nica SABRA \u2013 Escola Municipal Professora Audrei Consola\u00e7\u00e3o Ferreira de Freitas Costa \u2013 R. C\u00e1ssia, 97 &#8211; Arvoredo, Contagem &#8211; MG &#8211; 15 horas<br \/>03 \u2013 Concerto Did\u00e1tico Unimed-BH \u2013 Grupo de C\u00e2mara de Cordas SABRA \u2013 Educarte Esta\u00e7\u00e3o do Saber \u2013 Rua Carlos Vitoriano de S\u00e1, S\/N\u00ba &#8211; Bairro Bela Vista, Contagem \u2013 MG \u2013 14 horas<br \/>03 \u2013 Concerto Did\u00e1tico Unimed-BH \u2013 Grupo de C\u00e2mara de Madeiras SABRA \u2013 Educarte Lucas Braga da Cruz \u2013 Rua Frei Tito Francort, S\/N\u00b0 &#8211; Funcion\u00e1rios \u2013 32.040-450, Contagem \u2013 MG \u2013 14 horas<br \/>03 \u2013 Concerto Did\u00e1tico Unimed-BH \u2013 Grupo de C\u00e2mara de Metais SABRA \u2013 Escola Municipal Eli Horta Costa \u2013 Rua Professora Neuza Rocha, 406 &#8211; Central Park \u2013 32.017-000, Contagem \u2013 MG \u2013 14 horas<br \/>03 \u2013 Concerto Did\u00e1tico Unimed-BH \u2013 Grupo de C\u00e2mara de Cordas SABRA \u2013 Escola Municipal Coronel Antonio Augusto Diniz Costa \u2013 Rua Vicente dos Santos, 295 &#8211; Bernardo Monteiro \u2013 32.013-010, Contagem \u2013 MG \u2013 16 horas<br \/>03 \u2013 Concerto Did\u00e1tico Unimed-BH \u2013 Grupo de C\u00e2mara de Madeiras SABRA \u2013 Escola Municipal Dona Cordelina Silveira Mattos \u2013 Rua Par\u00e1 de Minas, 666 &#8211; Santa Edwiges \u2013 32.040-270, Contagem \u2013 MG \u2013 16 horas<br \/>03 \u2013 Concerto Did\u00e1tico Unimed-BH \u2013 Grupo de C\u00e2mara de Metais SABRA \u2013 Escola Municipal Estudante Leonardo Sadra \u2013 Rua Joaquim Camargos, S\/N\u00ba \u2013 Centro \u2013 32.041-440, Contagem \u2013 MG \u2013 16 horas<br \/>05 \u2013 Concerto Did\u00e1tico Unimed-BH \u2013 Grupo de C\u00e2mara de Cordas SABRA \u2013 Centro Municipal de Educa\u00e7\u00e3o Infantil Professor Orlando Diniz \u2013 Rua Arauc\u00e1rias, N\u00ba 410, Bairro L\u00facio de Abreu, Contagem \u2013 MG \u2013 14 horas<br \/>05 \u2013 Concerto Did\u00e1tico Unimed-BH \u2013 Grupo de C\u00e2mara de Madeiras SABRA \u2013 Escola Municipal Prefeito Sebasti\u00e3o Camargos \u2013 Rua Ant\u00f4nio de Oliveira Campos, 391 \u2013 Granja Vista Alegre \u2013 32.046-050, Contagem \u2013 MG \u2013 14 horas<br \/>05 \u2013 Concerto Did\u00e1tico Unimed-BH \u2013 Grupo de C\u00e2mara de Metais SABRA \u2013 Escola Municipal Professor Ricardo Braz Gomes Barreto \u2013 Av. Perimetral, 220 \u2013 Perobas \u2013 32.342-680, Contagem \u2013 MG \u2013 14 horas<br \/>05 \u2013 Concerto Did\u00e1tico Unimed-BH \u2013 Grupo de C\u00e2mara de Metais SABRA \u2013 Centro Municipal de Educa\u00e7\u00e3o Infantil Parque S\u00e3o Joao \u2013 Rua Sete, 42 &#8211; Parque S\u00e3o Jo\u00e3o. 32342-250, Contagem \u2013 MG \u2013 16 horas<br \/>05 \u2013 Concerto Did\u00e1tico Unimed-BH \u2013 Grupo de C\u00e2mara de Madeiras SABRA \u2013 Centro Municipal de Educa\u00e7\u00e3o Infantil Decio Camargos de Aguiar \u2013 Rua Maria Olinda do Nascimento, S\/N\u00ba &#8211; Linda Vista \u2013 32.041-630, Contagem \u2013 MG \u2013 16 horas<br \/>05 \u2013 Concerto Did\u00e1tico Unimed-BH \u2013 Grupo de C\u00e2mara de Cordas SABRA \u2013 Escola Municipal Jose Lucas Filho \u2013 Rua Lincoln Costa Ferreira, 80 &#8211; Fonte Grande \u2013 32.013-400, Contagem \u2013 MG \u2013 16 horas<br \/>10 \u2013 Concerto Did\u00e1tico Unimed-BH \u2013 Grupo de C\u00e2mara de Madeiras SABRA \u2013 Centro Municipal de Educa\u00e7\u00e3o Infantil Confisco \u2013 Rua Agner William da Silva, 205- Confisco., Contagem \u2013 MG \u2013 14 horas<br \/>10 \u2013 Concerto Did\u00e1tico Unimed-BH \u2013 Grupo de C\u00e2mara de Metais SABRA \u2013 Centro Municipal de Educa\u00e7\u00e3o Infantil Estrela Dalva \u2013 Rua Dez, 80 &#8211; Arvoredo II \u2013 32.113-518, Contagem \u2013 MG \u2013 14 horas<br \/>10 \u2013 Concerto Did\u00e1tico Unimed-BH \u2013 Grupo de C\u00e2mara de Cordas SABRA \u2013 Centro Municipal de Educa\u00e7\u00e3o Infantil Jardim Laguna Julio Borges de Souza \u2013 Rua Bragan\u00e7a, 866 \u2013 Jardim Laguna \u2013 32.140-480, Contagem \u2013 MG \u2013 14 horas<br \/>10 \u2013 Concerto Did\u00e1tico Unimed-BH \u2013 Grupo de C\u00e2mara de Madeiras SABRA \u2013 Centro Municipal de Educa\u00e7\u00e3o Infantil Conquistas Veredas \u2013 Rua Baru, 0- Conquistas Veredas, Contagem \u2013 MG \u2013 16 horas<br \/>10 \u2013 Concerto Did\u00e1tico Unimed-BH \u2013 Grupo de C\u00e2mara de Metais SABRA \u2013 Escola Municipal Coronel Joaquim Antonio da Rocha \u2013 Rua Diamante, 930 &#8211; S\u00e3o Joaquim \u2013 32.113-000, Contagem \u2013 MG \u2013 16 horas<br \/>10 \u2013 Concerto Did\u00e1tico Unimed-BH \u2013 Grupo de C\u00e2mara de Cordas SABRA \u2013 Escola Municipal Professora Maria de Matos Silveira \u2013 Rua Igua\u00e7aba, 225 &#8211; Vila P\u00e9rola \u2013 32110-040, Contagem \u2013 MG \u2013 16 horas<br \/>12 \u2013 Concerto Did\u00e1tico Unimed-BH \u2013 Grupo de C\u00e2mara de Metais SABRA \u2013 Escola Municipal Jose Silvino Diniz \u2013 Rua dos Cardeais, 485 &#8211; Solar do Madeira \u2013 32.065-100, Contagem \u2013 MG \u2013 14 horas<br \/>12 \u2013 Concerto Did\u00e1tico Unimed-BH \u2013 Grupo de C\u00e2mara de Madeiras SABRA \u2013 Escola Municipal Jenny de Andrade Faria \u2013 Rua Piratininga, 798 &#8211; Bandeirantes \u2013 32.240-550, Contagem \u2013 MG \u2013 14 horas<br \/>12 \u2013 Concerto Did\u00e1tico Unimed-BH \u2013 Grupo de C\u00e2mara de Cordas SABRA \u2013 Escola Municipal Francisco Sales da Silva Diniz \u2013 Rua Stela Diniz Macedo, 301 &#8211; Darcy Ribeiro \u2013 32.050-060, Contagem \u2013 MG \u2013 14 horas<br \/>12 \u2013 Concerto Did\u00e1tico Unimed-BH \u2013 Grupo de C\u00e2mara de Madeiras SABRA \u2013 Escola Municipal Professora Julia Kubitschek de Oliveira \u2013 Rua Nascimento Teixeira, 62 \u2013 Industrial \u2013 32.235-300, Contagem \u2013 MG \u2013 16 horas<br \/>12 \u2013 Concerto Did\u00e1tico Unimed-BH \u2013 Grupo de C\u00e2mara de Metais SABRA \u2013 Escola Municipal Newton Amaral Franco \u2013 Rua Estireno, 15 \u2013 Petrol\u00e2ndia \u2013 32.072-140, Contagem \u2013 MG \u2013 16 horas<br \/>12 \u2013 Concerto Did\u00e1tico Unimed-BH \u2013 Grupo de C\u00e2mara de Cordas SABRA \u2013 Centro Municipal de Educa\u00e7\u00e3o Infantil Darcy Ribeiro \u2013 Rua Stela Diniz Macedo, 303 &#8211; Darcy Ribeiro \u2013 32.050-060, Contagem \u2013 MG \u2013 16 horas<br \/>17 \u2013 Concerto Did\u00e1tico Unimed-BH \u2013 Grupo de C\u00e2mara de Cordas SABRA \u2013 Escola Municipal Professora Maria Olintha \u2013 Av. S\u00f3crates Mariani Bitencourt, 550 \u2013 Cinco, Contagem \u2013 MG \u2013 14 horas<br \/>17 \u2013 Concerto Did\u00e1tico Unimed-BH \u2013 Grupo de C\u00e2mara de Madeiras SABRA \u2013 Escola Municipal Professora Maria Martins \u201cMariinha\u201d \u2013 Rua 51, 551 \u2013 Tropical \u2013 32.072-550, Contagem \u2013 MG \u2013 14 horas<br \/>17 \u2013 Concerto Did\u00e1tico Unimed-BH \u2013 Grupo de C\u00e2mara de Metais SABRA \u2013 Centro de Educa\u00e7\u00e3o Infantil Para\u00edso Infantil \u2013 Rua Candeias, 146- Jardim Laguna, Contagem \u2013 MG \u2013 14 horas<br \/>17 \u2013 Concerto Did\u00e1tico Unimed-BH \u2013 Grupo de C\u00e2mara de Cordas SABRA \u2013 Secretaria de Educa\u00e7\u00e3o de Contagem \u2013 Rua Coimbra, 100- Santa Cruz., Contagem \u2013 MG \u2013 16 horas<br \/>17 \u2013 Concerto Did\u00e1tico Unimed-BH \u2013 Grupo de C\u00e2mara de Madeiras SABRA \u2013 Centro Municipal de Educa\u00e7\u00e3o Infantil Cora Coralina \u2013 Rua N, 213 &#8211; Campo Alto \u2013 32.080-000, Contagem \u2013 MG \u2013 16 horas<br \/>17 \u2013 Concerto Did\u00e1tico Unimed-BH \u2013 Grupo de C\u00e2mara de Metais SABRA \u2013 Centro de Educa\u00e7\u00e3o Infantil Irm\u00e3o Jos\u00e9 Grosso \u2013 Av. das Am\u00e9ricas, 777 &#8211; Kennedy, Contagem \u2013 MG \u2013 16 horas<br \/>21 \u2013 Coral Infantil em Cena \u2013 Coral Infantil Instituto Unimed-MG &#8211; Escola Municipal Aur\u00e9lio Pires &#8211; Rua Barrinha, 171 &#8211; Liberdade, Belo Horizonte &#8211; MG &#8211; 09:00 horas<br \/>21 \u2013 Coral Infantil em Cena \u2013 Coral Infantil Unimed-BH &#8211; Escola Municipal Francisca Alves &#8211; Av. Santa Terezinha, S\/N &#8211; Santa Terezinha, Belo Horizonte &#8211; MG &#8211; 11:00 horas<br \/>24 \u2013 Concerto Did\u00e1tico Unimed-BH \u2013 Grupo de C\u00e2mara de Cordas SABRA \u2013 Centro Municipal de Educa\u00e7\u00e3o Infantil Eust\u00e1quio Junio Matosinhos \u2013 Rua Metano, 150 \u2013 Petrol\u00e2ndia \u2013 32.072-120, Contagem \u2013 MG \u2013 14 horas<br \/>24 \u2013 Concerto Did\u00e1tico Unimed-BH \u2013 Grupo de C\u00e2mara de Metais SABRA \u2013 Centro de Educa\u00e7\u00e3o Infantil Raios de Sol \u2013 Rua Santa Cruz, 205 &#8211; Estaleiro, Contagem \u2013 MG \u2013 14 horas<br \/>24 \u2013 Concerto Did\u00e1tico Unimed-BH \u2013 Grupo de C\u00e2mara de Madeiras SABRA \u2013 Centro Municipal de Educa\u00e7\u00e3o Infantil Vila Esperan\u00e7a Nosso Lar \u2013 Rua VL 38, 80 &#8211; Nova Contagem \u2013 32.050-020, Contagem \u2013 MG \u2013 14 horas<br \/>24 \u2013 Concerto Did\u00e1tico Unimed-BH \u2013 Grupo de C\u00e2mara de Cordas SABRA \u2013 Centro Municipal de Educa\u00e7\u00e3o Infantil Industrial S\u00e3o Luiz \u2013 Av Imbiru\u00e7u, S\/N\u00ba \u2013 S\u00e3o Luiz -, Contagem \u2013 MG \u2013 16 horas<br \/>24 \u2013 Concerto Did\u00e1tico Unimed-BH \u2013 Grupo de C\u00e2mara de Metais SABRA \u2013 Centro Municipal de Educa\u00e7\u00e3o Infantil Icaivera \u2013 Rua Picassu, 285, Icaivera \u2013 32.055-040, Contagem \u2013 MG \u2013 16 horas<br \/>24 \u2013 Concerto Did\u00e1tico Unimed-BH \u2013 Grupo de C\u00e2mara de Madeiras SABRA \u2013 Centro Municipal de Educa\u00e7\u00e3o Infantil Nova Contagem \u2013 Rua Vl 6, 789 &#8211; Nova Contagem \u2013 32.050-360, Contagem \u2013 MG \u2013 16 horas<br \/>24 &#8211; Concerto Did\u00e1tico Unimed-BH \u2013 Orquestra Sinf\u00f4nica SABRA \u2013 Escola Municipal Estudante Leonardo Sadra &#8211; R. Joaquim Camargos, S\/N &#8211; Centro, Contagem &#8211; MG &#8211; 15 horas<br \/>25 \u2013 Coral Unimed-BH Convida \u2013 Encontro de Corais \u2013 Audit\u00f3rio da Academia Mineira de Letras \u2013 Rua da Bahia, 1499 \u2013 Centro \u2013 Belo Horizonte \u2013 19:00 horas \u2013 Participa\u00e7\u00e3o: Coral Unimed-BH, Coral Recome\u00e7ar de Brumadinho e Coral S\u00e3o Tiago<br \/>26 \u2013 Concerto Did\u00e1tico Unimed-BH \u2013 Grupo de C\u00e2mara de Cordas SABRA \u2013 Centro de Educa\u00e7\u00e3o Infantil Madre Tarcisia \u2013 Rua Luciano de Souza Lima, 59 \u2013 BELA VISTA, Contagem \u2013 MG \u2013 14 horas<br \/>26 \u2013 Concerto Did\u00e1tico Unimed-BH \u2013 Grupo de C\u00e2mara de Madeiras SABRA \u2013 Escola Municipal Rene Chateaubriand Domingues \u2013 Rua Padre Jos\u00e9 Maria de Man, 30 &#8211; Novo Riacho \u2013 32.280-660, Contagem \u2013 MG \u2013 14 horas<br \/>26 \u2013 Concerto Did\u00e1tico Unimed-BH \u2013 Grupo de C\u00e2mara de Metais SABRA \u2013 Centro Municipal de Educa\u00e7\u00e3o Infantil S\u00e3o Judas Tadeu De Jesus \u2013 Rua VP 2,1781, Nova Contagem \u2013 32.050-080, Contagem \u2013 MG \u2013 14 horas<br \/>26 \u2013 Concerto Did\u00e1tico Unimed-BH \u2013 Grupo de C\u00e2mara de Cordas SABRA \u2013 Centro Municipal de Educa\u00e7\u00e3o Infantil Tropical\/ Maria Do Perp\u00e9tuo Socorro \u2013 Rua Dos Vinte, 20- Tropical, Contagem \u2013 MG \u2013 16 horas<br \/>26 \u2013 Concerto Did\u00e1tico Unimed-BH \u2013 Grupo de C\u00e2mara de Madeiras SABRA \u2013 Escola Municipal Deputado Jorge Ferraz \u2013 Av. Marte, 748 \u2013 Conjunto Vivendas &#8211; Riacho das Pedras \u2013 32.241-395, Contagem \u2013 MG \u2013 16 horas<br \/>26 \u2013 Concerto Did\u00e1tico Unimed-BH \u2013 Grupo de C\u00e2mara de Metais SABRA \u2013 Centro de Educa\u00e7\u00e3o Infantil Santa Filomena \/ Funda\u00e7\u00e3o Santa Filomena \u2013 Rua Manoel de Matos, 151 \u2013 Nossa Senhora De F\u00e1tima, Contagem \u2013 MG \u2013 16 horas<br \/>26\/09 &#8211; Concerto Did\u00e1tico Unimed-BH \u2013 Orquestra Sinf\u00f4nica SABRA \u2013 Escola Municipal Eli Horta Costa &#8211; R. Profa. Neuza Rocha, 406 &#8211; Centro, Contagem &#8211; MG &#8211; 15 horas<br \/>28 \u2013 Coral Infantil em Cena \u2013 Coral Infantil Sicoob\/Credicom \u2013 Escola Municipal Maria das Neves \u2013 R. Piranga, 39 \u2013 S\u00e3o Lucas, Belo Horizonte \u2013 MG \u2013 09:00 horas<br \/>30 \u2013 Coral Infantil em Cena \u2013 Coral Infantil Sicoob\/Credicom \u2013 Escola Municipal Paulo Mendes Campos \u2013 R. dos Aimor\u00e9s, 1600 &#8211; Funcion\u00e1rios, Belo Horizonte &#8211; MG \u2013 09:30 horas<br \/>30 \u2013 Coral Infantil em Cena \u2013 Coral Infantil Sicoob\/Credicom \u2013 Escola Municipal Paulo Mendes Campos \u2013 R. dos Aimor\u00e9s, 1600 &#8211; Funcion\u00e1rios, Belo Horizonte &#8211; MG \u2013 11:00 horas<\/p>\n<p class=\"ai-optimize-28\"><strong>OUTUBRO<\/strong><br \/>03 \u2013 Coral Infantil em Cena \u2013 Coral Infantil Unimed-BH &#8211; Audit\u00f3rio ASBEMGE &#8211; Rua Flor de Tipuana, 88 , Bairro Ouro Preto, Belo Horizonte &#8211; MG &#8211; 09:00 horas<br \/>09 \u2013 Coral Infantil em Cena \u2013 Coral Infantil Sicoob\/Credicom \u2013 Creche S\u00e3o Francisco de Assis, Rua Nossa Senhora de F\u00e1tima, 1.175 &#8211; Nossa Senhora de F\u00e1tima, Belo Horizonte &#8211; MG \u2013 09:00 horas<br \/>12 &#8211; Festival &#8220;Somos Comunidade&#8221; &#8211; Coral Unimed-BH &#8211; Parque Municipal Am\u00e9rico Renn\u00e9 Giannetti &#8211; Av. Afonso Pena, 1377 &#8211; Centro &#8211; Belo Horizonte &#8211; 18:30 horas<br \/>16 &#8211; Coral Em Cena &#8211; Coral Unimed-BH &#8211; Audit\u00f3rio da Associa\u00e7\u00e3o M\u00e9dica de Minas Gerais &#8211; Av. Jo\u00e3o Pinheiro, 161 &#8211; Centro &#8211; Belo Horizonte &#8211; 19 horas<br \/>29 \u2013 Coral Infantil em Cena \u2013 Coral Infantil Instituto Unimed-MG &#8211; Escola Municipal Aur\u00e9lio Pires &#8211; Rua Barrinha, 171 &#8211; Liberdade, Belo Horizonte &#8211; MG &#8211; 10:30 horas<br \/>29 \u2013 Coral Infantil em Cena \u2013 Coral Infantil Instituto Unimed-MG &#8211; Escola Municipal Aur\u00e9lio Pires &#8211; Rua Barrinha, 171 &#8211; Liberdade, Belo Horizonte &#8211; MG &#8211; 14:00 horas<\/p>\n<p class=\"ai-optimize-29\"><strong>NOVEMBRO<\/strong><br \/>13 \u2013 Musicaliza\u00e7\u00e3o em Cena \u2013 Escola Estadual Carlos Drummond de Andrade \u2013 R. Patroc\u00ednio, 630 \u2013 Vila Cristina, Betim \u2013 MG \u2013 14:30 horas<br \/>13 \u2013 Musicaliza\u00e7\u00e3o em Cena \u2013 Escola Estadual C\u00e2ndido Portinari \u2013 Av. Tapaj\u00f3s, 4590 \u2013 Amarante, Betim \u2013 MG \u2013 15:00 horas<br \/>19 \u2013 Musicaliza\u00e7\u00e3o em Cena \u2013 Escola Estadual C\u00e2ndido Portinari \u2013 Av. Tapaj\u00f3s, 4590 \u2013 Amarante, Betim \u2013 MG \u2013 10:30 horas<br \/>19 \u2013 Musicaliza\u00e7\u00e3o em Cena \u2013 Escola Estadual Doutor Renato Azeredo \u2013 Av. Contagem, 579 \u2013 Betim Industrial, Betim \u2013 MG \u2013 11:40 horas<br \/>19 \u2013 Musicaliza\u00e7\u00e3o em Cena \u2013 Escola Estadual Sarah Kubitschek \u2013 R. Ant\u00f4nio Pio Cardoso, 375 \u2013 Novo Horizonte, Betim \u2013 MG \u2013 15:00\u00a0horas<br \/>21 \u2013 Musicaliza\u00e7\u00e3o em Cena \u2013 Escola Estadual Sarah Kubitschek \u2013 R. Ant\u00f4nio Pio Cardoso, 375 \u2013 Novo Horizonte, Betim \u2013 MG \u2013\u00a09:00 horas<br \/>22 \u2013 Musicaliza\u00e7\u00e3o em Cena \u2013 Escola Estadual Professor Carlos L\u00facio de Assis \u2013 Rua Valpara\u00edso, 50 \u2013 Jardim Petr\u00f3polis, Betim \u2013 MG \u2013 11:00 horas<br \/>22 \u2013 Musicaliza\u00e7\u00e3o em Cena \u2013 Escola Estadual Professor Carlos L\u00facio de Assis \u2013 Rua Valpara\u00edso, 50 \u2013 Jardim Petr\u00f3polis, Betim \u2013 MG \u2013 16:00 horas<br \/>25 \u2013 Coral Infantil em Cena \u2013 Coral Infantil Instituto Unimed-MG &#8211; Escola Municipal Aur\u00e9lio Pires &#8211; Rua Barrinha, 171 &#8211; Liberdade, Belo Horizonte &#8211; MG &#8211; 19:00 horas<br \/>27 \u2013 Concerto Coral Unimed-BH 15 Anos \u2013 Teatro Oromar Moreira &#8211; AMMG &#8211; Av. Jo\u00e3o Pinheiro, 161 &#8211; Centro &#8211; Belo Horizonte &#8211; MG &#8211; 20:00 horas<\/p>\n<p class=\"ai-optimize-30\"><strong>DEZEMBRO<\/strong><br \/>05 \u2013 Coral Infantil em Cena \u2013 Coral Infantil Sicoob\/Credicom \u2013 Escola Municipal Maria das Neves \u2013 R. Piranga, 39 \u2013 S\u00e3o Lucas, Belo Horizonte \u2013 MG \u2013 12:30 horas<br \/>07 \u2013 Coral Infantil em Cena \u2013 Coral Infantil Unimed-BH &#8211; Escola Municipal Francisca Alves &#8211; Av. Santa Terezinha, S\/N &#8211; Santa Terezinha, Belo Horizonte &#8211; MG &#8211; 08:00 horas<br \/>10 \u2013 Coral Infantil em Cena \u2013 Coral Infantil Instituto Unimed-MG &#8211; Escola Municipal Aur\u00e9lio Pires &#8211; Rua Barrinha, 171 &#8211; Liberdade, Belo Horizonte &#8211; MG &#8211; 19:00 horas<br \/>12 \u2013 Coral Infantil em Cena \u2013 Coral Infantil Unimed-BH &#8211; Escola Municipal Francisca Alves &#8211; Av. Santa Terezinha, S\/N &#8211; Santa Terezinha, Belo Horizonte &#8211; MG &#8211; 08:30 horas<\/p>\n<h2 class=\"ai-optimize-31\">&#8211; &#8211; &#8211; &#8211; &#8211; &#8211; &#8211; &#8211; &#8211; &#8211; &#8211; &#8211; &#8211; &#8211; &#8211; &#8211; &#8211; &#8211; &#8211; &#8211; &#8211; &#8211; &#8211; &#8211; &#8211;<\/h2>\n<h2 class=\"ai-optimize-32\"><strong>Agenda Cultural SABRA 2023<\/strong><\/h2>\n<p class=\"ai-optimize-33\">A agenda \u00e9 atualizada at\u00e9 o dia 15 do m\u00eas anterior.<br \/>Entrada franca para todas as atividades programadas.<\/p>\n<p class=\"ai-optimize-34\"><strong>MAR\u00c7O e ABRIL<\/strong><br \/>&#8211; Agendamento dos Concertos Did\u00e1ticos da Orquestra Sinf\u00f4nica de Betim e Grupos de C\u00e2mara em Escolas P\u00fablicas.<\/p>\n<p class=\"ai-optimize-35\"><strong>MAIO<\/strong><br \/>03 &#8211; C\u00e2mara em Cena &#8211; Grupo de C\u00e2mara da Escola de M\u00fasica Sabra &#8211; UBS Dom Bosco &#8211; R. Pedra Azul, 382 &#8211; Dom Bosco, Betim &#8211; 15:00 horas<br \/>05 &#8211; C\u00e2mara em Cena &#8211; Grupo de C\u00e2mara da Escola de M\u00fasica Sabra &#8211; Portaria da Escola de M\u00fasica Sabra &#8211; R. Pedro da Silva Fortes, 179 &#8211; Horto, Betim &#8211; 14:00 horas<br \/>09 &#8211; C\u00e2mara em Cena &#8211; Grupo de C\u00e2mara da Escola de M\u00fasica Sabra &#8211; Audit\u00f3rio da APAE &#8211; R. Santos Dumont, 159 &#8211; Horto, Betim &#8211; 09:30 horas<br \/>11 &#8211; Coral Infantil em Cena &#8211; Coral Infantil Instituto Federa\u00e7\u00e3o Unimed MG &#8211; E.M. Aur\u00e9lio Pires &#8211; Aeroporto da Pampulha &#8211; Rua Boaventura, 2312 &#8211; Liberdade &#8211; Belo Horizonte &#8211; 13:00 horas<br \/>11 &#8211; Coral Infantil em Cena &#8211; Coral Infantil Unimed-BH &#8211; E.M. Professora L\u00edgia Magalh\u00e3es &#8211; Rua Os\u00f3rio de Morais, 957 Cidade Industrial Contagem &#8211; 13:20 horas<br \/>11 &#8211; Coral Infantil em Cena &#8211; Coral Infantil Instituto Federa\u00e7\u00e3o Unimed MG &#8211; E.M. Aur\u00e9lio Pires &#8211; Audit\u00f3rio da Federa\u00e7\u00e3o Unimed MG &#8211; Av. Francisco Sales, 1483 &#8211; Santa Efig\u00eania &#8211; Belo Horizonte &#8211; 15:30 horas<br \/>12 &#8211; C\u00e2mara em Cena &#8211; Grupo de C\u00e2mara da Escola de M\u00fasica Sabra &#8211; Portaria da Escola de M\u00fasica Sabra &#8211; R. Pedro da Silva Fortes, 179 &#8211; Horto, Betim &#8211; 10:00 horas<br \/>12 &#8211; Coral Infantil em Cena &#8211; Coral Infantil Credicom &#8211; E.M. Maria das Neves &#8211; Audit\u00f3rio Credicom &#8211; Av. do Contorno, 4265 &#8211; Funcion\u00e1rios, Belo Horizonte &#8211; MG &#8211; 14:30 horas<br \/>13 &#8211; Concerto Did\u00e1tico &#8211; Orquestra de C\u00e2mara AMAS &#8211; SABRA &#8211; Audit\u00f3rio da AMAS &#8211; Rua Goncalves Dias, 205, Washington Pires &#8211; Ibirit\u00e9 &#8211; 10:30 horas<br \/>15 &#8211; Coral Infantil em Cena &#8211; Coral Infantil Credicom &#8211; E.M. Maria das Neves &#8211; R. Piranga, 39 &#8211; S\u00e3o Lucas, Belo Horizonte &#8211; MG &#8211; 09:00 horas<br \/>18 &#8211; Coral Infantil em Cena &#8211; Coral Infantil Credicom &#8211; E.M. Maria das Neves &#8211; R. Piranga, 39 &#8211; S\u00e3o Lucas, Belo Horizonte &#8211; MG &#8211; 13:00 horas<br \/>23 &#8211; C\u00e2mara em Cena &#8211; Grupo de C\u00e2mara da Escola de M\u00fasica Sabra &#8211; Sal\u00e3o Adefib &#8211; R. Pedro da Silva Fortes, 179 &#8211; Horto, Betim &#8211; 14:00 horas<br \/>26 &#8211; C\u00e2mara em Cena &#8211; Grupo de C\u00e2mara da Escola de M\u00fasica Sabra &#8211; Lar Vicentino Divino Ferreira Braga &#8211; Rua do Ros\u00e1rio, 1075 &#8211; Angola, Betim &#8211; 16:00 horas<br \/>27 &#8211; C\u00e2mara em Cena &#8211; Grupo de C\u00e2mara da Escola de M\u00fasica Sabra &#8211; Sal\u00e3o Adefib &#8211; R. Pedro da Silva Fortes, 179 &#8211; Horto, Betim &#8211; 15:30 horas<br \/>28 &#8211; Festa de Israel &#8211; Coral Unimed-BH &#8211; Pra\u00e7a de Israel &#8211; Mangabeiras &#8211; Belo Horizonte &#8211; 13:00 horas<br \/>31 &#8211; C\u00e2mara em Cena &#8211; Orquestra Juvenil da Escola de M\u00fasica Sabra &#8211; Casa de Repouso L\u00edrios de Paula &#8211; R. Joaquim Ven\u00e2ncio, 318 &#8211; Ch\u00e1caras, Betim &#8211; 15:30 horas<\/p>\n<p class=\"ai-optimize-36\"><strong>JUNHO<\/strong><br \/>06 &#8211; Coral Infantil em Cena &#8211; Coral Infantil Unimed-BH &#8211; E. M. Senador Levindo Coelho &#8211; R. Cara\u00e7a, 910 &#8211; Serra, Belo Horizonte &#8211; 14:00 horas<br \/>13 &#8211; Concerto Did\u00e1tico &#8211; Orquestra Sinf\u00f4nica de Betim &#8211; Escola Estadual Deputado Sim\u00e3o da Cunha &#8211; Rua Diamantina, 230 &#8211; Bom Retiro &#8211; Betim &#8211; 14:00 horas<br \/>15 &#8211; Coral Infantil em Cena &#8211; Coral Infantil Unimed-BH &#8211; E. M. Senador Levindo Coelho &#8211; R. Cara\u00e7a, 910 &#8211; Serra, Belo Horizonte &#8211; 08:40 horas<br \/>15 &#8211; Concerto Noturno &#8211; Orquestra Sinf\u00f4nica de Betim e Orquestras Juvenis da Escola de M\u00fasica Sabra &#8211; Audit\u00f3rio do CAR &#8211; Pra\u00e7a Geni Nair, 40 &#8211; Centro, Betim &#8211; 19:00 horas<br \/>16 &#8211; C\u00e2mara em Cena &#8211; Orquestra Juvenil da Escola de M\u00fasica Sabra &#8211; Colegio Tiradentes &#8211; Rua de S\u00edrius, 909 &#8211; Cidade Verde, Betim &#8211; 09:30 horas<br \/>20 &#8211; Coral Infantil em Cena &#8211; Coral Infantil Instituto Federa\u00e7\u00e3o Unimed MG &#8211; E.M. Aur\u00e9lio Pires &#8211; Rua Barrinha, 171 &#8211; Liberdade &#8211; Belo Horizonte &#8211; 10:30 horas<br \/>20 &#8211; Coral Infantil em Cena &#8211; Coral Infantil Instituto Federa\u00e7\u00e3o Unimed MG &#8211; E.M. Aur\u00e9lio Pires &#8211; Rua Barrinha, 171 &#8211; Liberdade &#8211; Belo Horizonte &#8211; 13:00 horas<br \/>21 &#8211; Coral Unimed-BH Convida &#8211; Encontro de Corais &#8211; Audit\u00f3rio HU &#8211; Rua Ponta Por\u00e3, 41 &#8211; Santa Efig\u00eancia &#8211; Belo Horizonte &#8211; 19:00 horas. Participantes: Coral Unimed-BH, Coral Campus em Canto (UFMG) e Coral da FALE (UFMG)<br \/>22 &#8211; Concerto Did\u00e1tico &#8211; Orquestra Sinf\u00f4nica de Betim &#8211; Escola Estadual Tito Livio de Souza &#8211; Rua Joaquim Ven\u00e2ncio, 195 &#8211; Vila Triangulo &#8211; Betim &#8211; 14:00 horas<br \/>23 &#8211; Concerto Did\u00e1tico &#8211; Orquestra de Flautas Sabra &#8211; Escola Estadual Tito Livio de Souza &#8211; Rua Joaquim Ven\u00e2ncio, 195 &#8211; Vila Triangulo &#8211; Betim &#8211; 10:00 horas<\/p>\n<p class=\"ai-optimize-37\"><strong>JULHO<\/strong><br \/>01 &#8211; Coral Infantil em Cena &#8211; Coral Infantil Credicom &#8211; E.M. Maria das Neves &#8211; R. Piranga, 39 &#8211; S\u00e3o Lucas, Belo Horizonte &#8211; MG &#8211; 09:30 horas<br \/>04 &#8211; Concerto Did\u00e1tico &#8211; Orquestra Sinf\u00f4nica de Betim &#8211; Escola Estadual Sara Kubitschek &#8211; Rua Ant\u00f4nio Pio Cardoso, 375 &#8211; Novo Horizonte, Betim &#8211; 15:00 horas<br \/>06 &#8211; Concerto Noturno &#8211; Orquestra Sinf\u00f4nica de Betim e Orquestras de Flautas da Escola de M\u00fasica Sabra &#8211; Audit\u00f3rio do CAR &#8211; Pra\u00e7a Geni Nair, 40 &#8211; Centro, Betim &#8211; 19:00 horas<br \/>08 &#8211; C\u00e2mara em Cena &#8211; Grupo de C\u00e2mara da Escola de M\u00fasica Sabra e Coral Infantil do Col\u00e9gio Tiradentes &#8211; Colegio Tiradentes &#8211; Rua de S\u00edrius, 909 &#8211; Cidade Verde, Betim &#8211; 09:30 horas<br \/>11 &#8211; Concerto Did\u00e1tico &#8211; Orquestra Sinf\u00f4nica de Betim &#8211; Escola Municipal \u00c1gua Limpa &#8211; Rua Ernesto Cassilhas, 272 &#8211; Vila Valeria, Raposos &#8211; 14:00 horas<br \/>11 &#8211; Concerto Did\u00e1tico &#8211; Orquestra Sinf\u00f4nica de Betim &#8211; Escola Municipal Sagrado Cora\u00e7\u00e3o de Jesus &#8211; Rua Ant\u00f4nio Augusto Silva, 2 &#8211; Centro, Raposos &#8211; 15:40 horas<br \/>12 &#8211; Coral Unimed-BH Convida &#8211; Encontro de Corais &#8211; Audit\u00f3rio da Academia Mineira de Letras &#8211; Rua da Bahia, 1499 &#8211; Centro &#8211; Belo Horizonte &#8211; 19:00 horas &#8211; Participa\u00e7\u00e3o: Coral Unimed-BH, Coral Sicoob Credicom, Turn\u00ea Coral Canto &amp; Vida e Coral BDMG<br \/>13 &#8211; Coral Infantil em Cena &#8211; Coral Infantil Unimed-BH &#8211; Escola Municipal Senador Levindo Coelho &#8211; Rua Cara\u00e7a, 910 &#8211; Serra, Belo Horizonte &#8211; 14:00 horas<br \/>13 &#8211; Concerto Did\u00e1tico &#8211; Orquestra Sinf\u00f4nica de Betim &#8211; Escola Municipal Jos\u00e9 Dias Brasil &#8211; Rua Emanuel, 145 &#8211; Vila Esperan\u00e7a, Nova Lima &#8211; 14:00 horas<br \/>13 &#8211; Concerto Did\u00e1tico &#8211; Orquestra Sinf\u00f4nica de Betim &#8211; Escola Municipal Jos\u00e9 Francisco da Silva &#8211; Av. Esmeraldas, 59 &#8211; Barra do C\u00e9u, Nova Lima &#8211; 15:40 horas<\/p>\n<p class=\"ai-optimize-38\"><strong>AGOSTO<\/strong><br \/>22 &#8211; Concerto Did\u00e1tico Unimed-BH &#8211; Orquestra Sinf\u00f4nica de Betim &#8211; Colegio Tiradentes &#8211; Rua de S\u00edrius, 909 &#8211; Cidade Verde, Betim &#8211; 14:30 horas<br \/>24 &#8211; Coral Infantil em Cena &#8211; Coral Infantil Unimed-BH &#8211; E. M. Senador Levindo Coelho &#8211; EMEI Padre Tarc\u00edsio &#8211; R. Mangabeira da Serra, 280 &#8211; Serra, Belo Horizonte &#8211; 14:00 horas<br \/>29 &#8211; Concerto Noturno &#8211; Orquestra Sinf\u00f4nica de Betim e Orquestras Juvenis da Escola de M\u00fasica Sabra &#8211;\u00a0Audit\u00f3rio do CAR &#8211; Pra\u00e7a Geni Nair, 40 &#8211; Centro, Betim &#8211; 19:00 horas<br \/>30 &#8211; Coral Unimed-BH Convida &#8211; Encontro de Corais &#8211; Audit\u00f3rio da Academia Mineira de Letras &#8211; Rua da Bahia, 1499 &#8211; Centro &#8211; Belo Horizonte &#8211; 19:00 horas &#8211; Participa\u00e7\u00e3o: Coral Contas e Cantos do Tribunal de Contas, Coral Unimed-BH e Coral da ASLEMG (Assembleia Legislativa de MG)<br \/>31 &#8211; Coral Infantil em Cena &#8211; Coral Infantil Instituto Federa\u00e7\u00e3o Unimed MG &#8211; E. M. Aur\u00e9lio Pires &#8211; Parque Municipal Am\u00e9rico Renn\u00e9 Giannetti &#8211; Av. Afonso Pena, 1377 &#8211; Centro, Belo Horizonte &#8211; 10:00 horas<br \/>31 &#8211; Coral Infantil em Cena &#8211; Coral Infantil Unimed-BH &#8211; E. M. Senador Levindo Coelho &#8211; EMEI Padre Tarc\u00edsio &#8211; R. Mangabeira da Serra, 280 &#8211; Serra, Belo Horizonte &#8211; 16:00 horas<\/p>\n<p class=\"ai-optimize-39\"><strong>SETEMBRO<\/strong><br \/>17 &#8211; Coral em Cena &#8211; Coral Espa\u00e7o Inclusivo-Sabra &#8211; Pra\u00e7a do Sol &#8211; Av. Severino Ballesteros &#8211; Ressaca, Contagem &#8211; 16:30 horas<br \/>20 &#8211; Concerto Noturno &#8211; Orquestra Sinf\u00f4nica de Betim e Coral Unimed-BH &#8211; Igreja do Carmo &#8211; R. do Carmo, sn &#8211; Centro &#8211; Sabar\u00e1 &#8211; 19:30 horas<br \/>21 &#8211; Coral Infantil em Cena &#8211; Coral Infantil Unimed-BH &#8211; E. M. Senador Levindo Coelho &#8211; Centro Cultural Vila Mar\u00e7ola &#8211; R. Mangabeira da Serra, 320 &#8211; Mar\u00e7ola, Belo Horizonte &#8211; 14:00 horas<br \/>28 &#8211; Concerto Noturno Comemorativo &#8211; SABRA 10 anos &#8211; Orquestra Sinf\u00f4nica de Betim e Orquestras Juvenis da Escola de M\u00fasica Sabra &#8211; Audit\u00f3rio do CAR &#8211; Pra\u00e7a Geni Nair, 40 &#8211; Centro, Betim &#8211; 19:30 horas<\/p>\n<p class=\"ai-optimize-40\"><strong>OUTUBRO<\/strong><br \/>06 &#8211; C\u00e2mara em Cena &#8211; Orquestra Juvenil da Escola de M\u00fasica Sabra &#8211; Escola Municipal Aurelio Pires &#8211; Rua Barrinha, 171 &#8211; Liberdade &#8211; Belo Horizonte &#8211; 10:00 horas<br \/>19 &#8211; Coral Infantil em Cena &#8211; Coral Infantil Instituto Unimed MG &#8211; E.M. Aur\u00e9lio Pires &#8211; Rua Barrinha, 171 &#8211; Liberdade &#8211; Belo Horizonte &#8211; 10:30 horas<br \/>19 &#8211; Coral Infantil em Cena &#8211; Coral Infantil Unimed-BH &#8211; E. M. Senador Levindo Coelho &#8211; E. M. Edson Pizani &#8211; R. Nossa Senhora de F\u00e1tima, 1015 &#8211; Serra, Belo Horizonte &#8211; 14:00 horas<br \/>21 &#8211; Asas da Inova\u00e7\u00e3o &#8220;Homenagem a Santos Dumont e comemora\u00e7\u00e3o do Dia do Aviador&#8221; &#8211; Concerto Coral Unimed-BH &#8211; Mercad\u00e3o Internacional de Lagoa Santa &#8211; Av. Das \u00c1rvores, 290 &#8211; Jardim Ip\u00ea, Lagoa Santa &#8211; MG<br \/>24 &#8211; Concerto Noturno &#8211; Orquestra Sinf\u00f4nica de Betim e Orquestras Juvenis da Escola de M\u00fasica Sabra &#8211;\u00a0 Audit\u00f3rio do CAR &#8211; Pra\u00e7a Geni Nair, 40 &#8211; Centro, Betim &#8211; 19:30 horas<br \/>25 &#8211; Coral Unimed-BH Convida &#8211; Encontro de Corais &#8211; Audit\u00f3rio da Academia Mineira de Letras &#8211; Rua da Bahia, 1499 &#8211; Centro &#8211; Belo Horizonte &#8211; 19:00 horas &#8211; Participa\u00e7\u00e3o: Coral Unimed-BH, Coral Na Engenharia (UFMG) e Coral Cant\u00e1ridas\u00a0(ICB\u00a0&#8211;\u00a0UFMG)<br \/>26 &#8211; Concerto Did\u00e1tico &#8211; Orquestra Sinf\u00f4nica de Betim &#8211; Escola Municipal Vasco Pinto da Fonseca &#8211; R. Paineiras, 1500 &#8211; Eldorado, Contagem &#8211; MG &#8211; 14:30 horas<br \/>28 &#8211; Coral Infantil em Cena &#8211; Coral Infantil Credicom &#8211; E.M. Maria das Neves &#8211; R. Piranga, 39 &#8211; S\u00e3o Lucas, Belo Horizonte &#8211; MG &#8211; 09:00 horas<br \/>31 &#8211; Concerto Did\u00e1tico &#8211; Orquestra Sinf\u00f4nica de Betim &#8211; Escola Municipal Ant\u00f4nio Carlos Lemos &#8211; R. Paineiras, 1500 &#8211; Eldorado, Contagem &#8211; MG &#8211; 14:30 horas<\/p>\n<p class=\"ai-optimize-41\"><strong>NOVEMBRO<\/strong><br \/>07 &#8211; Coral Unimed-BH Convida &#8211; Concerto da Orquestra Sinf\u00f4nica de Betim e Coral Unimed-BH &#8211; Teatro do Minas Centro &#8211; Av. Augusto de Lima, 785 &#8211; Centro, Belo Horizonte &#8211; 13:00 horas.<br \/>23 &#8211; Concerto Noturno &#8211; Orquestra Sinf\u00f4nica de Betim e Orquestras Juvenis da Escola de M\u00fasica Sabra &#8211;\u00a0 Audit\u00f3rio do CAR &#8211; Pra\u00e7a Geni Nair, 40 &#8211; Centro, Betim &#8211; 19:30 horas<br \/>29 \u2013 Concerto Natalino \u2013 Orquestra Sinf\u00f4nica de Betim e Coral Unimed-BH &#8211; Cine Theatro Brasil Vallourec &#8211; Av. Amazonas, 315 &#8211; Centro, Belo Horizonte &#8211; 19:30 horas<\/p>\n<p class=\"ai-optimize-42\"><strong>DEZEMBRO<\/strong><br \/>05 &#8211; Coral Infantil em Cena &#8211; Coral Infantil Unimed-BH &#8211; E. M. Senador Levindo Coelho &#8211; EMEI Padre Tarc\u00edsio &#8211; R. Mangabeira da Serra, 280 &#8211; Serra, Belo Horizonte &#8211; 14:00 horas<br \/>07 &#8211; Coral em Cena &#8211; Coral Inculsivo Adefib &#8211; Sabra &#8211; Teatro Cia Dell&#8217;Art &#8211; Rua Santos Dumont, 105<br \/>10 &#8211; Cantata de Natal &#8211; Coral Unimed-BH &#8211; Capela do Mosteiro Santa Clara &#8211; Rua Santa Rita Dur\u00e3o, 888 &#8211; Funcion\u00e1rios &#8211; Belo Horizonte &#8211; 10:00 horas<br \/>16 &#8211; Coral Unimed-BH convida &#8211; Concerto Coral Unimed-BH e Orquestra de Cordas &#8211; Santu\u00e1rio Nossa Senhora da Piedade &#8211; Alto da Serra da Piedade, s\/n &#8211; Zona Rural, Caet\u00e9 &#8211; MG &#8211; 19:00 horas<\/p>\n<p>\u00a0<\/p>\n<h2 class=\"ai-optimize-43\">&#8211; &#8211; &#8211; &#8211; &#8211; &#8211; &#8211; &#8211; &#8211; &#8211; &#8211; &#8211; &#8211; &#8211; &#8211; &#8211; &#8211; &#8211; &#8211; &#8211; &#8211; &#8211; &#8211; &#8211; &#8211;<\/h2>\n<h2 class=\"ai-optimize-44\"><strong>Agenda Cultural SABRA 2022<\/strong><\/h2>\n<p class=\"ai-optimize-45\">A agenda \u00e9 atualizada at\u00e9 o dia 15 do m\u00eas anterior.<br \/>Entrada franca para todas as atividades programadas.<\/p>\n<p class=\"ai-optimize-46\"><strong>MAR\u00c7O<\/strong><br \/>&#8211; Agendamento dos Concertos Did\u00e1ticos em Escolas Municipais de Betim e Nova Lima.<br \/>&#8211; 31 &#8211; Concerto de inaugura\u00e7\u00e3o do Teatro Municipal Newton Amaral Franco &#8211; Betim &#8211; 19:00 horas<\/p>\n<p class=\"ai-optimize-47\"><strong>ABRIL<\/strong><br \/>&#8211; Agendamento dos Concertos Did\u00e1ticos em Escolas Municipais de Betim e Nova Lima.<\/p>\n<p class=\"ai-optimize-48\"><strong>MAIO<\/strong><br \/>\u2013 05 \u2013 Concerto Did\u00e1tico Unimed-BH \u2013 Grupo de C\u00e2mera da OSBetim (Metais) \u2013 Centro Infantil Municipal Crian\u00e7a Esperan\u00e7a &#8211; Av. Fausto Ribeiro da Silva, 45, Chacaras Arapu\u00e3, Betim \u2013 14:00 horas<br \/>\u2013 05 \u2013 Concerto Did\u00e1tico Unimed-BH \u2013 Grupo de C\u00e2mera da OSBetim (Madeiras) \u2013 Casa da Amizade &#8211; R. Expedicion\u00e1rio Aderbal Salom\u00e9, 491 &#8211; Guaruj\u00e1, Betim \u2013 14:00 horas<br \/>\u2013 05 \u2013 Concerto Did\u00e1tico Unimed-BH \u2013 Grupo de C\u00e2mera da OSBetim (Cordas) \u2013 Instituto Educacional Alfabeto &#8211; R. Vinte e um, 199 Cruzeiro do Sul, Betim \u2013 14:00 horas<br \/>\u2013 12 \u2013 Concerto Did\u00e1tico Unimed-BH \u2013 Grupos de C\u00e2mera da OSBetim (Cordas, Madeiras e Metais) \u2013 Secretaria Municipal de Educa\u00e7\u00e3o &#8211; R. Dr. Silvio Lobo, 257, Angola &#8211; Betim \u2013 14:00 horas<br \/>\u2013 19 \u2013 Concerto S\u00e9rie Noturna \u2013 Orquestra Sinf\u00f4nica de Betim \u2013 Teatro Municipal de Betim \u2013 19:30 horas<br \/>\u2013 22 &#8211; Concerto S\u00e9rie M\u00fasica pela Cidade &#8211; Coral Unimed-BH &#8211; Abertura da 29\u00aa Festa de Israel &#8211; Pra\u00e7a de Israel &#8211; Mangabeiras &#8211; Belo Horizonte &#8211; 10:30 horas<br \/>\u2013 26 \u2013 Concerto Did\u00e1tico Unimed-BH \u2013 Grupo de C\u00e2mera da OSBetim (Metais) \u2013 Creche Comunit\u00e1ria Recanto da Esperan\u00e7a &#8211; R. Dos Industri\u00e1rios, 45, Parque da Industrias, Betim \u2013 14:00 horas<br \/>\u2013 26 \u2013 Concerto Did\u00e1tico Unimed-BH \u2013 Grupo de C\u00e2mera da OSBetim (Madeiras) \u2013 Centro Infantil Municipal Dona Bizu &#8211; R. Castro, 435 &#8211; S\u00e3o Salvador II, Betim \u2013 14:00 horas<br \/>\u2013 26 \u2013 Concerto Did\u00e1tico Unimed-BH \u2013 Grupo de C\u00e2mera da OSBetim (Cordas) \u2013 Instituto Educacional Nascer &#8211; R. Vinte, 55, Cruzeiro do Sul, Betim \u2013 14:00 horashoras<br \/>\u2013 26 \u2013 Concerto Did\u00e1tico Unimed-BH \u2013 Orquestra Sinf\u00f4nica de Betim \u2013 Teatro Municipal de Betim \u2013 15:30 horas<\/p>\n<p class=\"ai-optimize-49\"><strong>JUNHO<\/strong><br \/>\u2013 02 \u2013 Concerto Did\u00e1tico Unimed-BH \u2013 Grupo de C\u00e2mera da OSBetim (Metais) \u2013 Escola Municipal Professora L\u00edgia Magalh\u00e3es &#8211; R. Os\u00f3rio de Morais, 957 &#8211; Cidade Industrial, Contagem &#8211; 14:00 horas<br \/>\u2013 02 \u2013 Concerto Did\u00e1tico Unimed-BH \u2013 Grupo de C\u00e2mera da OSBetim (Metais) \u2013 Creche Comunit\u00e1ria An\u00e1lia Franco \u2013 R. Goi\u00e2nia,47 Niter\u00f3i, Betim \u2013 15:30 horas<br \/>\u2013 02 \u2013 Concerto Did\u00e1tico Unimed-BH \u2013 Grupo de C\u00e2mera da OSBetim (Madeiras) \u2013 Creche Comunit\u00e1ria Bem-ti-Vi &#8211; R. Carlos Gomes Brand\u00e3o, 60, Imbiru\u00e7\u00fa, Betim \u2013 14:00 horas<br \/>\u2013 02 \u2013 Concerto Did\u00e1tico Unimed-BH \u2013 Grupo de C\u00e2mera da OSBetim (Cordas) \u2013 Centro Infantil Municipal Maria do Socorro &#8211; R. Costa Rica &#8211; 111 &#8211; Petrovale, Betim \u2013 14:00 horas<br \/>\u2013 09 \u2013 Concerto Did\u00e1tico Unimed-BH \u2013 Grupo de C\u00e2mera da OSBetim (Metais) \u2013 Creche Comunit\u00e1ria Planeta Azul &#8211; R. Lagoa Dourada, 41, Jardim Teres\u00f3polis &#8211; Betim \u2013 14:00 horas<br \/>\u2013 09 \u2013 Concerto Did\u00e1tico Unimed-BH \u2013 Grupo de C\u00e2mera da OSBetim (Madeiras) \u2013 Creche Comunit\u00e1ria Arara Azul &#8211; Rua Sebasti\u00e3o Alves do Vale,122, Angola &#8211; Betim \u2013 14:00 horas<br \/>\u2013 09 \u2013 Concerto Did\u00e1tico Unimed-BH \u2013 Grupo de C\u00e2mera da OSBetim (Cordas) \u2013 Centro Infantil Municipal Dona Nina &#8211; R. Geraldo Jos\u00e9 Vieira &#8211; 1238 &#8211; Alto Boa Vista &#8211; Betim \u2013 14:00 horas<br \/>\u2013 22 &#8211; Concerto S\u00e9rie M\u00fasica pela Cidade &#8211; Coral Unimed-BH &#8211; Terminal Rodovi\u00e1rio de Belo Horizonte &#8211; 19:30 horas<br \/>\u2013 23 \u2013 Concerto S\u00e9rie Noturna \u2013 Orquestra Sinf\u00f4nica de Betim \u2013 Teatro Municipal de Betim \u2013 19:30 horas<br \/>\u2013 26 \u2013 Encontro de Corais &#8211; Coral Unimed-BH &#8211; Igreja de S\u00e3o Tiago &#8211; Belo Horizonte &#8211; 19:30 horas<br \/>\u2013 30 \u2013 Concerto Did\u00e1tico Unimed-BH \u2013 Grupo de C\u00e2mera da OSBetim (Metais) \u2013 Centro Infantil Municipal Wilma da Costa &#8211; Av. 04 Casa A3 &#8211; Vila das Flores, Betim \u2013 14:00 horas<br \/>\u2013 30 \u2013 Concerto Did\u00e1tico Unimed-BH \u2013 Grupo de C\u00e2mera da OSBetim (Madeiras) \u2013 Centro Infantil Municipal Enis de Souza &#8211; R. Monte Santo, 396 &#8211; Renascer, Betim \u2013 14:00 horas<br \/>\u2013 30 \u2013 Concerto Did\u00e1tico Unimed-BH \u2013 Grupo de C\u00e2mera da OSBetim (Cordas) \u2013 Centro Infantil Municipal Sementes do Amanh\u00e3 &#8211; Av. Nova York, 341 &#8211; Capelinha, Betim \u2013 14:00 horas<br \/>\u2013 30 \u2013 Concerto Did\u00e1tico Unimed-BH \u2013 Orquestra Sinf\u00f4nica de Betim \u2013 Teatro Municipal de Betim \u2013 15:30 horas<\/p>\n<p class=\"ai-optimize-50\"><strong>JULHO<\/strong><br \/>\u2013 04 \u2013 \u00d3pera \u201cLa Serva Padrona\u201d de Pergolesi \u2013 Orquestra Sinf\u00f4nica de Betim e monitores do Coral Unimed-BH (solistas) \u2013 Teatro Municipal de Betim \u2013 19:30 horas<br \/>\u2013 05 \u2013 \u00d3pera \u201cLa Serva Padrona\u201d de Pergolesi \u2013 Orquestra Sinf\u00f4nica de Betim e monitores do Coral Unimed-BH (solistas) \u2013 Teatro Municipal de Betim \u2013 19:30 horas<br \/>\u2013 07 \u2013 Concerto Did\u00e1tico Unimed-BH \u2013 Grupo de C\u00e2mera da OSBetim (Metais) \u2013 Centro Infantil Municipal Recanto da Crian\u00e7a &#8211; R. Maria Geraldina Moreira Braga, 131 &#8211; Jardim Petr\u00f3polis, Betim \u2013 14:00 horas<br \/>\u2013 07 \u2013 Concerto Did\u00e1tico Unimed-BH \u2013 Grupo de C\u00e2mera da OSBetim (Madeiras) \u2013 Centro Infantil Municipal Emanuel Marcelino &#8211; R. Ant\u00f4nio da Silva, 201 &#8211; Ing\u00e1, Betim \u2013 14:00 horas<br \/>\u2013 07 \u2013 Concerto Did\u00e1tico Unimed-BH \u2013 Grupo de C\u00e2mera da OSBetim (Cordas) \u2013 Centro Infantil Municipal Cantinho do Beija-flor &#8211; R. Buenos Aires, 300 &#8211; B. Duque de Caxias, Betim \u2013 14:00 horas<br \/>\u2013 14 \u2013 Concerto Did\u00e1tico Unimed-BH \u2013 Orquestra Sinf\u00f4nica de Betim \u2013 Teatro Municipal de Betim \u2013 15:30 horas<\/p>\n<p class=\"ai-optimize-51\"><strong>AGOSTO<\/strong><br \/>\u2013 04 \u2013 Concerto Did\u00e1tico Unimed-BH \u2013 Grupo de C\u00e2mera da OSBetim (Metais) \u2013 Centro Infantil Municipal Maria das Merces &#8211; R. Par\u00e1, 409 &#8211; Nossa Senhora das Gra\u00e7as, Betim \u2013 14:00 horas<br \/>\u2013 04 \u2013 Concerto Did\u00e1tico Unimed-BH \u2013 Grupo de C\u00e2mera da OSBetim (Madeiras) \u2013 Centro Infantil Municipal Rafaela Santana de Assis &#8211; R. Firmino Assun\u00e7\u00e3o, 826 &#8211; Bom Retiro, Betim \u2013 14:00 horas<br \/>\u2013 04 \u2013 Concerto Did\u00e1tico Unimed-BH \u2013 Grupo de C\u00e2mera da OSBetim (Cordas) \u2013 Centro Infantil Municipal Paulo Monteiro &#8211; Estrada da Charneca, 1501 &#8211; Aroeiras, Betim \u2013 14:00 horas<br \/>\u2013 11 \u2013 Concerto Did\u00e1tico Unimed-BH \u2013 Grupo de C\u00e2mera da OSBetim (Metais) \u2013 Centro Infantil Municipal Concei\u00e7\u00e3o Guilhermina &#8211; R. Maria Madalena Assun\u00e7\u00e3o, 390 &#8211; Bom Retiro, Betim \u2013 14:00 horas<br \/>\u2013 11 \u2013 Concerto Did\u00e1tico Unimed-BH \u2013 Grupo de C\u00e2mera da OSBetim (Madeiras) \u2013 Instituto Educacional Guar\u00e1 &#8211; R. Laranjeiras, 108, Alto das Flores, Betim \u2013 14:00 horas<br \/>\u2013 11 \u2013 Concerto Did\u00e1tico Unimed-BH \u2013 Grupo de C\u00e2mera da OSBetim (Cordas) \u2013 Escola Municipal Geraldo Jorge &#8211; R. Alameda das Porteiras, 260 &#8211; Parque Ipiranga &#8211; Citrol\u00e2ndia, Betim \u2013 14:00 horas<br \/>\u2013 18 \u2013 Concerto S\u00e9rie Noturna \u2013 Orquestra Sinf\u00f4nica de Betim \u2013 Teatro Municipal de Betim \u2013 19:30 horas<br \/>\u2013 21 \u2013 Concerto &#8211; Coral Unimed-BH &#8211; Feira da Av. Afonso Pena &#8211; Belo Horizonte &#8211; 11:000 horas<br \/>\u2013 25 \u2013 Concerto Did\u00e1tico Unimed-BH \u2013 Grupo de C\u00e2mera da OSBetim (Metais) \u2013 Centro Infantil Municipal Sonia Maria &#8211; R. \u00c9rico Ver\u00edssimo, 97 &#8211; Campos El\u00edseos, Betim \u2013 14:00 horas<br \/>\u2013 25 \u2013 Concerto Did\u00e1tico Unimed-BH \u2013 Grupo de C\u00e2mera da OSBetim (\u00e0 definir) \u2013 Centro Infantil Municipal Sonia Maria &#8211; R. \u00c9rico Ver\u00edssimo &#8211; 97 &#8211; B. Campos El\u00edseos, Betim \u2013 14:00 horas<br \/>\u2013 25 \u2013 Concerto Did\u00e1tico Unimed-BH \u2013 Grupo de C\u00e2mera da OSBetim (Madeiras) \u2013 Centro Infantil Municipal Dom Bosco &#8211; R. Itaim, 200 &#8211; Dom Bosco, Betim \u2013 14:00 horas<br \/>\u2013 25 \u2013 Concerto Did\u00e1tico Unimed-BH \u2013 Grupo de C\u00e2mera da OSBetim (Cordas) \u2013 Centro Infantil Municipal S\u00e3o Marcos &#8211; R. Orestes Diniz \u2013 111, S\u00e3o Jorge, Betim \u2013 14:00 horas<br \/>\u2013 25 \u2013 Concerto Did\u00e1tico Unimed-BH \u2013 Orquestra Sinf\u00f4nica de Betim \u2013 Teatro Municipal de Betim \u2013 15:30 horas<\/p>\n<p class=\"ai-optimize-52\"><strong>SETEMBRO<\/strong><br \/>\u2013 01 \u2013 Concerto Did\u00e1tico Unimed-BH \u2013 Grupo de C\u00e2mera da OSBetim (Metais) \u2013 Creche Nossa Senhora Aparecida &#8211; R. Afro Domingos, 523 &#8211; Filadelfia, Betim \u2013 14:00 horas<br \/>\u2013 01 \u2013 Concerto Did\u00e1tico Unimed-BH \u2013 Grupo de C\u00e2mera da OSBetim (Madeiras) \u2013 Centro Infantil Municipal Antonio Bernardes &#8211; Rua Pir\u00e1, 130 &#8211; B. Icaivera, Betim \u2013 14:00 horas<br \/>\u2013 01 \u2013 Concerto Did\u00e1tico Unimed-BH \u2013 Grupo de C\u00e2mera da OSBetim (Madeiras) \u2013 Creche Comunit\u00e1ria Pardalzinho de Ouro &#8211; R. Tapaj\u00f3s, 500, Nova Baden, Betim \u2013 14:00 horas<br \/>\u2013 08 \u2013 Concerto Did\u00e1tico Unimed-BH \u2013 Grupo de C\u00e2mera da OSBetim (Metais) \u2013 Creche Comunit\u00e1ria Colibri &#8211; R. Esp\u00edrito Santo, 918, Decam\u00e3o, Betim \u2013 14:00 horas<br \/>\u2013 08 \u2013 Concerto Did\u00e1tico Unimed-BH \u2013 Grupo de C\u00e2mera da OSBetim (Madeiras) \u2013 Centro Infantil Municipal Casa Escola &#8211; R. Rita Saraiva de Oliveira &#8211; 200 &#8211; B. Vian\u00f3polis, Betim \u2013 14:00 horas<br \/>\u2013 08 \u2013 Concerto Did\u00e1tico Unimed-BH \u2013 Grupo de C\u00e2mera da OSBetim (Cordas) \u2013 Centro Infantil Municipal Maria Engr\u00e1cia &#8211; R. Juvenil Rodrigues Filho, 182 &#8211; B. Paulo Camilo, Betim \u2013 14:00 horas<br \/>\u2013 15 \u2013 Concerto Did\u00e1tico Unimed-BH \u2013 Grupo de C\u00e2mera da OSBetim (Metais) \u2013 Creche Comunit\u00e1ria Ebenezer II &#8211; R. Carm\u00e9lia, 235, Jardim Alterosas, Betim \u2013 14:00 horas<br \/>\u2013 15 \u2013 Concerto Did\u00e1tico Unimed-BH \u2013 Grupo de C\u00e2mera da OSBetim (Madeiras) \u2013 Creche Comunit\u00e1ria De M\u00e3os Dadas &#8211; R. Cravina, 160, Jardim Alterosas, Betim \u2013 14:00 horas<br \/>\u2013 15 \u2013 Concerto Did\u00e1tico Unimed-BH \u2013 Grupo de C\u00e2mera da OSBetim (Cordas) \u2013 Centro Infantil Municipal Santa Ines &#8211; R. Ferrovi\u00e1ria &#8211; 220 &#8211; Santa In\u00eas, Betim \u2013 14:00 horas<br \/>\u2013 25 \u2013 Concerto &#8211; Coral Unimed-BH &#8211; Mercado Municipal de Belo Horizonte &#8211; 11:000 horas<br \/>\u2013 29 \u2013 Concerto Did\u00e1tico Unimed-BH \u2013 Grupo de C\u00e2mera da OSBetim (Metais) \u2013 Centro Infantil Municipal Emilio Mafia &#8211; R. Patroc\u00ednio, No 312, B. Bom Retiro, Betim \u2013 14:00 horas<br \/>\u2013 29 \u2013 Concerto Did\u00e1tico Unimed-BH \u2013 Grupo de C\u00e2mera da OSBetim (Madeiras) \u2013 Creche Comunit\u00e1ria Skekinah Citrol\u00e2ndia &#8211; R. Pedro Jo\u00e3o Jos\u00e9, 101, Citrol\u00e2ndia, Betim \u2013 14:00 horas<br \/>\u2013 29 \u2013 Concerto Did\u00e1tico Unimed-BH \u2013 Grupo de C\u00e2mera da OSBetim (Cordas) \u2013 Centro Infantil Municipal Parque do Cedro &#8211; R. Tuba\u00e9 &#8211; 409 &#8211; Parque do Cedro &#8211; Icaivera, Betim \u2013 14:00 horas<br \/>\u2013 29 \u2013 Concerto Did\u00e1tico Unimed-BH \u2013 Orquestra Sinf\u00f4nica de Betim \u2013 Teatro Municipal de Betim \u2013 15:30 horas<br \/>\u2013 29 \u2013 Concerto S\u00e9rie Noturna \u2013 Orquestra Sinf\u00f4nica de Betim \u2013 Teatro Municipal de Betim \u2013 19:30 horas<\/p>\n<p class=\"ai-optimize-53\"><strong>OUTUBRO<\/strong><br \/>\u2013 06 \u2013 Concerto Did\u00e1tico Unimed-BH \u2013 Grupo de C\u00e2mera da OSBetim (Meais) \u2013 Creche Comunit\u00e1ria Licurgo Feliciano Siqueira Filho &#8211; R. \u00c9vora, 65, S\u00e3o Jo\u00e3o, Betim \u2013 14:00 horas<br \/>\u2013 06 \u2013 Concerto Did\u00e1tico Unimed-BH \u2013 Grupo de C\u00e2mera da OSBetim (Madeiras) \u2013 Creche Comunit\u00e1ria Sorriso de Crian\u00e7a &#8211; Av. Juiz Marco T\u00falio Isaac, 9134, Laranjeiras, Betim \u2013 14:00 horas<br \/>\u2013 06 \u2013 Concerto Did\u00e1tico Unimed-BH \u2013 Grupo de C\u00e2mera da OSBetim (Cordas) \u2013 Creche Comunit\u00e1ria Mundo Colorido &#8211; R. S\u00e3o Tarc\u00edsio, 300, Vila Presidente Kennedy, Betim \u2013 14:00 horas<br \/>\u2013 19 \u2013 Concerto &#8211; Coral Unimed-BH &#8211; Teatro da Associa\u00e7\u00e3o M\u00e9dica de MG &#8211; Belo Horizonte &#8211; 20:000 horas<br \/>\u2013 23 \u2013 Concerto &#8211; Orquestra Sinf\u00f4nica de Betim e Banda Ozome &#8211; Casa da Cultura Josephina Bento &#8211; Av. Padre Os\u00f3rio Braga, 18 &#8211; Centro, Betim &#8211; MG &#8211; 18:00 horas<br \/>\u2013 27 \u2013 Concerto Did\u00e1tico Unimed-BH \u2013 Grupo de C\u00e2mera da OSBetim (Metais) \u2013 Centro Infantil Municipal TIA DULCE R. Augusto Severo &#8211; 254 &#8211; Jardim Teres\u00f3polis, Betim \u2013 14:00 horas<br \/>\u2013 27 \u2013 Concerto Did\u00e1tico Unimed-BH \u2013 Grupo de C\u00e2mera da OSBetim (Madeiras) \u2013 Creche Comunit\u00e1ria M\u00e3e Trabalhadora &#8211; R. Portugal, 115, Petrovale, Betim \u2013 14:00 horas<br \/>\u2013 27 \u2013 Concerto Did\u00e1tico Unimed-BH \u2013 Grupo de C\u00e2mera da OSBetim (Cordas) \u2013 Centro Infantil Municipal S\u00e3o Luiz &#8211; Rua Liberdade, 866 &#8211; S\u00e3o Luiz, Betim \u2013 14:00 horas<br \/>\u2013 27 \u2013 Concerto Did\u00e1tico Unimed-BH \u2013 Orquestra Sinf\u00f4nica de Betim \u2013 Teatro Municipal de Betim \u2013 15:30 horas<\/p>\n<p class=\"ai-optimize-54\"><strong>NOVEMBRO<\/strong><br \/>\u2013 03 \u2013 Concerto Did\u00e1tico Unimed-BH \u2013 Grupo de C\u00e2mera da OSBetim (Metais) \u2013 Creche Comunit\u00e1ria Cantinho da Vila &#8211; R. Macap\u00e1, 245, S\u00e3o Caetano, Betim \u2013 14:00 horas<br \/>\u2013 03 \u2013 Concerto Did\u00e1tico Unimed-BH \u2013 Grupo de C\u00e2mera da OSBetim (Madeiras) \u2013 Centro Infantil Municipal Silvana Pedrosa &#8211; R. das Brom\u00e9lias, 400 &#8211; Conjunto Habitacional Concei\u00e7\u00e3o Jalila Pedrosa, Betim \u2013 14:00 horas<br \/>\u2013 03 \u2013 Concerto Did\u00e1tico Unimed-BH \u2013 Grupo de C\u00e2mera da OSBetim (Cordas) \u2013 Creche Comunit\u00e1ria Mandarim &#8211; R. Riachuelo, 243, Laranjeiras, Betim \u2013 14:00 horas<br \/>\u2013 10 \u2013 Concerto Did\u00e1tico Unimed-BH \u2013 Grupo de C\u00e2mera da OSBetim (Metais) \u2013 Creche Comunit\u00e1ria GRIASC &#8211; R. Jeramenha, 70, S\u00e3o Caetano, Betim \u2013 14:00 horas<br \/>\u2013 10 \u2013 Concerto Did\u00e1tico Unimed-BH \u2013 Grupo de C\u00e2mera da OSBetim (Madeiras) \u2013 Centro Infantil Municipal SILVINA JULIA R. Caldas, 306 &#8211; Vila Cristina, Betim \u2013 14:00 horas<br \/>\u2013 10 \u2013 Concerto Did\u00e1tico Unimed-BH \u2013 Grupo de C\u00e2mera da OSBetim (Cordas) \u2013 Creche Comunit\u00e1ria Paraiso Infantil &#8211; Av. Afonso C\u00e2ndido de Souza, 30, Jardim Alterosas, Betim \u2013 14:00 horas<br \/>\u2013 17 \u2013 Concerto \u2013 Orquestra Sinf\u00f4nica de Betim \u2013 Mostra Cultural e Art\u00edstica das Escolas Municipais de Betim \/ SEMED &#8211; Monte Carmo Shopping\u00a0 \u2013 14:00 horas<br \/>\u2013 22 \u2013 Concerto Did\u00e1tico Unimed-BH \u2013 Orquestra Sinf\u00f4nica de Betim \u2013 Escola Municipal Jos\u00e9 Dias Brasil \u2013 Nova Lima\u00a0 \u2013 14:00 horas<br \/>\u2013 22 \u2013 Concerto Did\u00e1tico Unimed-BH \u2013 Orquestra Sinf\u00f4nica de Betim \u2013 Escola Municipal Jos\u00e9 Francisco da Silva \u2013 Nova Lima\u00a0 \u2013 15:30 horas<br \/>\u2013 27 \u2013 Cantata de Natal &#8211; Coral Unimed-BH e Orquestra Juvenil SABRA &#8211; Igreja de S\u00e3o Mateus &#8211; Belo Horizonte &#8211; 17:00 horas<br \/>\u2013 29 \u2013 Concerto Natalino \u2013 Orquestra Sinf\u00f4nica de Betim e Corais Infantis \u2013 Escola Municipal Senador Levindo Coelho &#8211; BH\u00a0 \u2013 14:30 horas<\/p>\n<p class=\"ai-optimize-55\"><strong>DEZEMBRO<\/strong><br \/>\u2013 01 \u2013 Concerto Natalino \u2013 Orquestra Sinf\u00f4nica de Betim \u2013 Escola Municipal Aur\u00e9lio Pires \u2013 Belo Horizonte \u2013 14:30 horas<br \/>\u2013 06 \u2013 Concerto Did\u00e1tico Unimed-BH \u2013 Orquestra Sinf\u00f4nica de Betim \u2013 Teatro Municipal de Betim \u2013 15:30 horas<br \/>\u2013 08 \u2013 Concerto Did\u00e1tico Unimed-BH \u2013 Grupo de C\u00e2mera da OSBetim (Metais) \u2013 Creche Municipal Dona Marta &#8211; Rua Caxambu, 44 &#8211; Vila Recreio \u2013 14:00 horas<br \/>\u2013 08 \u2013 Concerto Did\u00e1tico Unimed-BH \u2013 Grupo de C\u00e2mera da OSBetim (Cordas) \u2013 Creche Municipal Primeiros Passos &#8211; Av. das Palmeiras, 373 &#8211; Jardim Alterosa \u2013 14:00 horas<br \/>\u2013 08 \u2013 Concerto Did\u00e1tico Unimed-BH \u2013 Grupo de C\u00e2mera da OSBetim (Cordas) \u2013 Creche Comunit\u00e1ria S\u00e3o Jos\u00e9 &#8211; Av. \u00c1lvaro da Silveira,164 &#8211; Marimb\u00e1, Betim \u2013 14:00 horas<br \/>\u2013 08 \u2013 Concerto Did\u00e1tico Unimed-BH \u2013 Teatro Municipal de Betim \u2013 15:30 horas<br \/>\u2013 08 \u2013 Concerto S\u00e9rie Noturna \u2013 Musicaliza\u00e7\u00e3o Infantil\u00a0\u2013 Teatro Municipal de Betim \u2013 19:30 horas<br \/>\u2013 12 \u2013 Concerto S\u00e9rie Noturna &#8211; Orquestras da Escola de M\u00fasica SABRA \u2013 Teatro Municipal de Betim \u2013 19 horas<br \/>\u2013 13 \u2013 Concerto Did\u00e1tico Unimed-BH \u2013 Orquestra Sinf\u00f4nica de Betim \u2013 Teatro Municipal de Betim \u2013 15:30 horas<br \/>\u2013 15 \u2013 Concerto Natalino \u2013 Orquestra Sinf\u00f4nica de Betim e Coral Unimed-BH &#8211; Cine Theatro Brasil Vallourec &#8211; Belo Horizonte &#8211; 19:30 horas<\/p>\n<h2 class=\"ai-optimize-56\">&#8211; &#8211; &#8211; &#8211; &#8211; &#8211; &#8211; &#8211; &#8211; &#8211; &#8211; &#8211; &#8211; &#8211; &#8211; &#8211; &#8211; &#8211; &#8211; &#8211; &#8211; &#8211; &#8211; &#8211; &#8211;<\/h2>\n<h2>\u00a0<\/h2>\n<h2 class=\"ai-optimize-57\">Agenda Cultural SABRA 2021<\/h2>\n<p class=\"ai-optimize-58\">Devido \u00e0 pandemia de Covid-19 nossas atividades foram realizadas remotamente atrav\u00e9s de nosso canal no YouTube ( <a href=\"https:\/\/www.youtube.com\/c\/sabrabrasil\" target=\"_blank\" rel=\"noopener\">https:\/\/www.youtube.com\/c\/sabrabrasil<\/a> ) e da plataforma <a href=\"https:\/\/em.sabra.org.br\/\" target=\"_blank\" rel=\"noopener\">Sabra-Sol<\/a>.<\/p>\n<h2 class=\"ai-optimize-59\">&#8211; &#8211; &#8211; &#8211; &#8211; &#8211; &#8211; &#8211; &#8211; &#8211; &#8211; &#8211; &#8211; &#8211; &#8211; &#8211; &#8211; &#8211; &#8211; &#8211; &#8211; &#8211; &#8211; &#8211; &#8211;<\/h2>\n<h2 class=\"ai-optimize-60\">Agenda Cultural SABRA 2020<\/h2>\n<p class=\"ai-optimize-61\">Devido \u00e0 pandemia decCovid-19 nossas atividades foram realizadas remotamente atrav\u00e9s de nosso canal no YouTube ( <a href=\"https:\/\/www.youtube.com\/c\/sabrabrasil\" target=\"_blank\" rel=\"noopener\">https:\/\/www.youtube.com\/c\/sabrabrasil<\/a> ).<\/p>\n<h2 class=\"ai-optimize-62\">&#8211; &#8211; &#8211; &#8211; &#8211; &#8211; &#8211; &#8211; &#8211; &#8211; &#8211; &#8211; &#8211; &#8211; &#8211; &#8211; &#8211; &#8211; &#8211; &#8211; &#8211; &#8211; &#8211; &#8211; &#8211;<\/h2>\n<h2 class=\"ai-optimize-63\">Agenda Cultural SABRA 2019<\/h2>\n<p class=\"ai-optimize-64\">A agenda \u00e9 atualizada at\u00e9 o dia 20 do m\u00eas anterior.<\/p>\n<p class=\"ai-optimize-65\">Entrada franca para todas as atividades programadas.<\/p>\n<p>\u00a0<\/p>\n<p class=\"ai-optimize-66\">MAR\u00c7O<\/p>\n<p class=\"ai-optimize-67\">08 &#8211; sex &#8211; Duo de violinos da Orquestra Sinf\u00f4nica de Betim &#8211; Audit\u00f3rio Sicoob Credicom &#8211; 10 horas<\/p>\n<p class=\"ai-optimize-68\">27 &#8211; qua &#8211; Coral Unimed-BH &#8211; Assembl\u00e9ia Geral Ordin\u00e1ria Unimed-BH &#8211; KM de Vantagens &#8211; 19 horas &#8211; Reg\u00eancia: M\u00e1rcio Miranda Pontes<\/p>\n<p class=\"ai-optimize-69\">28 &#8211; qui &#8211; Coral Apromiv &#8211; 3\u00aa Confer\u00eancia Municipal dos direitos da pessoa idosa &#8211; Apromiv &#8211; 13 horas &#8211; Reg\u00eancia: Jeanne Louise<\/p>\n<p class=\"ai-optimize-70\">28 &#8211; qui &#8211; Coral Infantil SABRA\/Betim &#8211; E.M.Raul Saraiva Ribeiro &#8211; Projeto Liter\u00e1rio FLIR &#8211; Escola Municipal Raul Saraiva Ribeiro &#8211; 15 horas &#8211; Reg\u00eancia: Jeanne Louise<\/p>\n<p class=\"ai-optimize-71\">30 &#8211; sab &#8211; Coral Infantil Sicoob\/Credicom\/E.M. Maria das Neves &#8211; Encontro Estrat\u00e9gico Credicom &#8211; Audit\u00f3rio Unimed &#8211; 10 horas &#8211; Reg\u00eancia: W\u00e2nder Meira<\/p>\n<p class=\"ai-optimize-72\">ABRIL<\/p>\n<p class=\"ai-optimize-73\">23 &#8211; ter &#8211; Grupo de C\u00e2mara da Orquestra Sinf\u00f4nica de Betim &#8211; M\u00fasica na Cidade &#8211; Escola Municipal Margarida Soares &#8211; 14 horas<\/p>\n<p class=\"ai-optimize-74\">23 &#8211; ter &#8211; Grupo de C\u00e2mara da Orquestra Sinf\u00f4nica de Betim &#8211; M\u00fasica na Cidade &#8211; Escola Municipal Josefina Macedo Gontijo &#8211; 15 horas<\/p>\n<p class=\"ai-optimize-75\">23 &#8211; ter &#8211; Grupo de C\u00e2mara da Orquestra Sinf\u00f4nica de Betim &#8211; M\u00fasica na Cidade &#8211; APROMIV &#8211; 16 horas<\/p>\n<p class=\"ai-optimize-76\">24 &#8211; qua &#8211; Coral Infantil Credicom\/E.M. Maria das Neves &#8211; C\u00e2mara Municipal de Belo Horizonte &#8211; 14 horas &#8211; Reg\u00eancia: W\u00e2nder Meira<\/p>\n<p class=\"ai-optimize-77\">25 &#8211; qui &#8211; Orquestra Sinf\u00f4nica de Betim &#8211; Concerto Did\u00e1tico &#8211; Parque de Exposi\u00e7\u00f5es David Gon\u00e7alves Lara &#8211; Tattersal &#8211; 14 horas \u2013 Reg\u00eancia: M\u00e1rcio Miranda Pontes<\/p>\n<p class=\"ai-optimize-78\">26 &#8211; sex &#8211; Coral Infantil SABRA\/BETIM \u2013 E. M. Josefina Mac\u00eado Gontijo &#8211; Escola Municipal Josefina Mac\u00eado Gontijo &#8211; 09 horas &#8211; Reg\u00eancia: Jeanne Louise<\/p>\n<p class=\"ai-optimize-79\">26 &#8211; sex &#8211; Duo de violinos da Orquestra Sinf\u00f4nica de Betim &#8211; XXI F\u00f3rum da Academia Brasileira de Pediatria &#8211; Associa\u00e7\u00e3o M\u00e9dica de Minas Gerais &#8211; 10 horas<\/p>\n<p class=\"ai-optimize-80\">30 &#8211; ter &#8211; Trio de cordas da Orquestra Sinf\u00f4nica de Betim &#8211; M\u00fasica na Cidade &#8211; Creche Mundo Colorido &#8211; 14 horas<\/p>\n<p class=\"ai-optimize-81\">MAIO<\/p>\n<p class=\"ai-optimize-82\">02 &#8211; ter &#8211; Grupo de C\u00e2mara da Orquestra Sinf\u00f4nica de Betim &#8211; M\u00fasica na Cidade &#8211; Unidade B\u00e1sica de Sa\u00fade Homero Gil &#8211; 14 horas<\/p>\n<p class=\"ai-optimize-83\">02 &#8211; ter &#8211; Grupo de C\u00e2mara da Orquestra Sinf\u00f4nica de Betim &#8211; M\u00fasica na Cidade &#8211; Centro Infantil Municipal Maria das Merc\u00eas Siqueira &#8211; 15 horas<\/p>\n<p class=\"ai-optimize-84\">02 &#8211; ter &#8211; Grupo de C\u00e2mara da Orquestra Sinf\u00f4nica de Betim &#8211; M\u00fasica na Cidade &#8211; Creche Lar dos Inocentes &#8211; 16 horas<\/p>\n<p class=\"ai-optimize-85\">04 &#8211; sab &#8211; Coral Unimed-BH &#8211; Feira Nacional de Orqu\u00eddeas &#8211; Shopping Boulevard &#8211; 16 horas &#8211; Reg\u00eancia: M\u00e1rcio Miranda Pontes<\/p>\n<p class=\"ai-optimize-86\">09 &#8211; qui &#8211; Grupo de C\u00e2mara da Orquestra Sinf\u00f4nica de Betim &#8211; M\u00fasica na Cidade &#8211; Cetap &#8211; 14 horas<\/p>\n<p class=\"ai-optimize-87\">09 &#8211; qui &#8211; Grupo de C\u00e2mara da Orquestra Sinf\u00f4nica de Betim &#8211; M\u00fasica na Cidade &#8211; Asilo NAEPT &#8211; 15 horas<\/p>\n<p class=\"ai-optimize-88\">09 &#8211; qui &#8211; Grupo de C\u00e2mara da Orquestra Sinf\u00f4nica de Betim &#8211; M\u00fasica na Cidade &#8211; Asilo Divino Ferreira Braga &#8211; 16 horas<\/p>\n<p class=\"ai-optimize-89\">10 &#8211; sex &#8211; Coral Infantil Unimed-BH\/E.M. S\u00e3o Rafael &#8211; Comemora\u00e7\u00e3o Dia das m\u00e3es &#8211; Accor Hotel &#8211; 09:30 horas &#8211; Reg\u00eancia: K\u00e9zia Vieira<\/p>\n<p class=\"ai-optimize-90\">10 &#8211; sex &#8211; Coral Infantil Sicoob\/Credicom\/E.M. Maria das Neves &#8211; Comemora\u00e7\u00e3o Dia das m\u00e3es &#8211; Sicoob Credicom &#8211; 14 horas &#8211; Reg\u00eancia: W\u00e2nder Meira<\/p>\n<p class=\"ai-optimize-91\">14 &#8211; ter &#8211; Coral Infantil Unimed-BH\/E.M. S\u00e3o Rafael &#8211; Comemora\u00e7\u00e3o Dia das m\u00e3es &#8211; Maternidade Unimed-BH\/Graja\u00fa &#8211; 10 horas &#8211; Reg\u00eancia: K\u00e9zia Vieira<\/p>\n<p class=\"ai-optimize-92\">16 &#8211; qui &#8211; Coral Infantil Unimed-BH\/E.M. S\u00e3o Rafael &#8211; Comemora\u00e7\u00e3o Dia das m\u00e3es &#8211; Escola Municipal S\u00e3o Rafael &#8211; 13 horas &#8211; Reg\u00eancia: K\u00e9zia Vieira<\/p>\n<p class=\"ai-optimize-93\">16 &#8211; qui &#8211; Grupo de C\u00e2mara da Orquestra Sinf\u00f4nica de Betim &#8211; M\u00fasica na Cidade &#8211; Creche Querubins &#8211; 14 horas<\/p>\n<p class=\"ai-optimize-94\">16 &#8211; qui &#8211; Grupo de C\u00e2mara da Orquestra Sinf\u00f4nica de Betim &#8211; M\u00fasica na Cidade &#8211; SEMED &#8211; 14:45 horas<\/p>\n<p class=\"ai-optimize-95\">16 &#8211; qui &#8211; Grupo de C\u00e2mara da Orquestra Sinf\u00f4nica de Betim &#8211; M\u00fasica na Cidade &#8211; Escola Municipal Ant\u00f4nio de Assis Martins &#8211; 15:15 horas<\/p>\n<p class=\"ai-optimize-96\">16 &#8211; qui &#8211; Grupo de C\u00e2mara da Orquestra Sinf\u00f4nica de Betim &#8211; M\u00fasica na Cidade &#8211; Escola Municipal Geraldo Magela Diniz &#8211; 16 horas<\/p>\n<p class=\"ai-optimize-97\">18 &#8211; sab &#8211; Coral Unimed-BH &#8211; Homenagem ao dia das m\u00e3es &#8211; Maternidade Unimed-BH\/Graja\u00fa &#8211; 11 horas &#8211; Reg\u00eancia: M\u00e1rcio Miranda Pontes<\/p>\n<p class=\"ai-optimize-98\">26 &#8211; dom &#8211; Coral Unimed-BH &#8211; Festa Israelita &#8211; Pra\u00e7a de Israel &#8211; 14 horas &#8211; Reg\u00eancia: M\u00e1rcio Miranda Pontes<\/p>\n<p class=\"ai-optimize-99\">30 &#8211; qui &#8211; Orquestra Sinf\u00f4nica de Betim &#8211; Concerto Did\u00e1tico &#8211; Parque de Exposi\u00e7\u00f5es David Gon\u00e7alves Lara &#8211; Tattersal &#8211; 14 horas \u2013 Reg\u00eancia: M\u00e1rcio Miranda Pontes<\/p>\n<p class=\"ai-optimize-100\">31 &#8211; sex &#8211; Orquestras Infantil e Infanto Juvenil de Betim &#8211; Abertura do Festival Desperta &#8211; Pra\u00e7a Milton Campos, Betim &#8211; 18 horas \u2013 Reg\u00eancia: M\u00e1rcio Miranda Pontes<\/p>\n<p class=\"ai-optimize-101\">JUNHO<\/p>\n<p class=\"ai-optimize-102\">06 &#8211; qui &#8211; Orquestra Sinf\u00f4nica de Betim, Orquestra Infantil de Betim e Orquestra Infanto Juvenil de Betim &#8211; Concerto de Gala &#8211; Audit\u00f3rio da Prefeitura Municipal de Betim &#8211; 19 horas &#8211; Reg\u00eancia: M\u00e1rcio Miranda Pontes<\/p>\n<p class=\"ai-optimize-103\">11 &#8211; ter &#8211; Coral Infantil Unimed-BH\/E.M. S\u00e3o Rafael &#8211; Comemora\u00e7\u00e3o Dia dos namorados &#8211; Escola Municipal S\u00e3o Rafael &#8211; 13 horas &#8211; Reg\u00eancia: K\u00e9zia Vieira<\/p>\n<p class=\"ai-optimize-104\">13 &#8211; qui &#8211; Grupo de C\u00e2mara da Orquestra Sinf\u00f4nica de Betim &#8211; M\u00fasica na Cidade &#8211; Creche Maurivar Rosa &#8211; 14 horas<\/p>\n<p class=\"ai-optimize-105\">13 &#8211; qui &#8211; Grupo de C\u00e2mara da Orquestra Sinf\u00f4nica de Betim &#8211; M\u00fasica na Cidade &#8211; Creche Ebenezer &#8211; 15 horas<\/p>\n<p class=\"ai-optimize-106\">13 &#8211; qui &#8211; Grupo de C\u00e2mara da Orquestra Sinf\u00f4nica de Betim &#8211; M\u00fasica na Cidade &#8211; Creche Cantinho da Dindinha &#8211; 16 horas<\/p>\n<p class=\"ai-optimize-107\">18 &#8211; ter &#8211; Grupo de C\u00e2mara da Orquestra Sinf\u00f4nica de Betim &#8211; M\u00fasica na Cidade &#8211; Escola Municipal Vereador Rafael Barbizan &#8211; 14:30 &#8211; Reg\u00eancia: Helio Silva<\/p>\n<p class=\"ai-optimize-108\">18 &#8211; ter &#8211; Grupo de C\u00e2mara da Orquestra Sinf\u00f4nica de Betim &#8211; M\u00fasica na Cidade &#8211; Fhemig &#8211; 15:30 &#8211; Reg\u00eancia: Helio Silva<\/p>\n<p class=\"ai-optimize-109\">24 &#8211; seg &#8211; Grupo do curso de musicaliza\u00e7\u00e3o SABRA\/Betim &#8211; Parque de Exposi\u00e7\u00f5es David Gon\u00e7alves Lara &#8211; Tattersal &#8211; 19 horas<\/p>\n<p class=\"ai-optimize-110\">26 &#8211; qua &#8211; Grupo do curso de musicaliza\u00e7\u00e3o SABRA\/Betim &#8211; Parque de Exposi\u00e7\u00f5es David Gon\u00e7alves Lara &#8211; Tattersal &#8211; 19 horas<\/p>\n<p class=\"ai-optimize-111\">27 &#8211; qui &#8211; Orquestra Sinf\u00f4nica de Betim &#8211; Concerto Did\u00e1tico &#8211; Parque de Exposi\u00e7\u00f5es David Gon\u00e7alves Lara &#8211; Tattersal &#8211; 14 horas \u2013 Reg\u00eancia: M\u00e1rcio Miranda Pontes<\/p>\n<p class=\"ai-optimize-112\">29 &#8211; sab &#8211; Coral Unimed-BH &#8211; Missa Especial Formatura Medicina &#8211; Igreja Nossa Senhora do Carmo &#8211; 12 horas &#8211; Reg\u00eancia: M\u00e1rcio Miranda Pontes<\/p>\n<p class=\"ai-optimize-113\">JULHO<\/p>\n<p class=\"ai-optimize-114\">04 &#8211; qui &#8211; Grupo de C\u00e2mara da Orquestra Sinf\u00f4nica de Betim &#8211; M\u00fasica na Cidade &#8211; &#8211; 14 horas<\/p>\n<p class=\"ai-optimize-115\">04 &#8211; qui &#8211; Grupo de C\u00e2mara da Orquestra Sinf\u00f4nica de Betim &#8211; M\u00fasica na Cidade &#8211; &#8211; 14 horas<\/p>\n<p class=\"ai-optimize-116\">14 &#8211; dom &#8211; Coral Unimed-BH &#8211; Flas mob Feira Afonso Pena &#8211; 10 horas &#8211; Reg\u00eancia: M\u00e1rcio Miranda Pontes<\/p>\n<p class=\"ai-optimize-117\">11 &#8211; qui &#8211; Coral Infantil Unimed-BH\/E.M. S\u00e3o Rafael &#8211; Audi\u00e7\u00e3o final semestre &#8211; Escola Municipal S\u00e3o Rafael &#8211; 13 horas &#8211; Reg\u00eancia: K\u00e9zia Vieira<\/p>\n<p class=\"ai-optimize-118\">AGOSTO<\/p>\n<p class=\"ai-optimize-119\">08 &#8211; qui &#8211; Grupo de C\u00e2mara da Orquestra Sinf\u00f4nica de Betim &#8211; M\u00fasica na Cidade &#8211; Creche Casa da Amizade &#8211; 14 horas<\/p>\n<p class=\"ai-optimize-120\">08 &#8211; qui &#8211; Grupo de C\u00e2mara da Orquestra Sinf\u00f4nica de Betim &#8211; M\u00fasica na Cidade &#8211; Creche Emanuel Marcelino &#8211; 15 horas<\/p>\n<p class=\"ai-optimize-121\">18 &#8211; dom &#8211; Coral Unimed-BH &#8211; Festa Italiana &#8211; Savassi &#8211; 12:30 &#8211; Reg\u00eancia: M\u00e1rcio Miranda Pontes<\/p>\n<p class=\"ai-optimize-122\">21 &#8211; qua &#8211; Coral Unimed-BH &#8211; Homenagem ao Dia dos Pais &#8211; Hospital da Unimed &#8211; 19 horas &#8211; Reg\u00eancia: M\u00e1rcio Miranda Pontes<\/p>\n<p class=\"ai-optimize-123\">22 &#8211; qui &#8211; Orquestra Sinf\u00f4nica de Betim &#8211; Concerto Did\u00e1tico &#8211; Parque de Exposi\u00e7\u00f5es David Gon\u00e7alves Lara &#8211; Tattersal &#8211; 14 horas \u2013 Reg\u00eancia: M\u00e1rcio Miranda Pontes<\/p>\n<p class=\"ai-optimize-124\">22 &#8211; qui &#8211; Grupo de C\u00e2mara da Orquestra Sinf\u00f4nica de Betim &#8211; M\u00fasica na Cidade &#8211; Creche Crian\u00e7a Esperan\u00e7a &#8211; 15 horas<\/p>\n<p class=\"ai-optimize-125\">22 &#8211; qui &#8211; Coral Infantil Unimed-BH\/E.M. S\u00e3o Rafael &#8211; Comemora\u00e7\u00e3o Dia dos pais &#8211; Escola Municipal S\u00e3o Rafael &#8211; 13 horas &#8211; Reg\u00eancia: K\u00e9zia Vieira<\/p>\n<p class=\"ai-optimize-126\">24 &#8211; sab &#8211; Coral Unimed-BH &#8211; Ensaio Festival Cultural Unimed-BH &#8211; Escola Municipal Hugo Werneck &#8211; 10 horas &#8211; Reg\u00eancia: M\u00e1rcio Miranda Pontes<\/p>\n<p class=\"ai-optimize-127\">29 &#8211; qui &#8211; Orquestra Sinf\u00f4nica de Betim &#8211; Concerto Did\u00e1tico &#8211; Parque de Exposi\u00e7\u00f5es David Gon\u00e7alves Lara &#8211; Tattersal &#8211; 14 horas \u2013 Reg\u00eancia: M\u00e1rcio Miranda Pontes<\/p>\n<p class=\"ai-optimize-128\">31 &#8211; sab &#8211; Coral Unimed-BH &#8211; M\u00fasica no col\u00e9gio &#8211; Col\u00e9gio Santo Ant\u00f4nio &#8211; 15 horas &#8211; Reg\u00eancia: M\u00e1rcio Miranda Pontes<\/p>\n<p class=\"ai-optimize-129\">SETEMBRO<\/p>\n<p class=\"ai-optimize-130\">05 &#8211; qui &#8211; Grupo de C\u00e2mara da Orquestra Sinf\u00f4nica de Betim &#8211; M\u00fasica na Cidade &#8211; Creche Sorriso de uma Crian\u00e7a &#8211; 14 horas<\/p>\n<p class=\"ai-optimize-131\">05 &#8211; qui &#8211; Grupo de C\u00e2mara da Orquestra Sinf\u00f4nica de Betim &#8211; M\u00fasica na Cidade &#8211; Creche Semente do Amanh\u00e3 &#8211; 15 horas<\/p>\n<p class=\"ai-optimize-132\">07 &#8211; sab &#8211; Coral Unimed-BH &#8211; Ensaio Festival &#8211; Escola Municipal Hugo Werneck &#8211; 10 horas &#8211; Reg\u00eancia: M\u00e1rcio Miranda Pontes<\/p>\n<p class=\"ai-optimize-133\">12 &#8211; qui &#8211; Orquestra Sinf\u00f4nica de Betim &#8211; Concerto Did\u00e1tico &#8211; Parque de Exposi\u00e7\u00f5es David Gon\u00e7alves Lara &#8211; Tattersal &#8211; 14 horas \u2013 Reg\u00eancia: M\u00e1rcio Miranda Pontes<\/p>\n<p class=\"ai-optimize-134\">19 &#8211; qui &#8211; Coral Unimed-BH e Orquestra Sinf\u00f4nica de Betim &#8211; Passagem de som &#8211; Festival Cultural Unimed-BH &#8211; 16 horas<\/p>\n<p class=\"ai-optimize-135\">19 &#8211; qui &#8211; Grupo de C\u00e2mara da Orquestra Sinf\u00f4nica de Betim &#8211; M\u00fasica na Cidade &#8211; Creche Sorriso de uma crian\u00e7a &#8211; 14 horas<\/p>\n<p class=\"ai-optimize-136\">20 &#8211; sex &#8211; Coral Unimed-BH e Orquestra Sinf\u00f4nica de Betim &#8211; Ensaio Geral para Festival Cultural\u00a0 Unimed-BH &#8211; 10 horas &#8211; Reg\u00eancia: M\u00e1rcio Miranda Pontes<\/p>\n<p class=\"ai-optimize-137\">21 &#8211; sab &#8211; Orquestra Sinf\u00f4nica de Betim e Coral Unimed-BH &#8211; Festival Cultural Unimed-BH &#8211; Belo Horizonte &#8211; 18 horas &#8211; Reg\u00eancia: M\u00e1rcio Miranda Pontes<\/p>\n<p class=\"ai-optimize-138\">24 &#8211; ter &#8211; Coral Infantil Unimed-BH\/E.M. S\u00e3o Rafael &#8211; Sauda\u00e7\u00e3o a Primavera &#8211; Escola Municipal S\u00e3o Rafael &#8211; 13 horas &#8211; Reg\u00eancia: K\u00e9zia Vieira<\/p>\n<p class=\"ai-optimize-139\">26 &#8211; qui &#8211; Orquestra Sinf\u00f4nica de Betim &#8211; Concerto Did\u00e1tico &#8211; Parque de Exposi\u00e7\u00f5es David Gon\u00e7alves Lara &#8211; Tattersal &#8211; 14 horas \u2013 Reg\u00eancia: M\u00e1rcio Miranda Pontes<\/p>\n<p class=\"ai-optimize-140\">29 &#8211; dom &#8211; Orquestra Sinf\u00f4nica de Betim e Coral Unimed-BH &#8211; M\u00fasica na Cidade &#8211; Pra\u00e7a Floriano Peixoto\/BH &#8211; 10 horas &#8211; Reg\u00eancia: M\u00e1rcio Miranda Pontes<\/p>\n<p class=\"ai-optimize-141\">OUTUBRO<\/p>\n<p class=\"ai-optimize-142\">01 &#8211; ter &#8211; Coral Unimed-BH &#8211; Encontro de Cooperados &#8211; Grande Teatro do Pal\u00e1cio das Artes &#8211; 18 horas &#8211; Reg\u00eancia: M\u00e1rcio Miranda Pontes<\/p>\n<p class=\"ai-optimize-143\">03 &#8211; qui &#8211; Grupo de C\u00e2mara da Orquestra Sinf\u00f4nica de Betim &#8211; M\u00fasica na Cidade &#8211; Creche Ant\u00f4nio Bernardes &#8211; 14 horas<\/p>\n<p class=\"ai-optimize-144\">06 &#8211; dom &#8211; Orquestra Sinf\u00f4nica de Betim, Coral Unimed-BH, Corais de alunos da rede municipal de Betim, alunos do curso de musicaliza\u00e7\u00e3o SABRA\/Betim, Orquestra Infantil de Betim, Orquestra Infanto-Juvenil de Betim &#8211; Pra\u00e7a Milton Campos\/Betim &#8211; 17 horas &#8211; Reg\u00eancia: M\u00e1rcio Miranda Pontes<\/p>\n<p class=\"ai-optimize-145\">NOVEMBRO<\/p>\n<p class=\"ai-optimize-146\">19 &#8211; ter &#8211; Coral Infantil Unimed-BH\/E.M. S\u00e3o Rafael &#8211; Consci\u00eancia Negra &#8211; Escola Municipal S\u00e3o Rafael &#8211; 13 horas &#8211; Reg\u00eancia: K\u00e9zia Vieira<\/p>\n<p class=\"ai-optimize-147\">25 &#8211; seg &#8211; Grupo do curso de musicaliza\u00e7\u00e3o SABRA\/Betim &#8211; Parque de Exposi\u00e7\u00f5es David Gon\u00e7alves Lara &#8211; Tattersal &#8211; 19 horas<\/p>\n<p class=\"ai-optimize-148\">27 &#8211; qua &#8211; Grupo do curso de musicaliza\u00e7\u00e3o SABRA\/Betim &#8211; Parque de Exposi\u00e7\u00f5es David Gon\u00e7alves Lara &#8211; Tattersal &#8211; 19 horas<\/p>\n<p class=\"ai-optimize-149\">29 &#8211; sex &#8211; Grupo do curso de musicaliza\u00e7\u00e3o SABRA\/Betim &#8211; Parque de Exposi\u00e7\u00f5es David Gon\u00e7alves Lara &#8211; Tattersal &#8211; 19 horas<\/p>\n<p class=\"ai-optimize-150\">DEZEMBRO<\/p>\n<p class=\"ai-optimize-151\">05 &#8211; qui &#8211; Coral Unimed-BH &#8211; Assembl\u00e9ia Geral Extraordin\u00e1ria Unimed-BH &#8211; KM de Vantagens BH &#8211; 19 horas &#8211; Reg\u00eancia: M\u00e1rcio Miranda Pontes<\/p>\n<p class=\"ai-optimize-152\">08 &#8211; dom &#8211; Coral Unimed-BH &#8211; M\u00fasica na Igreja &#8211; Igreja S\u00e3o Mateus &#8211; 17 horas &#8211; Reg\u00eancia: M\u00e1rcio Miranda Pontes<\/p>\n<p class=\"ai-optimize-153\">11 &#8211; qua &#8211; Coral Unimed-BH &#8211; M\u00fasica no Hospital &#8211; Hospital da Unimed-BH &#8211; 19 horas &#8211; Reg\u00eancia: M\u00e1rcio Miranda Pontes<\/p>\n<p class=\"ai-optimize-154\">11 &#8211; qua &#8211; Coral Infantil Unimed-BH\/E.M. S\u00e3o Rafael &#8211; Assembl\u00e9ia dos pais &#8211; Escola Municipal S\u00e3o Rafael &#8211; 13 horas &#8211; Reg\u00eancia: K\u00e9zia Vieira<\/p>\n<p class=\"ai-optimize-155\">14 &#8211; sab &#8211; Coral Unimed-BH &#8211; M\u00fasica no Hospital &#8211; Hospital da Unimed-BH &#8211; 15 horas &#8211; Reg\u00eancia: M\u00e1rcio Miranda Pontes<\/p>\n<p class=\"ai-optimize-156\">15 &#8211; dom &#8211; Coral Unimed-BH &#8211; M\u00fasica na Igreja &#8211; M\u00e3e da Igreja &#8211; 18:45 horas &#8211; Reg\u00eancia: M\u00e1rcio Miranda Pontes<\/p>\n<h2 class=\"ai-optimize-157\">&#8211; &#8211; &#8211; &#8211; &#8211; &#8211; &#8211; &#8211; &#8211; &#8211; &#8211; &#8211; &#8211; &#8211; &#8211; &#8211; &#8211; &#8211; &#8211; &#8211; &#8211; &#8211; &#8211; &#8211; &#8211;<\/h2>\n<h2 class=\"ai-optimize-158\">Agenda Cultural SABRA 2018<\/h2>\n<p class=\"ai-optimize-159\">A agenda \u00e9 atualizada at\u00e9 o dia 20 do m\u00eas anterior.<\/p>\n<p class=\"ai-optimize-160\">Entrada franca para todas as atividades programadas, exceto as realizadas no CCBB-BH.<\/p>\n<p>\u00a0<\/p>\n<p class=\"ai-optimize-161\">MAR\u00c7O<\/p>\n<p class=\"ai-optimize-162\">02 \u2013 sex \u2013 Coral APROMIV Prefeitura Municipal Betim \u2013 Abertura reuni\u00e3o noite inclusiva\u00a0 \u2013 18 horas \u2013 Reg\u00eancia: Jeanne Louise<\/p>\n<p class=\"ai-optimize-163\">11 &#8211; dom \u2013 Coral APROMIV Creche An\u00e1lia Franco \u2013 Almo\u00e7o Beneficente\u00a0 \u2013 12 horas \u2013 Reg\u00eancia: Jeanne Louise<\/p>\n<p class=\"ai-optimize-164\">15 \u2013 qui \u2013 Coral APROMIV Citrol\u00e2ndia \u2013 N\u00facleo Geraldo Rabelo \u2013 Homenagem dia das mulheres\u00a0 \u2013 10 horas \u2013 Reg\u00eancia: Jeanne Louise<\/p>\n<p class=\"ai-optimize-165\">28 \u2013 qua \u2013 E. M. Raul Saraiva Ribeiro \u2013 Celebra\u00e7\u00e3o P\u00e1scoa (surdos)\u00a0 \u2013 16 horas\u00a0\u2013 Reg\u00eancia: Jeanne Louise<\/p>\n<p class=\"ai-optimize-166\">ABRIL<\/p>\n<p class=\"ai-optimize-167\">08 \u2013 dom \u2013 Coral Unimed-BH \u2013 Pra\u00e7a do Encontro de Betim \u2013 10 horas \u2013 Reg\u00eancia: M\u00e1rcio Miranda Pontes<\/p>\n<p class=\"ai-optimize-168\">08 \u2013 dom \u2013 Grupo de metais da Orquestra Sinf\u00f4nica de Betim \u2013 Pra\u00e7a do Encontro de Betim \u2013 10:30 horas<\/p>\n<p class=\"ai-optimize-169\">08 \u2013 dom \u2013 Coral Infantil SABRA Betim \u2013 Pra\u00e7a do Encontro de Betim \u2013 11 horas \u2013 Reg\u00eancia: Jeanne Louise<\/p>\n<p class=\"ai-optimize-170\">10 \u2013 ter \u2013 Coral Infantil SABRA Betim \u2013 M\u00fasica para todos \u2013 E. M. Cl\u00f3vis Salgado \u2013 7:30 horas \u2013 Reg\u00eancia: Jeanne Louise<\/p>\n<p class=\"ai-optimize-171\">13 \u2013 ter \u2013 Coral Infantil SABRA Betim \u2013 M\u00fasica para todos \u2013 E. M. Desembargador Souza Lima \u2013 0:30 horas \u2013 Reg\u00eancia: Jeanne Louise<\/p>\n<p class=\"ai-optimize-172\">13 \u2013 sex \u2013 Orquestra Sinf\u00f4nica de Betim \u2013 Sexta Sinf\u00f4nica \u2013 Casa da Cultura de Betim \u2013 14 horas \u2013 Reg\u00eancia: M\u00e1rcio Miranda Pontes<\/p>\n<p class=\"ai-optimize-173\">25 \u2013 qua \u2013 Concertos com a Orquestra Sinf\u00f4nica de Betim e Coral Unimed-BH \u2013 CCBB-BH \u2013 20 horas \u2013 Reg\u00eancia: M\u00e1rcio Miranda Pontes<\/p>\n<p>\u00a0<\/p>\n<p class=\"ai-optimize-174\">MAIO<\/p>\n<p class=\"ai-optimize-175\">04 \u2013 sex \u2013 Orquestra Sinf\u00f4nica de Betim \u2013 Sexta Sinf\u00f4nica \u2013 Casa da Cultura de Betim \u2013 14 horas \u2013 Reg\u00eancia: M\u00e1rcio Miranda Pontes<\/p>\n<p class=\"ai-optimize-176\">04 \u2013 ter \u2013 Coral Infantil SABRA Betim \u2013 Concerto de Inaugura\u00e7\u00e3o da Biblioteca Compartilhada do Bem \u2013 Partage Shopping \u2013 15 horas \u2013 Reg\u00eancia: Jeanne Louise<\/p>\n<p class=\"ai-optimize-177\">05 \u2013 sab \u2013 Coral Unimed-BH \u2013 Concerto Exposi\u00e7\u00e3o Nacional de Orqu\u00eddeas \u2013 Shopping Boulevard \u2013 17 horas \u2013 Reg\u00eancia: M\u00e1rcio Miranda Pontes<\/p>\n<p class=\"ai-optimize-178\">09 \u2013 qua \u2013 Coral Infantil SABRA Betim \u2013 Concerto Reuni\u00e3o de Pais \u2013 Escola Municipal Ant\u00f4nio D&#8217;Assis Martins \u2013 13:30 horas \u2013 Reg\u00eancia: Jeanne Louise<\/p>\n<p class=\"ai-optimize-179\">10 \u2013 qui \u2013 Coral Infantil SABRA Betim \u2013 Concerto Projeto Raul Inclusivo \u2013 Escola Municipal Raul Saraiva Ribeiro \u2013 07:30 horas \u2013 Reg\u00eancia: Jeanne Louise<\/p>\n<p class=\"ai-optimize-180\">10 \u2013 qui \u2013 Coral Infantil SABRA Betim \u2013 Concerto Reuni\u00e3o de Pais \u2013 Escola Municipal Ant\u00f4nio D&#8217;Assis Martins \u2013 13:30 horas \u2013 Reg\u00eancia: Jeanne Louise<\/p>\n<p class=\"ai-optimize-181\">11 \u2013 sex \u2013 Orquestra Sinf\u00f4nica de Betim e Coral Infantil SABRA Betim \u2013 M\u00fasica para todos \u2013 E. M. Olimpia Maria da Gl\u00f3ria \u2013 Betim \u2013 15 horas \u2013 Reg\u00eancia: M\u00e1rcio Miranda Pontes e Jeanne Louise<\/p>\n<p class=\"ai-optimize-182\">14 \u2013 seg \u2013 Coral Infantil SABRA Betim \u2013 Concerto Solenidade de Entrega de Kits Escolares (participa\u00e7\u00e3o de alunos surdos) \u2013 Escola Municipal Raul Saraiva Ribeiro \u2013 9:30 horas \u2013 Reg\u00eancia: Jeanne Louise<\/p>\n<p class=\"ai-optimize-183\">15 \u2013 ter \u2013 Coral Infantil SABRA Betim \u2013 Concerto Homenagem \u00e0s M\u00e3es \u2013 Escola Municipal Cl\u00f3vis Salgado \u2013 14:00 horas \u2013 Reg\u00eancia: Jeanne Louise<\/p>\n<p class=\"ai-optimize-184\">16 \u2013 qua \u2013 Concertos com a Orquestra Sinf\u00f4nica de Betim e Coral Unimed-BH \u2013 CCBB-BH \u2013 20 horas \u2013 Reg\u00eancia: M\u00e1rcio Miranda Pontes<\/p>\n<p class=\"ai-optimize-185\">24 \u2013 sab \u2013 Coral Infantil SABRA Betim \u2013 M\u00fasica para todos \u2013 E. M. Sebasti\u00e3o Ferreira de Oliveira \u2013 9 horas \u2013 Reg\u00eancia: Jeanne Louise<\/p>\n<p class=\"ai-optimize-186\">24 \u2013 qui \u2013 Grupo de madeiras da Orquestra Sinf\u00f4nica de Betim &#8211; M\u00fasica para todos \u2013 Hospital Betim \u2013 14 horas<\/p>\n<p class=\"ai-optimize-187\">24 &#8211; qui &#8211; Orquestra Sinf\u00f4nica de Betim, Coral Infantil SABRA Betim e Coral do Curso de Musicaliza\u00e7\u00e3o Infantil SABRA &#8211; Concerto de Anivers\u00e1rio Casa da Cultura Josephina Bento &#8211; Betim &#8211; 19 horas &#8211;\u00a0Reg\u00eancia: M\u00e1rcio Miranda Pontes e\u00a0Jeanne Louise<\/p>\n<p>\u00a0<\/p>\n<p class=\"ai-optimize-188\">JUNHO<\/p>\n<p class=\"ai-optimize-189\">10 \u2013 dom \u2013 Orquestra Sinf\u00f4nica de Betim \u2013 M\u00fasica para todos \u2013 Rua Campestre, esquina com Rua Aiuruoca, Bairro Jardim Alterosa, Betim \u2013 10:30 horas \u2013 Reg\u00eancia: M\u00e1rcio Miranda Pontes<\/p>\n<p class=\"ai-optimize-190\">13 \u2013 qua \u2013 Concertos com a Orquestra Sinf\u00f4nica de Betim e Coral Unimed-BH \u2013 CCBB-BH \u2013 20 horas \u2013 Reg\u00eancia: M\u00e1rcio Miranda Pontes<\/p>\n<p class=\"ai-optimize-191\">15 \u2013 sex \u2013 Orquestra Sinf\u00f4nica de Betim \u2013 Sexta Sinf\u00f4nica \u2013 Casa da Cultura de Betim \u2013 14 horas \u2013 Reg\u00eancia: M\u00e1rcio Miranda Pontes<\/p>\n<p class=\"ai-optimize-192\">18 \u2013 seg \u2013 Grupo de cordas da Orquestra Sinf\u00f4nica de Betim \u2013 M\u00fasica para todos \u2013 Hospital Betim \u2013 14 horas<\/p>\n<p class=\"ai-optimize-193\">24 \u2013 dom \u2013 Coral Unimed-BH \u2013 M\u00fasica para todos \u2013 Feira da Av. Afonso Pena \u2013 10 horas \u2013 Reg\u00eancia: M\u00e1rcio Miranda Pontes<\/p>\n<p class=\"ai-optimize-194\">28 \u2013 qui \u2013 Coral Infantil SABRA Betim \u2013 Concerto Projeto Ch\u00e1 das Av\u00f3s \u2013 Escola Municipal Ant\u00f4nio Tereza dos Santos \u2013 09:30 horas \u2013 Reg\u00eancia: Jeanne Louise<\/p>\n<p class=\"ai-optimize-195\">29 \u2013 sex \u2013 Orquestra Sinf\u00f4nica de Betim \u2013 Sexta Sinf\u00f4nica \u2013 Casa da Cultura de Betim \u2013 14 horas \u2013 Reg\u00eancia: M\u00e1rcio Miranda Pontes<\/p>\n<p>\u00a0<\/p>\n<p class=\"ai-optimize-196\">JULHO<\/p>\n<p class=\"ai-optimize-197\">8 \u2013 dom \u2013 Orquestra Sinf\u00f4nica de Betim \u2013 M\u00fasica para todos \u2013 Rua Progresso, n\u00famero 400, Bairro S\u00e3o Caetano, Betim \u2013 10:30 horas \u2013 Reg\u00eancia: M\u00e1rcio Miranda Pontes<\/p>\n<p class=\"ai-optimize-198\">09 \u2013 seg \u2013 Grupo de cordas da Orquestra Sinf\u00f4nica de Betim \u2013 M\u00fasica para todos \u2013 Hospital Betim \u2013 14 horas<\/p>\n<p>\u00a0<\/p>\n<p class=\"ai-optimize-199\">AGOSTO<\/p>\n<p class=\"ai-optimize-200\">03 \u2013 sex \u2013 Orquestra Sinf\u00f4nica de Betim \u2013 Sexta Sinf\u00f4nica \u2013 Casa da Cultura de Betim \u2013 14 horas \u2013 Reg\u00eancia: M\u00e1rcio Miranda Pontes<\/p>\n<p class=\"ai-optimize-201\">07 \u2013 ter \u2013 Coral Infantil SABRA Betim \u2013 Concerto Solenidade de Assinatura do Termo de Ades\u00e3o dos Volunt\u00e1rios da Escola Bem Integral \u2013 Audit\u00f3rio da Prefeitura Municipal de Betim \u2013 13:30 horas \u2013 Reg\u00eancia: Jeanne Louise<\/p>\n<p class=\"ai-optimize-202\">17 \u2013 sex \u2013 Coral APROMIV Betim \u2013 Concerto\u00a0 \u2013 Hospital Regional de Betim \u2013 15:00 horas \u2013 Reg\u00eancia: Jeanne Louise<\/p>\n<p class=\"ai-optimize-203\">18 \u2013 sab \u2013 Coral Unimed-BH \u2013 M\u00fasica para todos \u2013 Mercado Central de BH \u2013 14 horas \u2013 Reg\u00eancia: M\u00e1rcio Miranda Pontes<\/p>\n<p class=\"ai-optimize-204\">19\u00a0\u2013 dom \u2013 Orquestra Sinf\u00f4nica de Betim \u2013 M\u00fasica para todos \u2013 Rua Professor Antonio Aleixo esquina com Rua Olavo Bilac, Col\u00f4nia Santa Isabel, Betim \u2013 10:30 horas \u2013 Reg\u00eancia: M\u00e1rcio Miranda Pontes<\/p>\n<p class=\"ai-optimize-205\">20 \u2013 seg \u2013 Grupo de cordas da Orquestra Sinf\u00f4nica de Betim \u2013 M\u00fasica para todos \u2013 Hospital Betim \u2013 14 horas<\/p>\n<p class=\"ai-optimize-206\">24 \u2013 Coral APROMIV\u2013 Audit\u00f3rio PUC Betim \u2013 Abertura segundo encontro de Empreendedores\u00a0 \u2013 18:30 horas \u2013 Reg\u00eancia: Jeanne Louise<\/p>\n<p class=\"ai-optimize-207\">25 \u2013 sab \u2013\u00a0 Coral Unimed-BH \u2013 M\u00fasica para todos \u2013 Maternidade de BH \u2013 15 horas \u2013 Reg\u00eancia: M\u00e1rcio Miranda Pontes<\/p>\n<p class=\"ai-optimize-208\">31 \u2013 sex \u2013 Orquestra Sinf\u00f4nica de Betim \u2013 Sexta Sinf\u00f4nica \u2013 Casa da Cultura de Betim \u2013 14 horas \u2013 Reg\u00eancia: M\u00e1rcio Miranda Pontes<\/p>\n<p>\u00a0<\/p>\n<p class=\"ai-optimize-209\">SETEMBRO<\/p>\n<p class=\"ai-optimize-210\">02 \u2013 dom \u2013 Orquestra Sinf\u00f4nica de Betim \u2013M\u00fasica para todos \u2013 Pra\u00e7a do Bueno Franco, Rua Ant\u00f4nio Rodrigues Campos, n\u00famero 237, Bairro Ol\u00edmpia Bueno Franco, Betim \u2013 10:30 horas \u2013 Reg\u00eancia: M\u00e1rcio Miranda Pontes<\/p>\n<p class=\"ai-optimize-211\">02 \u2013 dom \u2013 Coral Unimed-BH \u2013 M\u00fasica para todos \u2013 Pra\u00e7a Estado de Israel &#8211; BH \u2013 14 horas \u2013 Reg\u00eancia: M\u00e1rcio Miranda Pontes<\/p>\n<p class=\"ai-optimize-212\">07 \u2013 sex -Parque Exposi\u00e7\u00e3o \u2013 Desfile sete de Setembro \u2013 Escolas Municipais de Betim \u2013 08:30 horas<\/p>\n<p class=\"ai-optimize-213\">10 \u2013 seg \u2013 Grupo de cordas da Orquestra Sinf\u00f4nica de Betim \u2013 Hospital Betim \u2013 14 horas &#8211; Reg\u00eancia: Jeanne Louise<\/p>\n<p class=\"ai-optimize-214\">11 \u2013 ter &#8211; Reuni\u00e3o de pais alunos 09 anos E.M. Antonio de Assis Martins &#8211; 13:15 horas \u2013 Reg\u00eancia: Jeanne Louise<\/p>\n<p class=\"ai-optimize-215\">12 \u2013 qua &#8211; Reuni\u00e3o de pais alunos 10 anos E.M. Antonio de Assis Martins &#8211; 13:15 horas \u2013 Reg\u00eancia: Jeanne Louise<\/p>\n<p class=\"ai-optimize-216\">13 \u2013 qui &#8211; Coral APROMIV \u2013 Prefeitura Municipal de Betim \u2013 Abertura F\u00f3rum de Entidades &#8211; 08:00 horas \u2013 Reg\u00eancia: Jeanne Louise<\/p>\n<p class=\"ai-optimize-217\">15 \u2013 sab \u2013 Coral Infantil SABRA Betim \u2013 Concerto Projeto Literarte &#8220;O Brasil dos Sert\u00f5es&#8221; \u2013 Escola Municipal Ant\u00f4nio Tereza dos Santos \u2013 11:00 horas \u2013 Reg\u00eancia: Jeanne Louise<\/p>\n<p class=\"ai-optimize-218\">16 &#8211; dom \u2013 Orquestra Sinf\u00f4nica de Betim e Coral Unimed-BH \u2013 Concerto na Pra\u00e7a Floriano Peixoto \u2013 BH \u2013 10 horas \u2013 Reg\u00eancia: M\u00e1rcio Miranda Pontes<\/p>\n<p class=\"ai-optimize-219\">20 &#8211; qui &#8211; Orquestra Sinf\u00f4nica de Betim &#8211; M\u00fasica para todos &#8211;\u00a0 Igreja do Carmo &#8211;\u00a0 Sabar\u00e1 &#8211; MG &#8211; 19:30 horas &#8211; Reg\u00eancia: M\u00e1rcio Miranda Pontes<\/p>\n<p class=\"ai-optimize-220\">22 \u2013 sab \u2013 Coral Infantil SABRA Betim \u2013 M\u00fasica para todos \u2013 E. M. Geraldo Magela Diniz \u2013 9 horas \u2013 Reg\u00eancia: Jeanne Louise<\/p>\n<p class=\"ai-optimize-221\">22 \u2013 sab \u2013 Orquestra Sinf\u00f4nica de Betim \u2013 M\u00fasica para todos \u2013 E. M. Sebasti\u00e3o Ferreira \u2013 Betim \u2013 10 horas \u2013 Reg\u00eancia: M\u00e1rcio Miranda Pontes<\/p>\n<p class=\"ai-optimize-222\">27 \u2013 qui \u2013 Coral Infantil SABRA Betim \u2013 Concerto Projeto Encanta Raul \u2013 E. M. Raul Saraiva Ribeiro \u2013 Betim \u2013 13:00 horas \u2013 Reg\u00eancia: Jeanne Louise<\/p>\n<p class=\"ai-optimize-223\">28 \u2013 sex \u2013 Orquestra Sinf\u00f4nica de Betim \u2013 Sexta Sinf\u00f4nica \u2013 Casa da Cultura de Betim \u2013 14 horas \u2013 Reg\u00eancia: M\u00e1rcio Miranda Pontes<\/p>\n<p class=\"ai-optimize-224\">30 \u2013 dom \u2013 Orquestra Sinf\u00f4nica de Betim, Coral Infantil SABRA Betim, Coral do Curso de Musicaliza\u00e7\u00e3o Infantil SABRA e Corais Infantis da Rede Municipal de Ensino de Betim \u2013 M\u00fasica para todos \u2013 Pra\u00e7a Milton Campos, Betim \u2013 17:00 horas \u2013 Reg\u00eancia: M\u00e1rcio Miranda Pontes (Dire\u00e7\u00e3o dos Grupos: Aloisio Delane, Aur\u00e9lia Rocha, Daiane Neves, Fernanda Monteiro, Janete Cristina Rocha, Jeanne Louise e Maria Teresa Seabra)<\/p>\n<p>\u00a0<\/p>\n<p class=\"ai-optimize-225\">OUTUBRO<\/p>\n<p class=\"ai-optimize-226\">03 &#8211; qua &#8211; Orquestra Sinf\u00f4nica de Betim &#8211; Concerto &#8211; CCBB-BH &#8211; 20 horas &#8211; Reg\u00eancia: H\u00e9lio Azevedo, Ney Franco e Werner Silveira.<\/p>\n<p class=\"ai-optimize-227\">13 &#8211; sab &#8211; Orquestra Sinf\u00f4nica de Betim e Coral Unimed-BH &#8211; Pra\u00e7a Santa Tereza, em BH &#8211; 19 horas &#8211; Reg\u00eancia: M\u00e1rcio Miranda Pontes<\/p>\n<p class=\"ai-optimize-228\">18 \u2013 qui \u2013 Grupo de cordas da Orquestra Sinf\u00f4nica de Betim \u2013 Hospital Contagem e Belo Horizonte \u2013 09 horas<\/p>\n<p class=\"ai-optimize-229\">20 \u2013 sab \u2013 Coral Unimed-BH \u2013 M\u00fasica para todos \u2013 Hospital Betim \u2013 11 horas \u2013 Reg\u00eancia: M\u00e1rcio Miranda Pontes<\/p>\n<p class=\"ai-optimize-230\">21 \u2013 dom \u2013 Orquestra Sinf\u00f4nica de Betim \u2013 M\u00fasica para todos \u2013 Bairro S\u00e3o Jo\u00e3o, Betim \u2013 10:30 horas \u2013 Reg\u00eancia: M\u00e1rcio Miranda Pontes<\/p>\n<p class=\"ai-optimize-231\">26 \u2013 sex \u2013 Orquestra Sinf\u00f4nica de Betim \u2013 Sexta Sinf\u00f4nica \u2013 Casa da Cultura de Betim \u2013 14 horas \u2013 Reg\u00eancia: M\u00e1rcio Miranda Pontes<\/p>\n<p class=\"ai-optimize-232\">27 \u2013 sab \u2013 Coral Infantil SABRA Betim \u2013 M\u00fasica para todos \u2013 E. M. Ol\u00edmpia Maria da Gl\u00f3ria \u2013 8 horas \u2013 Reg\u00eancia: Jeanne Louise<\/p>\n<p>\u00a0<\/p>\n<p class=\"ai-optimize-233\">NOVEMBRO<\/p>\n<p class=\"ai-optimize-234\">07 \u2013 qua \u2013 Coral Unimed-BH \u2013 M\u00fasica para todos \u2013 Grande Teatro do Pal\u00e1cio das Artes \u2013 13 horas \u2013 Reg\u00eancia: M\u00e1rcio Miranda Pontes<\/p>\n<p class=\"ai-optimize-235\">07 &#8211; qua &#8211; Orquestra Sinf\u00f4nica de Betim &#8211; Concerto &#8211; CCBB-BH &#8211; 20 horas &#8211; Reg\u00eancia: Werner Silveira e William Barros.<\/p>\n<p class=\"ai-optimize-236\">10 \u2013 sab \u2013 Orquestra Sinf\u00f4nica de Betim \u2013 M\u00fasica para todos \u2013 E. M. Geraldo Magela, Betim \u2013 9 horas \u2013 Reg\u00eancia: M\u00e1rcio Miranda Pontes<\/p>\n<p class=\"ai-optimize-237\">19 \u2013 seg \u2013 Grupo de cordas da Orquestra Sinf\u00f4nica de Betim \u2013 Hospital Betim \u2013 14 horas<\/p>\n<p class=\"ai-optimize-238\">22 \u2013 qui \u2013 Grupo de Sopros e Percuss\u00e3o da Orquestra Sinf\u00f4nica de Betim \u2013 M\u00fasica para Todos \u2013 Igreja de Nossa Senhora do Carmo de Betim \u2013 15 horas \u2013 Reg\u00eancia: H\u00e9lio Azevedo<\/p>\n<p class=\"ai-optimize-239\">23 \u2013 sex \u2013 Orquestra Sinf\u00f4nica de Betim \u2013 M\u00fasica para Todos \u2013 Escola Municipal Raul Saraiva Ribeiro \u2013 15 horas \u2013 Reg\u00eancia: M\u00e1rcio Miranda Pontes<\/p>\n<p class=\"ai-optimize-240\">24 \u2013 sab \u2013 Coral Infantil SABRA Betim \u2013 M\u00fasica para todos \u2013 E. M. Ol\u00edmpia Maria da Gl\u00f3ria \u2013 8 horas \u2013 Reg\u00eancia: Jeanne Louise<\/p>\n<p class=\"ai-optimize-241\">24 \u2013 sab \u2013 Coral Infantil SABRA Betim \u2013 M\u00fasica para todos \u2013 E.M Josefina Macedo Gontijo &#8211;\u00a010:00 \u2013 Reg\u00eancia: Jeanne Louise<\/p>\n<p class=\"ai-optimize-242\">25 \u2013 dom \u2013 Coral Unimed-BH \u2013 M\u00fasica para todos \u2013 Mercado Central de BH \u2013 10 horas \u2013 Reg\u00eancia: M\u00e1rcio Miranda Pontes<\/p>\n<p class=\"ai-optimize-243\">30 \u2013 sex \u2013 Orquestra Sinf\u00f4nica de Betim \u2013 M\u00fasica para Todos \u2013 Tattersal Parque de Exposi\u00e7\u00f5es de Betim \u2013 14 horas \u2013 Reg\u00eancia: M\u00e1rcio Miranda Pontes<\/p>\n<p>\u00a0<\/p>\n<p class=\"ai-optimize-244\">DEZEMBRO<\/p>\n<p class=\"ai-optimize-245\">01 \u2013 sab \u2013 Coral Infantil SABRA Betim \u2013 M\u00fasica para todos \u2013 E. M. Sebasti\u00e3o Ferreira de Oliveira \u2013 9 horas \u2013 Reg\u00eancia: Jeanne Louise<\/p>\n<p class=\"ai-optimize-246\">05 \u2013 qua \u2013 Coral Unimed-BH \u2013 M\u00fasica para todos \u2013 KM de Vantagens Hall \u2013 18 horas \u2013 Reg\u00eancia: M\u00e1rcio Miranda Pontes<\/p>\n<p class=\"ai-optimize-247\">09 \u2013 dom \u2013 Coral Unimed-BH \u2013 M\u00fasica para todos \u2013 Igreja S\u00e3o Mateus de BH \u2013 18 horas \u2013 Reg\u00eancia: M\u00e1rcio Miranda Pontes<\/p>\n<p class=\"ai-optimize-248\">12 \u2013 qua \u2013 Coral Unimed-BH \u2013 M\u00fasica para todos \u2013 Hospital HU \u2013 19 horas \u2013 Reg\u00eancia: M\u00e1rcio Miranda Pontes<\/p>\n<p class=\"ai-optimize-249\">15 \u2013 sab \u2013 Coral Unimed-BH \u2013 M\u00fasica para todos \u2013 Hospital Dia e Maternidade \u2013 15 horas \u2013 Reg\u00eancia: M\u00e1rcio Miranda Pontes<\/p>\n<p class=\"ai-optimize-250\">15 \u2013 sab \u2013 Coral Infantil SABRA Betim \u2013 M\u00fasica para todos \u2013 E. M. Ol\u00edmpia Maria da Gl\u00f3ria \u2013 9 horas \u2013 Reg\u00eancia: Jeanne Louise<\/p>\n<p>\u00a0<\/p>\n<p class=\"ai-optimize-251\">Observa\u00e7\u00f5es:<\/p>\n<ol>\n<li class=\"ai-optimize-252\">O Coral Infantil de Betim \u00e9 uma parceria entre a SEMED e a SABRA. \u00c9 formado por alunos das seguintes institui\u00e7\u00f5es: Escola Municipal Raul Saraiva Ribeiro, Escola Municipal Desembargador Souza Lima, Escola Municipal Cl\u00f3vis Salgado, Escola Municipal Ant\u00f4nio Tereza dos Santos, Escola Municipal Marc\u00edlio Melo Rezende, Escola Municipal Margarida Soares Guimar\u00e3es, Escola Municipal Sebasti\u00e3o Ferreira de Oliveira, Escola Municipal Josefina Macedo Gontijo, Escola Municipal Geraldo Magela Diniz, Escola Municipal Ant\u00f4nio D\u2019Assis Martins e Escola Municipal Ol\u00edmpia Maria da Gl\u00f3ria<\/li>\n<\/ol>\n<p class=\"ai-optimize-253\">O Coral Infantil de Betim e o Coral APROMIV s\u00e3o apoiados t\u00e9cnica e artisticamente pela SABRA atrav\u00e9s da a\u00e7\u00e3o \u201cOficina Musical &#8211; M\u00fasica na Escola\u201d do projeto \u201cPlano Anual SABRA 2018\u201d PRONAC 176503<\/p>\n<ol start=\"2\">\n<li class=\"ai-optimize-254\">S\u00e3o realizados ensaios abertos gratuitos para grupos de at\u00e9 30 alunos de Escolas P\u00fablicas Municipais de Betim. \u00c0s segundas-feiras: Grupo de Cordas, \u00e0s quintas-feiras: Grupo de Madeiras, Grupo de Metais e Grupo de Percuss\u00e3o, e \u00e0s sextas-feiras: Orquestra Sinf\u00f4nica de Betim. Sempre das 14 \u00e0s 15 horas. Exceto em dias de concertos agendados acima ou feriados. Local: Rua Dr. Silvio Lobo, 221 \u2013 Angola \u2013 Betim \u2013 MG<\/li>\n<li class=\"ai-optimize-255\">Os concertos na Casa da Cultura Josephina Bento, &#8220;Sexta Sinf\u00f4nica&#8221;, em Betim, s\u00e3o uma parceria entre a FUNARBE &#8211; Funda\u00e7\u00e3o Art\u00edstico-Cultural de Betim e a SABRA &#8211; Sociedade Art\u00edstica Brasileira.<\/li>\n<\/ol>\n<p>\u00a0<\/p>\n<h2 class=\"ai-optimize-256\">&#8211; &#8211; &#8211; &#8211; &#8211; &#8211; &#8211; &#8211; &#8211; &#8211; &#8211; &#8211; &#8211; &#8211; &#8211; &#8211; &#8211; &#8211; &#8211; &#8211; &#8211; &#8211; &#8211; &#8211; &#8211;<\/h2>\n<h2 class=\"ai-optimize-257\">Agenda Cultural SABRA 2017<\/h2>\n<p class=\"ai-optimize-258\">Entrada franca para todas as atividades programadas, exceto as duas realizadas no CCBB-BH.<\/p>\n<p class=\"ai-optimize-259\">A agenda \u00e9 atualizada at\u00e9 o dia 20 do m\u00eas anterior.<\/p>\n<p class=\"ai-optimize-260\">DEZEMBRO<\/p>\n<p class=\"ai-optimize-261\">Orquestra Sinf\u00f4nica de Betim\u00a0 &#8211; Concerto Beneficente &#8211; seg &#8211; 18\/12\/2017 &#8211; 20h\u00a0&#8211; Teatro Marista &#8211; Belo Horizonte &#8211; Reg\u00eancia: M\u00e1rcio Miranda Pontes<\/p>\n<p class=\"ai-optimize-262\">Coral Infantil Unimed-BH &#8211; Coral na Escola &#8211; Concerto &#8211; sex &#8211; 15\/12\/2017 &#8211; 13h &#8211; Escola Municipal S\u00e3o Rafael &#8211; Belo Horizonte &#8211; Reg\u00eancia: Kezia Vieira<\/p>\n<p class=\"ai-optimize-263\">Orquestra Sinf\u00f4nica de Betim\u00a0 &#8211; Concerto &#8211; sex &#8211; 15\/12\/2017 &#8211; 20h\u00a0&#8211; Pra\u00e7a Gomes Freire\u00a0 &#8211; Mariana &#8211; MG &#8211; Reg\u00eancia: M\u00e1rcio Miranda Pontes<\/p>\n<p class=\"ai-optimize-264\">Orquestra Sinf\u00f4nica de Betim e Coral Unimed-BH &#8211; Concerto &#8211; qui &#8211; 14\/12\/2017 &#8211; 20h &#8211;\u00a0CCBB &#8211; Centro Cultural Banco do Brasil \u00a0&#8211; Belo Horizonte &#8211; Reg\u00eancia: M\u00e1rcio Miranda Pontes<\/p>\n<p class=\"ai-optimize-265\">Orquestra Sinf\u00f4nica de Betim e Coral Unimed-BH &#8211; Concerto &#8211; dom &#8211; 10\/12\/2017 &#8211; 18h\u00a0&#8211; Igreja\u00a0do Divino Esp\u00edrito Santo &#8211; Belo Horizonte &#8211; Reg\u00eancia: M\u00e1rcio Miranda Pontes<\/p>\n<p class=\"ai-optimize-266\">Orquestra Sinf\u00f4nica de Betim e Coral Unimed-BH &#8211; sab\u00a0&#8211; 09\/12 &#8211; 20 horas &#8211; Local a definir &#8211; Reg\u00eancia: M\u00e1rcio Miranda Pontes<\/p>\n<p class=\"ai-optimize-267\">Coral Infantil de Betim &#8211; Projeto Artes em Letras, Cores e Sons &#8211; Concerto &#8211; sex &#8211; 08\/12\/17 &#8211; 10h &#8211; E.M. Josefina macedo Gontijo &#8211; Betim &#8211; Reg\u00eancia: Jeanne Louise<\/p>\n<p class=\"ai-optimize-268\">Orquestra Sinf\u00f4nica de Betim e Coral Unimed-BH &#8211; Concerto &#8211; qua &#8211; 06\/12\/2017 &#8211; 18h\u00a0&#8211; KM de Vantagem Hall\u00a0&#8211; Belo Horizonte &#8211; Reg\u00eancia: M\u00e1rcio Miranda Pontes<\/p>\n<p class=\"ai-optimize-269\">Orquestra Sinf\u00f4nica de Betim, Orquestra Infantil de Betim, Coral de alunos do Curso de Musicaliza\u00e7\u00e3o Infantil da SABRA e Coral das Escolas Municipais de Betim- sex &#8211; 01\/12 &#8211; 14 horas &#8211; Monte Carmo Shopping em Betim\u00a0&#8211; Reg\u00eancia: M\u00e1rcio Miranda Pontes e Jeanne Louise<\/p>\n<p>\u00a0<\/p>\n<p class=\"ai-optimize-270\">NOVEMBRO<\/p>\n<p class=\"ai-optimize-271\">Coral Infantil de Betim &#8211; Cantata de Natal para a Escola Bem Integral &#8211; Concerto &#8211; qui &#8211; 30\/11\/17 &#8211; 10h &#8211; Audit\u00f3rio da Prefeitura Municipal de Betim &#8211; Reg\u00eancia: Jeanne Louise<\/p>\n<p class=\"ai-optimize-272\">Orquestra Sinf\u00f4nica de Betim &#8211; Concerto &#8211; qua &#8211; 29\/11\/2017 &#8211; 20h &#8211;\u00a0CCBB &#8211; Centro Cultural Banco do Brasil \u00a0&#8211; Belo Horizonte &#8211; Reg\u00eancia: M\u00e1rcio Miranda Pontes<\/p>\n<p class=\"ai-optimize-273\">Coral Infantil de Betim &#8211; Projeto Saboreando a leitura &#8211; Concerto &#8211; sab &#8211; 28\/11\/17 &#8211; 10h &#8211; E.M. Ant\u00f4nio Honor\u00e1rio da Silva &#8211; Betim &#8211; Reg\u00eancia: Jeanne Louise<\/p>\n<p class=\"ai-optimize-274\">Coral Infantil de Betim &#8211; Festa da Fam\u00edlia e Feira Cultura &#8211; Concerto &#8211; sab &#8211; 25\/11\/17 &#8211; 10h &#8211; E.M. Geraldo Magela Diniz &#8211; Betim &#8211; Reg\u00eancia: Jeanne Louise<\/p>\n<p class=\"ai-optimize-275\">Coral Infantil de Betim\u00a0 &#8211; Concerto &#8220;Aluno educado, idoso bem cuidado&#8221; &#8211; qui &#8211; 23\/11\/2017 &#8211; 14h &#8211; E.M. Margarida Soares Guimar\u00e3es &#8211; Betim &#8211; Reg\u00eancia: Jeanne Louise<\/p>\n<p class=\"ai-optimize-276\">Coral Infantil Unimed-BH &#8211; Coral na Escola &#8211; Concerto &#8211; qui &#8211; 23\/11\/2017 &#8211; 13h &#8211; Escola Municipal S\u00e3o Rafael &#8211; Belo Horizonte &#8211; Reg\u00eancia: Kezia Vieira<\/p>\n<p class=\"ai-optimize-277\">Coral Infantil de Betim\u00a0 &#8211; Concerto &#8220;Educa\u00e7\u00e3o para a vida&#8221; &#8211; qui &#8211; 23\/11\/2017 &#8211; 10h &#8211; E.E. Conselheiro Afonso Pena &#8211; Betim &#8211; Reg\u00eancia: Jeanne Louise<\/p>\n<p class=\"ai-optimize-278\">Coral Infantil de Betim\u00a0 &#8211; Concerto &#8220;Aluno educado, idoso bem cuidado&#8221; &#8211; qua &#8211; 22\/11\/2017 &#8211; 10h &#8211; E.M. Margarida Soares Guimar\u00e3es &#8211; Betim &#8211; Reg\u00eancia: Jeanne Louise<\/p>\n<p class=\"ai-optimize-279\">Coral Infantil de Betim &#8211; Concerto &#8220;Natal Solid\u00e1rio&#8221; &#8211; ter &#8211; 21\/11\/2017 &#8211; 10h &#8211; Audit\u00f3rio da Prefeitura Municipal de Betim &#8211; Reg\u00eancia: Jeanne Louise<\/p>\n<p class=\"ai-optimize-280\">Coral Unimed-BH &#8211; Concerto &#8211; sab\u00a0&#8211; 18\/11\/2017 &#8211; 9h\u00a0&#8211; Audit\u00f3rio Inconfidentes\u00a0&#8211; Belo Horizonte &#8211; Reg\u00eancia: M\u00e1rcio Miranda Pontes<\/p>\n<p class=\"ai-optimize-281\">Coral Infantil de Betim e Coral APROMIV &#8211; Concerto &#8220;Aluno educado, idoso bem cuidado&#8221; &#8211; ter &#8211; 13\/11\/2017 &#8211; 10h &#8211; Asilo NAEPT &#8211; Betim &#8211; Reg\u00eancia: Jeanne Louise<\/p>\n<p class=\"ai-optimize-282\">Orquestra Sinf\u00f4nica de Betim &#8211; Concerto Did\u00e1tico para Surdos &#8211; sex &#8211; 10\/11\/2017 &#8211; 14h &#8211; Sede da Orquestra Sinf\u00f4nica de Betim &#8211; Reg\u00eancia: M\u00e1rcio Miranda Pontes<\/p>\n<p class=\"ai-optimize-283\">Coral Unimed-BH &#8211; Concerto &#8211; qua &#8211; 08\/11\/2017 &#8211; 13h &#8211; Pal\u00e1cio das Artes\u00a0 &#8211; Belo Horizonte &#8211; Reg\u00eancia: M\u00e1rcio Miranda Pontes<\/p>\n<p class=\"ai-optimize-284\">Coral APROMIV &#8211; Concerto &#8211; qua &#8211; 08\/11\/2017 &#8211; 10h &#8211; Asilo Divino Braga &#8211; Betim &#8211; Reg\u00eancia: Jeanne Louise<\/p>\n<p>\u00a0<\/p>\n<p class=\"ai-optimize-285\">OUTUBRO<\/p>\n<p class=\"ai-optimize-286\">Coral Infantil Unimed-BH &#8211; Coral na Escola &#8211; Concerto &#8211; ter &#8211; 31\/10\/2017 &#8211; 13h &#8211; Escola Municipal S\u00e3o Rafael &#8211; Belo Horizonte &#8211; Reg\u00eancia: Kezia Vieira<\/p>\n<p class=\"ai-optimize-287\">Orquestra Sinf\u00f4nica de Betim &#8211; Sexta Sinf\u00f4nica &#8211; Concerto &#8211; sex &#8211; 27\/10\/2017 &#8211; 19h &#8211; Casa da Cultura Josephina Bento &#8211; Betim &#8211; Reg\u00eancia: M\u00e1rcio Miranda Pontes<\/p>\n<p class=\"ai-optimize-288\">Orquestra Sinf\u00f4nica de Betim &#8211; Concerto Did\u00e1tico para Surdos &#8211; sex &#8211; 20\/10\/2017 &#8211; 14h &#8211; Sede da Orquestra Sinf\u00f4nica de Betim &#8211; Reg\u00eancia: M\u00e1rcio Miranda Pontes<\/p>\n<p class=\"ai-optimize-289\">Coral Unimed-BH &#8211; Programa\u00e7\u00e3o 120 anos do Parque Municipal Am\u00e9rico Renn\u00e9 Giannetti &#8211; Concerto &#8211; dom &#8211; 01\/10\/2017 &#8211; 9h &#8211; Orquid\u00e1rio do Parque Municipal Am\u00e9rico Renn\u00e9 Giannetti &#8211; Belo Horizonte &#8211; Reg\u00eancia: M\u00e1rcio Miranda Pontes<\/p>\n<p>\u00a0<\/p>\n<p class=\"ai-optimize-290\">SETEMBRO<\/p>\n<p class=\"ai-optimize-291\">Orquestra Sinf\u00f4nica de Betim e Coral Infantil de Betim &#8211; Concerto &#8211; sab &#8211; 30\/09\/2017 &#8211; 8h &#8211; Escola Municipal Marc\u00edlio Melo Rezende &#8211; Betim &#8211; Reg\u00eancia: M\u00e1rcio Miranda Pontes e Jeanne Louise<\/p>\n<p class=\"ai-optimize-292\">Coral Infantil de Betim &#8211; Encanta Raul &#8211; Concerto &#8211; sab &#8211; 30\/09\/17 &#8211; 10h30 &#8211; E.M. Raul Saraiva Ribeiro &#8211; Betim &#8211; Reg\u00eancia: Jeanne Louise<\/p>\n<p class=\"ai-optimize-293\">Orquestra Sinf\u00f4nica de Betim &#8211; Sexta Sinf\u00f4nica &#8211; Concerto &#8211; sex &#8211; 29\/09\/2017 &#8211; 19h &#8211; Casa da Cultura Josephina Bento &#8211; Betim &#8211; Reg\u00eancia: M\u00e1rcio Miranda Pontes<\/p>\n<p class=\"ai-optimize-294\">Coral Infantil Unimed-BH &#8211; Manh\u00e3 Musical &#8211; Concerto &#8211; qui &#8211; 28\/09\/2017 &#8211; 9h &#8211; Audit\u00f3rio da UNA &#8211; Belo Horizonte &#8211; Reg\u00eancia: Kezia Vieira<\/p>\n<p class=\"ai-optimize-295\">Coral APROMIV \u2013 Abertura das comemora\u00e7\u00f5es do m\u00eas do idoso \u2013 Concerto \u2013 seg \u2013 25\/09\/17 \u2013 10h \u2013 Asilo NAEPT Betim \u2013 Betim \u2013 Reg\u00eancia: Jeanne Louise<\/p>\n<p class=\"ai-optimize-296\">Coral Infantil Unimed-BH &#8211; Cantata da Primavera &#8211; Concerto &#8211; seg &#8211; 25\/09\/2017 &#8211; 9h &#8211; Sala Minas Gerais &#8211; Belo Horizonte &#8211; Reg\u00eancia: Kezia Vieira<\/p>\n<p class=\"ai-optimize-297\">Coral Infantil Unimed-BH &#8211; Coral na Escola &#8211; Concerto &#8211; sab &#8211; 23\/09\/2017 &#8211; 10h &#8211; Escola Municipal S\u00e3o Rafael &#8211; Belo Horizonte &#8211; Reg\u00eancia: Kezia Vieira<\/p>\n<p class=\"ai-optimize-298\">Coral Infantil de Betim &#8211; Festa da Fam\u00edlia &#8211; Concerto &#8211; sab &#8211; 23\/09\/17 &#8211; 10h &#8211; E.M. Sebasti\u00e3o Ferreira de Oliveira &#8211; Betim &#8211; Reg\u00eancia: Jeanne Louise<\/p>\n<p class=\"ai-optimize-299\">Coral Infantil de Betim &#8211; Projeto Literarte &#8211; Concerto &#8211; sab &#8211; 16\/09\/17 &#8211; 10h &#8211; E.M. Ant\u00f4nio Tereza dos Santos &#8211; Betim &#8211; Reg\u00eancia: Jeanne Louise<\/p>\n<p class=\"ai-optimize-300\">Orquestra Sinf\u00f4nica de Betim e Coral Unimed-BH &#8211; Concerto &#8211; dom &#8211; 17\/09\/2017 &#8211; 10h30 &#8211; Pra\u00e7a Floriano Peixoto &#8211; Belo Horizonte &#8211; Reg\u00eancia: M\u00e1rcio Miranda Pontes<\/p>\n<p class=\"ai-optimize-301\">Orquestra Sinf\u00f4nica de Betim, Corais Unimed-BH, OAP e Angelus &#8211; Ensaio aberto &#8211; 13\/09 &#8211; 19h &#8211; Sala da Orquestra Sinf\u00f4nica da PMMG\u00a0&#8211; Reg\u00eancia: M\u00e1rcio Miranda Pontes e Marilene Gangana<\/p>\n<p class=\"ai-optimize-302\">Coral APROMIV &#8211; M\u00fasica no Asilo &#8211; Concerto &#8211; qua &#8211; 13\/09\/17 &#8211; 10h &#8211; Asilo NAEPT Betim &#8211; Betim &#8211; Reg\u00eancia: Jeanne Louise<\/p>\n<p class=\"ai-optimize-303\">Corais Unimed-BH, OAP e Angelus &#8211; Ensaio aberto &#8211; 06\/09 &#8211; 19h &#8211; Audit\u00f3rio Ed. Inconfidentes &#8211; Reg\u00eancia: M\u00e1rcio Miranda Pontes e Marilene Gangana<\/p>\n<p>\u00a0<\/p>\n<p class=\"ai-optimize-304\">AGOSTO<\/p>\n<p class=\"ai-optimize-305\">Coral Infantil Unimed-BH &#8211; Coral na Escola &#8211; Concerto &#8211; seg &#8211; 28\/08\/2017 &#8211; 13h &#8211; Escola Municipal S\u00e3o Rafael &#8211; Belo Horizonte &#8211; Reg\u00eancia: Kezia Vieira<\/p>\n<p class=\"ai-optimize-306\">Coral Unimed-BH &#8211; Concerto &#8211; dom &#8211; 27\/08\/2017 &#8211; 10h\u00a0&#8211; Feira de Artesanato da Av. Afonso Pena\u00a0&#8211; Belo Horizonte &#8211; Reg\u00eancia: M\u00e1rcio Miranda Pontes<\/p>\n<p class=\"ai-optimize-307\">Orquestra Sinf\u00f4nica de Betim &#8211; Sexta Sinf\u00f4nica &#8211; Concerto &#8211; sex &#8211; 25\/08\/2017 &#8211; 19h &#8211; Casa da Cultura Josephina Bento &#8211; Betim &#8211; Reg\u00eancia: M\u00e1rcio Miranda Pontes<\/p>\n<p class=\"ai-optimize-308\">Corais Unimed-BH, OAP e Angelus &#8211; Ensaio aberto &#8211; 23\/08 &#8211; 19h &#8211; Audit\u00f3rio Ed. Inconfidentes &#8211; Reg\u00eancia: M\u00e1rcio Miranda Pontes e Marilene Gangana<\/p>\n<p>\u00a0<\/p>\n<p class=\"ai-optimize-309\">JULHO<\/p>\n<p class=\"ai-optimize-310\">Orquestra Sinf\u00f4nica de Betim &#8211; Sexta Sinf\u00f4nica &#8211; Concerto &#8211; sex &#8211; 28\/07\/2017 &#8211; 19h &#8211; Casa da Cultura Josephina Bento &#8211; Betim &#8211; Reg\u00eancia: M\u00e1rcio Miranda Pontes<\/p>\n<p class=\"ai-optimize-311\">Orquestra Sinf\u00f4nica de Betim &#8211; Concerto &#8211; sex &#8211; 14\/07\/2017 &#8211; 17:30h &#8211; Igreja de Nossa Senhora do Carmo &#8211; Betim &#8211; Reg\u00eancia: M\u00e1rcio Miranda Pontes<\/p>\n<p class=\"ai-optimize-312\">Orquestra Sinf\u00f4nica de Betim &#8211; Ensaio Aberto &#8211; sex &#8211; 14\/07\/2017 &#8211; 15:00h &#8211; Igreja de Nossa Senhora do Carmo &#8211; Betim &#8211; Reg\u00eancia: M\u00e1rcio Miranda Pontes<\/p>\n<p class=\"ai-optimize-313\">Coral Unimed-BH &#8211; Concerto &#8211; dom &#8211; 16\/07\/2017 &#8211; 10h\u00a0&#8211; Parque Municipal Am\u00e9rico Rene Gianetti\u00a0&#8211; Belo Horizonte &#8211; Reg\u00eancia: M\u00e1rcio Miranda Pontes<\/p>\n<p class=\"ai-optimize-314\">Coral Infantil Unimed-BH &#8211; Coral na Escola &#8211; Concerto &#8211; sab &#8211; 08\/07\/2017 &#8211; 10h &#8211; Escola Municipal S\u00e3o Rafael &#8211; Belo Horizonte &#8211; Reg\u00eancia: Kezia Vieira<\/p>\n<p class=\"ai-optimize-315\">Orquestra Sinf\u00f4nica de Betim &#8211; Sexta Sinf\u00f4nica &#8211; Concerto &#8211; sex &#8211; 07\/07\/2017 &#8211; 19h &#8211; Casa da Cultura Josephina Bento &#8211; Betim &#8211; Reg\u00eancia: M\u00e1rcio Miranda Pontes<\/p>\n<p>\u00a0<\/p>\n<p class=\"ai-optimize-316\">JUNHO<\/p>\n<p class=\"ai-optimize-317\">Coral Unimed-BH &#8211; Concerto &#8211; dom &#8211; 25\/06\/2017 &#8211; 10h &#8211; Feira Av. Afonso Pena &#8211; Belo Horizonte &#8211; Reg\u00eancia: M\u00e1rcio Miranda Pontes<\/p>\n<p class=\"ai-optimize-318\">Coral Infantil Unimed-BH &#8211; Coral na Escola &#8211; Concerto &#8211; ter &#8211; 20\/06\/2017 &#8211; 13h &#8211; Escola Municipal S\u00e3o Rafael &#8211; Belo Horizonte &#8211; Reg\u00eancia: Kezia Vieira<\/p>\n<p class=\"ai-optimize-319\">Coral Infantil Unimed-BH &#8211; Abertura da Pr\u00e9 Confer\u00eancia Municipal de Educa\u00e7\u00e3o &#8211; Concerto &#8211; sab &#8211; 10\/06\/2017 &#8211; 8h30 &#8211; Escola Municipal Padre Francisco &#8211; Belo Horizonte &#8211; Reg\u00eancia: Kezia Vieira<\/p>\n<p>\u00a0<\/p>\n<p class=\"ai-optimize-320\">MAIO<\/p>\n<p class=\"ai-optimize-321\">Orquestra Sinf\u00f4nica de Betim &#8211; Sexta Sinf\u00f4nica &#8211; Concerto &#8211; sex &#8211; 26\/05\/2017 &#8211; 19h &#8211; Casa da Cultura Josephina Bento &#8211; Betim &#8211; Reg\u00eancia: M\u00e1rcio Miranda Pontes<\/p>\n<p class=\"ai-optimize-322\">Coral Unimed-BH &#8211; Concerto &#8211; qua &#8211; 24\/05\/2017 &#8211; 19h30 &#8211; Terminal Rodovi\u00e1rio de BH &#8211; Belo Horizonte &#8211; Reg\u00eancia: M\u00e1rcio Miranda Pontes<\/p>\n<p class=\"ai-optimize-323\">Coral APROMIV &#8211; I Jornada Liter\u00e1ria de Betim &#8211; Concerto &#8211; qua &#8211; 22\/05\/17- 14h &#8211; Audit\u00f3rio da Prefeitura Municipal de Betim &#8211; Betim &#8211; Reg\u00eancia: Jeanne Louise<\/p>\n<p class=\"ai-optimize-324\">Coral APROMIV &#8211; Homenagem ao dia das m\u00e3es &#8211; Concerto &#8211; qua &#8211; 22\/05\/17- 9h &#8211; UBS Bueno Franco &#8211; Betim &#8211; Reg\u00eancia: Jeanne Louise<\/p>\n<p class=\"ai-optimize-325\">Coral Infantil Unimed-BH &#8211; Coral na Escola &#8211; Concerto &#8211; sab &#8211; 20\/05\/2017 &#8211; 9h &#8211; UMEI Timbiras &#8211; Belo Horizonte &#8211; Reg\u00eancia: Kezia Vieira<\/p>\n<p class=\"ai-optimize-326\">Coral Infantil Unimed-BH &#8211; Coral na Escola &#8211; Concerto &#8211; qui &#8211; 18\/05\/2017 &#8211; 9h &#8211; Teatro Sesc Palladium &#8211; Belo Horizonte &#8211; Reg\u00eancia: Kezia Vieira<\/p>\n<p class=\"ai-optimize-327\">Coral Infantil de Betim &#8211; Coral na Escola &#8211; Concerto &#8211; qui &#8211; 18\/05\/2017 &#8211; 9h &#8211; Escola Municipal Sebasti\u00e3o Ferreira de Oliveira &#8211; Betim &#8211; Reg\u00eancia: Jeanne Louise<\/p>\n<p class=\"ai-optimize-328\">Coral APROMIV &#8211; Homenagem \u00e0s m\u00e3es &#8211; Concerto &#8211; ter &#8211; 16\/05\/2017 &#8211; 9h &#8211; Audit\u00f3rio APROMIV &#8211; Betim &#8211; Reg\u00eancia: Jeanne Louise<\/p>\n<p class=\"ai-optimize-329\">Coral Infantil Unimed-BH &#8211; Gincana S\u00e3o Rafael &#8211; Concerto &#8211; sab &#8211; 13\/05\/2017 &#8211; 13h &#8211; Escola Municipal S\u00e3o Rafael &#8211; Belo Horizonte &#8211; Reg\u00eancia: Kezia Vieira<\/p>\n<p class=\"ai-optimize-330\">Orquestra Sinf\u00f4nica de Betim &#8211; Concerto &#8211; sex &#8211; 12\/05\/2017 &#8211; 18:30h &#8211; Partage Shopping &#8211; Betim &#8211; Reg\u00eancia: M\u00e1rcio Miranda Pontes<\/p>\n<p class=\"ai-optimize-331\">Coral APROMIV &#8211; Homenagem \u00e0s m\u00e3es &#8211; Concerto &#8211; sex &#8211; 12\/05\/2017 &#8211; 9h &#8211; Audit\u00f3rio Loja Selma &#8211; Betim &#8211; Reg\u00eancia: Jeanne Louise<\/p>\n<p class=\"ai-optimize-332\">Grupo de flautas do curso de Musicaliza\u00e7\u00e3o Infantil &#8211; Homenagem \u00e0s m\u00e3es &#8211; Concerto &#8211; qua &#8211; 10\/05\/2017 &#8211; 9h &#8211; Audit\u00f3rio SEMED &#8211; Betim &#8211; Reg\u00eancia: Daiane Neves e Alo\u00edsio Delane<\/p>\n<p class=\"ai-optimize-333\">Orquestra Sinf\u00f4nica de Betim e Coral Infantil de Betim &#8211; Concerto &#8211; sab &#8211; 06\/05\/2017 &#8211; 8h &#8211; Gin\u00e1sio Poliesportivo Divino Ferreira Braga &#8211; Betim &#8211; Reg\u00eancia: M\u00e1rcio Miranda Pontes e Jeanne Louise<\/p>\n<p class=\"ai-optimize-334\">Orquestra Sinf\u00f4nica de Betim &#8211; Sexta Sinf\u00f4nica &#8211; Concerto &#8211; sex &#8211; 05\/05\/2017 &#8211; 18h &#8211; Casa da Cultura Josephina Bento &#8211; Betim &#8211; Reg\u00eancia: M\u00e1rcio Miranda Pontes<\/p>\n<p>\u00a0<\/p>\n<p class=\"ai-optimize-335\">ABRIL<\/p>\n<p class=\"ai-optimize-336\">Coral Unimed-BH &#8211; 68\u00aa Exposi\u00e7\u00e3o Nacional de\u00a0Orqu\u00eddeas &#8211; Concerto &#8211; dom &#8211; 30\/04\/2017 &#8211; 10h &#8211; Minascentro \u00a0&#8211; Belo Horizonte &#8211; Reg\u00eancia: M\u00e1rcio Miranda Pontes<\/p>\n<p class=\"ai-optimize-337\">Coral Unimed-BH &#8211; Concerto &#8211; qua &#8211; 26\/04\/2017 &#8211; 19h30 &#8211; Terminal Rodovi\u00e1rio de BH &#8211; Belo Horizonte &#8211; Reg\u00eancia: M\u00e1rcio Miranda Pontes<\/p>\n<p class=\"ai-optimize-338\">Coral Infantil Unimed-BH &#8211; Coral na Escola &#8211; Concerto &#8211; ter &#8211; 18\/04\/2017 &#8211; 13h &#8211; Escola Municipal S\u00e3o Rafael &#8211; Belo Horizonte &#8211; Reg\u00eancia: Kezia Vieira<\/p>\n<p class=\"ai-optimize-339\">Coral Infantil de Betim &#8211; Celebra\u00e7\u00e3o da P\u00e1scoa\u00a0&#8211; Concerto &#8211; seg &#8211; 17\/04\/2017 &#8211; 9h &#8211; Escola Municipal Raul Saraiva Ribeiro\u00a0&#8211; Betim &#8211; Reg\u00eancia: Jeanne Louise<\/p>\n<p class=\"ai-optimize-340\">Coral Infantil de Betim &#8211; 25 anos da Escola\u00a0&#8211; Concerto &#8211; sab &#8211; 08\/04\/2017 &#8211; 9h &#8211; Escola Municipal Josefina Macedo Gontijo\u00a0&#8211; Betim &#8211; Reg\u00eancia: Jeanne Louise<\/p>\n<p class=\"ai-optimize-341\">Coral Infantil de Betim &#8211; Caf\u00e9 com Poesia &#8211; Concerto &#8211; sex &#8211; 07\/04\/2017 &#8211; 9h &#8211; Escola Municipal Sebasti\u00e3o Ferreira de Oliveira &#8211; Betim &#8211; Reg\u00eancia: Jeanne Louise<\/p>\n<p>\u00a0<\/p>\n<p class=\"ai-optimize-342\">MAR\u00c7O<\/p>\n<p class=\"ai-optimize-343\">Orquestra Sinf\u00f4nica de Betim e Coral Infantil de Betim &#8211; Sexta Sinf\u00f4nica &#8211; Concerto &#8211; sex &#8211; 31\/03\/2017 &#8211; 18h &#8211; Casa da Cultura Josephina Bento &#8211; Betim &#8211; Reg\u00eancia: M\u00e1rcio Miranda Pontes e Jeanne Louise<\/p>\n<p class=\"ai-optimize-344\">Orquestra Sinf\u00f4nica de Betim &#8211; Concerto &#8211; qui &#8211; 30\/03\/2017 &#8211; 17h &#8211; Audit\u00f3rio Top\u00e1zio &#8211; Minascentro &#8211; Belo Horizonte &#8211; Reg\u00eancia: M\u00e1rcio Miranda Pontes<\/p>\n<p class=\"ai-optimize-345\">Coral Infantil Unimed-BH &#8211; Coral na Escola &#8211; Concerto &#8211; qui &#8211; 30\/03\/2017 &#8211; 13h &#8211; Escola Municipal S\u00e3o Rafael &#8211; Belo Horizonte &#8211; Reg\u00eancia: Kezia Vieira<\/p>\n<p class=\"ai-optimize-346\">Coral Unimed-BH &#8211; Concerto &#8211; dom &#8211; 26\/03\/2017 &#8211; 10h &#8211; Mercado Central &#8211; Belo Horizonte &#8211; Reg\u00eancia: M\u00e1rcio Miranda Pontes<\/p>\n<p class=\"ai-optimize-347\">Orquestra Sinf\u00f4nica de Betim e Coral Infantil de Betim &#8211; Concerto &#8211; sab &#8211; 25\/03\/2017 &#8211; 10h &#8211; Escola Municipal Margarida Soares Guimar\u00e3es &#8211; Betim &#8211; Reg\u00eancia: M\u00e1rcio Miranda Pontes e Jeanne Louise<\/p>\n<p class=\"ai-optimize-348\">Coral APROMIV &#8211; Abertura Semana Meio Ambiente &#8211; Concerto &#8211; qua &#8211; 22\/03\/2017 &#8211; 8h &#8211; Faculdade Pit\u00e1goras &#8211; Betim &#8211; Reg\u00eancia: Jeanne Louise<\/p>\n<p class=\"ai-optimize-349\">Coral APROMIV &#8211; Homenagem Dia da Mulher &#8211; Concerto &#8211; seg &#8211; 20\/03\/2017 &#8211; 8h &#8211; UBS Bueno Franco &#8211; Betim &#8211; Reg\u00eancia: Jeanne Louise<\/p>\n<p class=\"ai-optimize-350\">Orquestra Sinf\u00f4nica de Betim e Coral Infantil de Betim &#8211; Concerto &#8211; sab &#8211; 18\/03\/2017 &#8211; 10h &#8211; Escola Municipal Antonio D&#8217;Assis Martins &#8211; Betim &#8211; Reg\u00eancia: M\u00e1rcio Miranda Pontes e Jeanne Louise<\/p>\n<p class=\"ai-optimize-351\">Coral Infantil de Betim &#8211; Grava\u00e7\u00e3o para o programa Siga Bem Caminhoneiro &#8211; sex &#8211; 17\/03\/2017 &#8211; 13h &#8211; Escola Municipal Raul Saraiva Ribeiro &#8211; Posto Petrobras &#8211; Betim &#8211; Reg\u00eancia: Jeanne Louise<\/p>\n<p class=\"ai-optimize-352\">Grupo de Madeiras da Orquestra Sinf\u00f4nica de Betim &#8211; Homenagem Dia da Mulher &#8211; Concerto &#8211; qui &#8211; 09\/03\/2017 &#8211; 17h &#8211; Audit\u00f3rio da SEMED &#8211; Betim &#8211; Reg\u00eancia: M\u00e1rcio Miranda Pontes<\/p>\n<p>\u00a0<\/p>\n<p class=\"ai-optimize-353\">FEVEREIRO<\/p>\n<p class=\"ai-optimize-354\">Coral Infantil de Betim &#8211; Reuni\u00e3o de Pais &#8211; Concerto &#8211; qui &#8211; 20\/02\/2017 &#8211; 13h &#8211; Escola Municipal Raul Saraiva Ribeiro &#8211; Betim &#8211; Reg\u00eancia: Jeanne Louise<\/p>\n<p class=\"ai-optimize-355\">Coral Infantil de Betim &#8211; Reuni\u00e3o de Pais &#8211; Concerto &#8211; sab &#8211; 18\/02\/2017 &#8211; 8h &#8211; Escola Municipal Margarida Soares Guimar\u00e3es &#8211; Betim &#8211; Reg\u00eancia: Jeanne Louise<\/p>\n<p>\u00a0<\/p>\n<p class=\"ai-optimize-356\">JANEIRO<\/p>\n<p class=\"ai-optimize-357\">Coral APROMIV &#8211; Abertura Oficinas 2017 &#8211; Concerto &#8211; seg &#8211; 30\/01\/2017 &#8211; 9h &#8211; Sede da APROMIV &#8211; Betim &#8211; Reg\u00eancia: Jeanne Louise<\/p>\n<p>\u00a0<\/p>\n<p class=\"ai-optimize-358\">Observa\u00e7\u00f5es:<\/p>\n<ol>\n<li class=\"ai-optimize-359\">O Coral Infantil de Betim \u00e9 uma parceria entre a SEMED e a SABRA. \u00c9 formado por alunos das seguintes institui\u00e7\u00f5es: Escola Municipal Raul Saraiva Ribeiro, Escola Municipal Desembargador Souza Lima, Escola Municipal Cl\u00f3vis Salgado, Escola Municipal Ant\u00f4nio Tereza dos Santos, Escola Municipal Marc\u00edlio Melo Rezende, Escola Municipal Margarida Soares Guimar\u00e3es, Escola Municipal Sebasti\u00e3o Ferreira de Oliveira, Escola Municipal Josefina Macedo Gontijo, Escola Municipal Geraldo Magela Diniz, Escola Municipal Ant\u00f4nio D\u2019Assis Martins e Escola Municipal Ol\u00edmpia Maria da Gl\u00f3ria<\/li>\n<\/ol>\n<p class=\"ai-optimize-360\">O Coral Infantil de Betim e o Coral APROMIV s\u00e3o apoiados t\u00e9cnica e artisticamente pela SABRA atrav\u00e9s da a\u00e7\u00e3o \u201cOficina Musical &#8211; M\u00fasica na Escola\u201d do projeto \u201cPlano Anual SABRA 2017\u201d PRONAC 162530<\/p>\n<ol start=\"2\">\n<li class=\"ai-optimize-361\">S\u00e3o realizados ensaios abertos gratuitos para grupos de at\u00e9 30 alunos de Escolas P\u00fablicas Municipais de Betim. \u00c0s segundas-feiras: Grupo de Cordas, \u00e0s quintas-feiras: Grupo de Madeiras, Grupo de Metais e Grupo de Percuss\u00e3o, e \u00e0s sextas-feiras: Orquestra Sinf\u00f4nica de Betim. Sempre das 14 \u00e0s 15 horas. Exceto em dias de concertos agendados acima ou feriados. Local: Rua Dr. Silvio Lobo, 221 \u2013 Angola \u2013 Betim \u2013 MG<\/li>\n<li class=\"ai-optimize-362\">Os concertos na Casa da Cultura Josephina Bento, &#8220;Sexta Sinf\u00f4nica&#8221;, em Betim, s\u00e3o uma parceria entre a FUNARBE &#8211; Funda\u00e7\u00e3o Art\u00edstico-Cultural de Betim e a SABRA &#8211; Sociedade Art\u00edstica Brasileira.<\/li>\n<\/ol>\n<p>\u00a0<\/p>\n<\/div>\n<\/div>\n<\/div>\n<\/div>\n\t\t\t\t\t\t\t\t<\/div>\n\t\t\t\t\t<\/div>\n\t\t\t\t<\/div>\n\t\t\t\t<\/div>\n\t\t","protected":false},"excerpt":{"rendered":"<p>Agenda Cultural SABRA 2026 Atualiza\u00e7\u00e3o mensal dispon\u00edvel at\u00e9 o dia 15 do m\u00eas anterior \u00e0 programa\u00e7\u00e3o.Todas as atividades s\u00e3o gratuitas, com entrada sujeita \u00e0 lota\u00e7\u00e3o&hellip;<\/p>\n","protected":false},"author":39,"featured_media":7990,"parent":18,"menu_order":0,"comment_status":"closed","ping_status":"closed","template":"","meta":{"jetpack_post_was_ever_published":false,"footnotes":""},"class_list":["post-437","page","type-page","status-publish","has-post-thumbnail","hentry"],"yoast_head":"<!-- This site is optimized with the Yoast SEO plugin v27.4 - https:\/\/yoast.com\/product\/yoast-seo-wordpress\/ -->\n<title>Agenda - SABRA - Sociedade Art\u00edstica Brasileira<\/title>\n<meta name=\"description\" content=\"Agenda de apresenta\u00e7\u00f5es p\u00fablicas dos grupos musicais mantidos pela Sociedade Art\u00edstica Brasileira em Betim e em Belo Horizonte.\" \/>\n<meta name=\"robots\" content=\"index, follow, max-snippet:-1, max-image-preview:large, max-video-preview:-1\" \/>\n<link rel=\"canonical\" href=\"https:\/\/www.sabra.org.br\/site\/acoes\/agenda\/\" \/>\n<meta property=\"og:locale\" content=\"pt_BR\" \/>\n<meta property=\"og:type\" content=\"article\" \/>\n<meta property=\"og:title\" content=\"Agenda - SABRA - Sociedade Art\u00edstica Brasileira\" \/>\n<meta property=\"og:description\" content=\"Agenda de apresenta\u00e7\u00f5es p\u00fablicas dos grupos musicais mantidos pela Sociedade Art\u00edstica Brasileira em Betim e em Belo Horizonte.\" \/>\n<meta property=\"og:url\" content=\"https:\/\/www.sabra.org.br\/site\/acoes\/agenda\/\" \/>\n<meta property=\"og:site_name\" content=\"SABRA - Sociedade Art\u00edstica Brasileira\" \/>\n<meta property=\"article:publisher\" content=\"https:\/\/www.facebook.com\/sabrabrasil\" \/>\n<meta property=\"article:modified_time\" content=\"2026-04-27T14:39:54+00:00\" \/>\n<meta property=\"og:image\" content=\"https:\/\/www.sabra.org.br\/site\/wp-content\/uploads\/2023\/09\/Capa-Agenda-scaled.webp\" \/>\n\t<meta property=\"og:image:width\" content=\"2560\" \/>\n\t<meta property=\"og:image:height\" content=\"542\" \/>\n\t<meta property=\"og:image:type\" content=\"image\/jpeg\" \/>\n<meta name=\"twitter:card\" content=\"summary_large_image\" \/>\n<meta name=\"twitter:site\" content=\"@ContatoSabra\" \/>\n<meta name=\"twitter:label1\" content=\"Est. tempo de leitura\" \/>\n\t<meta name=\"twitter:data1\" content=\"85 minutos\" \/>\n<script type=\"application\/ld+json\" class=\"yoast-schema-graph\">{\"@context\":\"https:\\\/\\\/schema.org\",\"@graph\":[{\"@type\":\"WebPage\",\"@id\":\"https:\\\/\\\/www.sabra.org.br\\\/site\\\/acoes\\\/agenda\\\/\",\"url\":\"https:\\\/\\\/www.sabra.org.br\\\/site\\\/acoes\\\/agenda\\\/\",\"name\":\"Agenda - SABRA - Sociedade Art\u00edstica Brasileira\",\"isPartOf\":{\"@id\":\"https:\\\/\\\/www.sabra.org.br\\\/site\\\/#website\"},\"primaryImageOfPage\":{\"@id\":\"https:\\\/\\\/www.sabra.org.br\\\/site\\\/acoes\\\/agenda\\\/#primaryimage\"},\"image\":{\"@id\":\"https:\\\/\\\/www.sabra.org.br\\\/site\\\/acoes\\\/agenda\\\/#primaryimage\"},\"thumbnailUrl\":\"https:\\\/\\\/www.sabra.org.br\\\/site\\\/wp-content\\\/uploads\\\/2023\\\/09\\\/Capa-Agenda-scaled.webp\",\"datePublished\":\"2017-04-21T16:26:28+00:00\",\"dateModified\":\"2026-04-27T14:39:54+00:00\",\"description\":\"Agenda de apresenta\u00e7\u00f5es p\u00fablicas dos grupos musicais mantidos pela Sociedade Art\u00edstica Brasileira em Betim e em Belo Horizonte.\",\"breadcrumb\":{\"@id\":\"https:\\\/\\\/www.sabra.org.br\\\/site\\\/acoes\\\/agenda\\\/#breadcrumb\"},\"inLanguage\":\"pt-BR\",\"potentialAction\":[{\"@type\":\"ReadAction\",\"target\":[\"https:\\\/\\\/www.sabra.org.br\\\/site\\\/acoes\\\/agenda\\\/\"]}]},{\"@type\":\"ImageObject\",\"inLanguage\":\"pt-BR\",\"@id\":\"https:\\\/\\\/www.sabra.org.br\\\/site\\\/acoes\\\/agenda\\\/#primaryimage\",\"url\":\"https:\\\/\\\/www.sabra.org.br\\\/site\\\/wp-content\\\/uploads\\\/2023\\\/09\\\/Capa-Agenda-scaled.webp\",\"contentUrl\":\"https:\\\/\\\/www.sabra.org.br\\\/site\\\/wp-content\\\/uploads\\\/2023\\\/09\\\/Capa-Agenda-scaled.webp\",\"width\":2560,\"height\":542,\"caption\":\"Sociedade Art\u00edstica Brasileira SABRA\"},{\"@type\":\"BreadcrumbList\",\"@id\":\"https:\\\/\\\/www.sabra.org.br\\\/site\\\/acoes\\\/agenda\\\/#breadcrumb\",\"itemListElement\":[{\"@type\":\"ListItem\",\"position\":1,\"name\":\"In\u00edcio\",\"item\":\"https:\\\/\\\/www.sabra.org.br\\\/site\\\/\"},{\"@type\":\"ListItem\",\"position\":2,\"name\":\"A\u00e7\u00f5es\",\"item\":\"https:\\\/\\\/www.sabra.org.br\\\/site\\\/acoes\\\/\"},{\"@type\":\"ListItem\",\"position\":3,\"name\":\"Agenda\"}]},{\"@type\":\"WebSite\",\"@id\":\"https:\\\/\\\/www.sabra.org.br\\\/site\\\/#website\",\"url\":\"https:\\\/\\\/www.sabra.org.br\\\/site\\\/\",\"name\":\"SABRA - Sociedade Art\u00edstica Brasileira\",\"description\":\"Escola de M\u00fasica, Orquestra Sinf\u00f4nica, Coral e Patrim\u00f4nio Cultural e Hist\u00f3rico\",\"publisher\":{\"@id\":\"https:\\\/\\\/www.sabra.org.br\\\/site\\\/#organization\"},\"potentialAction\":[{\"@type\":\"SearchAction\",\"target\":{\"@type\":\"EntryPoint\",\"urlTemplate\":\"https:\\\/\\\/www.sabra.org.br\\\/site\\\/?s={search_term_string}\"},\"query-input\":{\"@type\":\"PropertyValueSpecification\",\"valueRequired\":true,\"valueName\":\"search_term_string\"}}],\"inLanguage\":\"pt-BR\"},{\"@type\":\"Organization\",\"@id\":\"https:\\\/\\\/www.sabra.org.br\\\/site\\\/#organization\",\"name\":\"SOCIEDADE ART\u00cdSTICA BRASILEIRA SABRA\",\"alternateName\":\"SABRA\",\"url\":\"https:\\\/\\\/www.sabra.org.br\\\/site\\\/\",\"logo\":{\"@type\":\"ImageObject\",\"inLanguage\":\"pt-BR\",\"@id\":\"https:\\\/\\\/www.sabra.org.br\\\/site\\\/#\\\/schema\\\/logo\\\/image\\\/\",\"url\":\"https:\\\/\\\/www.sabra.org.br\\\/site\\\/wp-content\\\/uploads\\\/2019\\\/06\\\/cropped-Logo_SABRA-Copia-1.webp\",\"contentUrl\":\"https:\\\/\\\/www.sabra.org.br\\\/site\\\/wp-content\\\/uploads\\\/2019\\\/06\\\/cropped-Logo_SABRA-Copia-1.webp\",\"width\":400,\"height\":128,\"caption\":\"SOCIEDADE ART\u00cdSTICA BRASILEIRA SABRA\"},\"image\":{\"@id\":\"https:\\\/\\\/www.sabra.org.br\\\/site\\\/#\\\/schema\\\/logo\\\/image\\\/\"},\"sameAs\":[\"https:\\\/\\\/www.facebook.com\\\/sabrabrasil\",\"https:\\\/\\\/x.com\\\/ContatoSabra\",\"https:\\\/\\\/www.instagram.com\\\/sabrabrasil\\\/\",\"https:\\\/\\\/www.linkedin.com\\\/company\\\/25002088\\\/\",\"https:\\\/\\\/br.pinterest.com\\\/sociedadeartisticabrasileira\\\/\",\"https:\\\/\\\/www.youtube.com\\\/c\\\/sabrabrasil\"]}]}<\/script>\n<!-- \/ Yoast SEO plugin. -->","yoast_head_json":{"title":"Agenda - SABRA - Sociedade Art\u00edstica Brasileira","description":"Agenda de apresenta\u00e7\u00f5es p\u00fablicas dos grupos musicais mantidos pela Sociedade Art\u00edstica Brasileira em Betim e em Belo Horizonte.","robots":{"index":"index","follow":"follow","max-snippet":"max-snippet:-1","max-image-preview":"max-image-preview:large","max-video-preview":"max-video-preview:-1"},"canonical":"https:\/\/www.sabra.org.br\/site\/acoes\/agenda\/","og_locale":"pt_BR","og_type":"article","og_title":"Agenda - SABRA - Sociedade Art\u00edstica Brasileira","og_description":"Agenda de apresenta\u00e7\u00f5es p\u00fablicas dos grupos musicais mantidos pela Sociedade Art\u00edstica Brasileira em Betim e em Belo Horizonte.","og_url":"https:\/\/www.sabra.org.br\/site\/acoes\/agenda\/","og_site_name":"SABRA - Sociedade Art\u00edstica Brasileira","article_publisher":"https:\/\/www.facebook.com\/sabrabrasil","article_modified_time":"2026-04-27T14:39:54+00:00","og_image":[{"width":2560,"height":542,"url":"https:\/\/www.sabra.org.br\/site\/wp-content\/uploads\/2023\/09\/Capa-Agenda-scaled.webp","type":"image\/jpeg"}],"twitter_card":"summary_large_image","twitter_site":"@ContatoSabra","twitter_misc":{"Est. tempo de leitura":"85 minutos"},"schema":{"@context":"https:\/\/schema.org","@graph":[{"@type":"WebPage","@id":"https:\/\/www.sabra.org.br\/site\/acoes\/agenda\/","url":"https:\/\/www.sabra.org.br\/site\/acoes\/agenda\/","name":"Agenda - SABRA - Sociedade Art\u00edstica Brasileira","isPartOf":{"@id":"https:\/\/www.sabra.org.br\/site\/#website"},"primaryImageOfPage":{"@id":"https:\/\/www.sabra.org.br\/site\/acoes\/agenda\/#primaryimage"},"image":{"@id":"https:\/\/www.sabra.org.br\/site\/acoes\/agenda\/#primaryimage"},"thumbnailUrl":"https:\/\/www.sabra.org.br\/site\/wp-content\/uploads\/2023\/09\/Capa-Agenda-scaled.webp","datePublished":"2017-04-21T16:26:28+00:00","dateModified":"2026-04-27T14:39:54+00:00","description":"Agenda de apresenta\u00e7\u00f5es p\u00fablicas dos grupos musicais mantidos pela Sociedade Art\u00edstica Brasileira em Betim e em Belo Horizonte.","breadcrumb":{"@id":"https:\/\/www.sabra.org.br\/site\/acoes\/agenda\/#breadcrumb"},"inLanguage":"pt-BR","potentialAction":[{"@type":"ReadAction","target":["https:\/\/www.sabra.org.br\/site\/acoes\/agenda\/"]}]},{"@type":"ImageObject","inLanguage":"pt-BR","@id":"https:\/\/www.sabra.org.br\/site\/acoes\/agenda\/#primaryimage","url":"https:\/\/www.sabra.org.br\/site\/wp-content\/uploads\/2023\/09\/Capa-Agenda-scaled.webp","contentUrl":"https:\/\/www.sabra.org.br\/site\/wp-content\/uploads\/2023\/09\/Capa-Agenda-scaled.webp","width":2560,"height":542,"caption":"Sociedade Art\u00edstica Brasileira SABRA"},{"@type":"BreadcrumbList","@id":"https:\/\/www.sabra.org.br\/site\/acoes\/agenda\/#breadcrumb","itemListElement":[{"@type":"ListItem","position":1,"name":"In\u00edcio","item":"https:\/\/www.sabra.org.br\/site\/"},{"@type":"ListItem","position":2,"name":"A\u00e7\u00f5es","item":"https:\/\/www.sabra.org.br\/site\/acoes\/"},{"@type":"ListItem","position":3,"name":"Agenda"}]},{"@type":"WebSite","@id":"https:\/\/www.sabra.org.br\/site\/#website","url":"https:\/\/www.sabra.org.br\/site\/","name":"SABRA - Sociedade Art\u00edstica Brasileira","description":"Escola de M\u00fasica, Orquestra Sinf\u00f4nica, Coral e Patrim\u00f4nio Cultural e Hist\u00f3rico","publisher":{"@id":"https:\/\/www.sabra.org.br\/site\/#organization"},"potentialAction":[{"@type":"SearchAction","target":{"@type":"EntryPoint","urlTemplate":"https:\/\/www.sabra.org.br\/site\/?s={search_term_string}"},"query-input":{"@type":"PropertyValueSpecification","valueRequired":true,"valueName":"search_term_string"}}],"inLanguage":"pt-BR"},{"@type":"Organization","@id":"https:\/\/www.sabra.org.br\/site\/#organization","name":"SOCIEDADE ART\u00cdSTICA BRASILEIRA SABRA","alternateName":"SABRA","url":"https:\/\/www.sabra.org.br\/site\/","logo":{"@type":"ImageObject","inLanguage":"pt-BR","@id":"https:\/\/www.sabra.org.br\/site\/#\/schema\/logo\/image\/","url":"https:\/\/www.sabra.org.br\/site\/wp-content\/uploads\/2019\/06\/cropped-Logo_SABRA-Copia-1.webp","contentUrl":"https:\/\/www.sabra.org.br\/site\/wp-content\/uploads\/2019\/06\/cropped-Logo_SABRA-Copia-1.webp","width":400,"height":128,"caption":"SOCIEDADE ART\u00cdSTICA BRASILEIRA SABRA"},"image":{"@id":"https:\/\/www.sabra.org.br\/site\/#\/schema\/logo\/image\/"},"sameAs":["https:\/\/www.facebook.com\/sabrabrasil","https:\/\/x.com\/ContatoSabra","https:\/\/www.instagram.com\/sabrabrasil\/","https:\/\/www.linkedin.com\/company\/25002088\/","https:\/\/br.pinterest.com\/sociedadeartisticabrasileira\/","https:\/\/www.youtube.com\/c\/sabrabrasil"]}]}},"jetpack_shortlink":"https:\/\/wp.me\/P95j2Z-73","jetpack-related-posts":[{"id":20,"url":"https:\/\/www.sabra.org.br\/site\/editais\/","url_meta":{"origin":437,"position":0},"title":"Editais","author":"M\u00e1rcio Miranda Pontes","date":"24 de maio de 2016","format":false,"excerpt":"Editais Aqui voc\u00ea encontra informa\u00e7\u00f5es dos editais e sobre a inscri\u00e7\u00e3o em a\u00e7\u00f5es desenvolvidas pela SABRA. Editais 2026 \u00a0 EDITAL SABRA 001\/2026INSCRI\u00c7\u00c3O DE CANDIDATOS PARA O PREENCHIMENTO DE VAGAS NO PROJETO \"PLANO QUADRIENAL SABRA 2026-2029\" - PRONAC 254770subprojetos \u201cCurso de Musicaliza\u00e7\u00e3o e Curso de Coral Infantil\u201dClique aqui\u00a0 EDITAL SABRA 002\/2026SELE\u00c7\u00c3O\u2026","rel":"","context":"Post similar","block_context":{"text":"Post similar","link":""},"img":{"alt_text":"","src":"","width":0,"height":0},"classes":[]},{"id":2158,"url":"https:\/\/www.sabra.org.br\/site\/gruposartisticos\/","url_meta":{"origin":437,"position":1},"title":"Grupos Art\u00edsticos","author":"M\u00e1rcio Miranda Pontes","date":"20 de junho de 2019","format":false,"excerpt":"Dashboard contains all the overview !","rel":"","context":"Post similar","block_context":{"text":"Post similar","link":""},"img":{"alt_text":"Sociedade Art\u00edstica Brasileira SABRA","src":"https:\/\/i0.wp.com\/www.sabra.org.br\/site\/wp-content\/uploads\/2016\/08\/754A8081peq.jpg?resize=350%2C200&ssl=1","width":350,"height":200,"srcset":"https:\/\/i0.wp.com\/www.sabra.org.br\/site\/wp-content\/uploads\/2016\/08\/754A8081peq.jpg?resize=350%2C200&ssl=1 1x, https:\/\/i0.wp.com\/www.sabra.org.br\/site\/wp-content\/uploads\/2016\/08\/754A8081peq.jpg?resize=525%2C300&ssl=1 1.5x"},"classes":[]},{"id":72,"url":"https:\/\/www.sabra.org.br\/site\/gruposartisticos\/corais\/","url_meta":{"origin":437,"position":2},"title":"Corais","author":"M\u00e1rcio Miranda Pontes","date":"4 de julho de 2016","format":false,"excerpt":"Corais O Canto Coral proporciona diversos benef\u00edcios aos praticantes. Seja em escolas, institui\u00e7\u00f5es culturais, igrejas ou empresas auxilia no desenvolvimento cultural, humano, social e econ\u00f4mico. Contribui para a integra\u00e7\u00e3o entre participantes e para a promo\u00e7\u00e3o da sa\u00fade, por meio de uma atividade art\u00edstica que proporciona cultura e lazer \u00e0 comunidade.\u2026","rel":"","context":"Post similar","block_context":{"text":"Post similar","link":""},"img":{"alt_text":"Coral Infantil Credicom","src":"https:\/\/i0.wp.com\/www.sabra.org.br\/site\/wp-content\/uploads\/2019\/05\/credicom.jpg?resize=350%2C200&ssl=1","width":350,"height":200},"classes":[]},{"id":1326,"url":"https:\/\/www.sabra.org.br\/site\/galeria\/","url_meta":{"origin":437,"position":3},"title":"Galeria","author":"M\u00e1rcio Miranda Pontes","date":"4 de agosto de 2018","format":false,"excerpt":"\u00a0 https:\/\/goo.gl\/S4jkC7 https:\/\/www.facebook.com\/sabrabrasil\/posts\/2334274979917830 https:\/\/www.facebook.com\/sabrabrasil\/posts\/2175207792491217 https:\/\/www.facebook.com\/sabrabrasil\/posts\/2133347373343926 https:\/\/goo.gl\/hNA4Tk https:\/\/www.facebook.com\/sabrabrasil\/posts\/2334316766580318 https:\/\/www.facebook.com\/sabrabrasil\/posts\/2334336653244996 https:\/\/www.facebook.com\/sabrabrasil\/posts\/2334338489911479 https:\/\/www.facebook.com\/sabrabrasil\/posts\/2334339536578041 https:\/\/www.facebook.com\/sabrabrasil\/posts\/2334354943243167 https:\/\/www.facebook.com\/sabrabrasil\/posts\/2334355999909728 https:\/\/www.facebook.com\/sabrabrasil\/posts\/2334357129909615 \u00a0 https:\/\/www.facebook.com\/sabrabrasil\/posts\/3585549758123673 https:\/\/www.facebook.com\/sabrabrasil\/posts\/2333884603290201 https:\/\/www.facebook.com\/sabrabrasil\/posts\/2146611285350868 https:\/\/www.facebook.com\/sabrabrasil\/posts\/2333822433296418 https:\/\/www.facebook.com\/sabrabrasil\/posts\/2333837079961620 https:\/\/www.facebook.com\/sabrabrasil\/posts\/2333938849951443 https:\/\/www.facebook.com\/sabrabrasil\/posts\/2334291086582886 Minist\u00e9rio da Cultura, Instituto Unimed-BH e SADA Transportes apresentam:PRIMEIRO ENSAIO OFICIAL DA ORQUESTRA INFANTO JUVENIL DE BETIM - Dia 06\/09\/2018 - Turmas manh\u00e3 e tarde.Estreia da nova Orquestra no\u2026","rel":"","context":"Post similar","block_context":{"text":"Post similar","link":""},"img":{"alt_text":"","src":"","width":0,"height":0},"classes":[]},{"id":13,"url":"https:\/\/www.sabra.org.br\/site\/","url_meta":{"origin":437,"position":4},"title":"Sociedade Art\u00edstica Brasileira &#8211; SABRA","author":"M\u00e1rcio Miranda Pontes","date":"23 de maio de 2016","format":false,"excerpt":"Promover a inclus\u00e3o e integra\u00e7\u00e3o social e a preserva\u00e7\u00e3o do patrim\u00f4nio cultural brasileiro de forma gratuita e continuada.","rel":"","context":"Post similar","block_context":{"text":"Post similar","link":""},"img":{"alt_text":"escola-m\u00fasica-sabra-audi\u00e7\u00e3o-irpf","src":"https:\/\/i0.wp.com\/www.sabra.org.br\/site\/wp-content\/uploads\/2024\/12\/audicao-alunos.jpg?resize=350%2C200&ssl=1","width":350,"height":200,"srcset":"https:\/\/i0.wp.com\/www.sabra.org.br\/site\/wp-content\/uploads\/2024\/12\/audicao-alunos.jpg?resize=350%2C200&ssl=1 1x, https:\/\/i0.wp.com\/www.sabra.org.br\/site\/wp-content\/uploads\/2024\/12\/audicao-alunos.jpg?resize=525%2C300&ssl=1 1.5x, https:\/\/i0.wp.com\/www.sabra.org.br\/site\/wp-content\/uploads\/2024\/12\/audicao-alunos.jpg?resize=700%2C400&ssl=1 2x"},"classes":[]},{"id":32,"url":"https:\/\/www.sabra.org.br\/site\/contato\/","url_meta":{"origin":437,"position":5},"title":"Contato","author":"M\u00e1rcio Miranda Pontes","date":"24 de maio de 2016","format":false,"excerpt":"Contato Sociedade Art\u00edstica Brasileira - SABRA Pra\u00e7a Milton Campos, 28 Centro Betim - MG Cep: 32600-134 Telefone, WhatsApp Betim: +55 (31) 98405-3837 WhatsApp Contagem: +55 (31) 98405-4021 E-mail: contato @sabra.org.br","rel":"","context":"Post similar","block_context":{"text":"Post similar","link":""},"img":{"alt_text":"","src":"","width":0,"height":0},"classes":[]}],"jetpack_likes_enabled":true,"jetpack_sharing_enabled":true,"_links":{"self":[{"href":"https:\/\/www.sabra.org.br\/site\/wp-json\/wp\/v2\/pages\/437","targetHints":{"allow":["GET"]}}],"collection":[{"href":"https:\/\/www.sabra.org.br\/site\/wp-json\/wp\/v2\/pages"}],"about":[{"href":"https:\/\/www.sabra.org.br\/site\/wp-json\/wp\/v2\/types\/page"}],"author":[{"embeddable":true,"href":"https:\/\/www.sabra.org.br\/site\/wp-json\/wp\/v2\/users\/39"}],"replies":[{"embeddable":true,"href":"https:\/\/www.sabra.org.br\/site\/wp-json\/wp\/v2\/comments?post=437"}],"version-history":[{"count":12,"href":"https:\/\/www.sabra.org.br\/site\/wp-json\/wp\/v2\/pages\/437\/revisions"}],"predecessor-version":[{"id":15532,"href":"https:\/\/www.sabra.org.br\/site\/wp-json\/wp\/v2\/pages\/437\/revisions\/15532"}],"up":[{"embeddable":true,"href":"https:\/\/www.sabra.org.br\/site\/wp-json\/wp\/v2\/pages\/18"}],"wp:featuredmedia":[{"embeddable":true,"href":"https:\/\/www.sabra.org.br\/site\/wp-json\/wp\/v2\/media\/7990"}],"wp:attachment":[{"href":"https:\/\/www.sabra.org.br\/site\/wp-json\/wp\/v2\/media?parent=437"}],"curies":[{"name":"wp","href":"https:\/\/api.w.org\/{rel}","templated":true}]}}